{"id":2346,"date":"2025-12-01T08:08:39","date_gmt":"2025-12-01T08:08:39","guid":{"rendered":"https:\/\/www.congres-mcv.com\/?page_id=2346"},"modified":"2025-12-03T16:14:40","modified_gmt":"2025-12-03T16:14:40","slug":"programme-3","status":"publish","type":"page","link":"https:\/\/www.congres-mcv.com\/en\/presentations-2025\/","title":{"rendered":"Presentations 2025"},"content":{"rendered":"<section id=\"wp-block-themeisle-blocks-advanced-columns-2a989ee6\" class=\"wp-block-themeisle-blocks-advanced-columns alignfull has-1-columns has-desktop-equal-layout has-tablet-equal-layout has-mobile-equal-layout has-vertical-center\"><div class=\"wp-block-themeisle-blocks-advanced-columns-overlay\"><\/div><div class=\"innerblocks-wrap\">\n<div id=\"wp-block-themeisle-blocks-advanced-column-2f24f5c3\" class=\"wp-block-themeisle-blocks-advanced-column\">\n<h1 id=\"wp-block-themeisle-blocks-advanced-heading-5d9b910a\" class=\"wp-block-themeisle-blocks-advanced-heading wp-block-themeisle-blocks-advanced-heading-5d9b910a\">MCV 2025 presentations<\/h1>\n\n\n\n<h2 class=\"wp-block-heading has-nv-site-bg-color has-text-color has-link-color wp-elements-5fdd886deadf458e99e355984434633b\">Bordeaux<\/h2>\n\n\n\n<div style=\"height:20px\" aria-hidden=\"true\" class=\"wp-block-spacer\"><\/div>\n<\/div>\n<\/div><\/section>\n\n\n\n<section id=\"wp-block-themeisle-blocks-advanced-columns-7b331147\" class=\"wp-block-themeisle-blocks-advanced-columns alignfull has-1-columns has-desktop-equal-layout has-tablet-equal-layout has-mobile-equal-layout has-vertical-unset has-vertical-undefined\"><div class=\"wp-block-themeisle-blocks-advanced-columns-overlay\"><\/div><div class=\"innerblocks-wrap\">\n<div id=\"wp-block-themeisle-blocks-advanced-column-89e31d83\" class=\"wp-block-themeisle-blocks-advanced-column\">\n<section id=\"wp-block-themeisle-blocks-advanced-columns-1dc266cc\" class=\"wp-block-themeisle-blocks-advanced-columns has-1-columns has-desktop-equal-layout has-tablet-equal-layout has-mobile-equal-layout has-vertical-flex-start\"><div class=\"wp-block-themeisle-blocks-advanced-columns-overlay\"><\/div><div class=\"innerblocks-wrap\">\n<div id=\"wp-block-themeisle-blocks-advanced-column-324c26bd\" class=\"wp-block-themeisle-blocks-advanced-column\">\n<h3 class=\"wp-block-heading has-text-align-left\" style=\"font-size:25px\"> MCV 2025 presentations<\/h3>\n\n\n\n<p>Access oral presentations by theme and session.<br>Click on the presentation title to download the PDF or PPT file.<\/p>\n\n\n\n<div style=\"height:10px\" aria-hidden=\"true\" class=\"wp-block-spacer\"><\/div>\n\n\n\n<h3 class=\"wp-block-heading has-nv-site-bg-color has-nv-c-1-background-color has-text-color has-background has-link-color wp-elements-3525e57eef28ef7db32e139520b321f2\">Plenary: Strengthening EU competitiveness and sustainability through policy change and design for resilience: criticality, durability and product performance<\/h3>\n\n\n\n<p><strong><a href=\"https:\/\/www.congres-mcv.com\/wp-content\/uploads\/2025\/12\/2025-11-18_EF_MCV2025-002.pdf\" target=\"_blank\" rel=\"noreferrer noopener\">LCA in EU policy making.<\/a><\/strong> Mauro Cordella, <em>European Commission, DG Environment<\/em><br><\/p>\n\n\n\n<div style=\"height:80px\" aria-hidden=\"true\" class=\"wp-block-spacer\"><\/div>\n\n\n\n<h3 class=\"wp-block-heading has-nv-site-bg-color has-nv-c-2-background-color has-text-color has-background has-link-color wp-elements-6d27d9d29fbe4d2b419b898b96007fc3\"><strong><strong>How to integrate life cycle thinking into decision-making<\/strong><\/strong> ?<\/h3>\n\n\n<style>.kt-accordion-id2346_af2b3b-46 .kt-accordion-inner-wrap{column-gap:var(--global-kb-gap-md, 2rem);row-gap:10px;}.kt-accordion-id2346_af2b3b-46 .kt-accordion-panel-inner{border-top:0px solid transparent;border-right:0px solid transparent;border-bottom:0px solid transparent;border-left:0px solid transparent;background:#ffffff;padding-top:var(--global-kb-spacing-sm, 1.5rem);padding-right:var(--global-kb-spacing-sm, 1.5rem);padding-bottom:var(--global-kb-spacing-sm, 1.5rem);padding-left:var(--global-kb-spacing-sm, 1.5rem);}.kt-accordion-id2346_af2b3b-46 > .kt-accordion-inner-wrap > .wp-block-kadence-pane > .kt-accordion-header-wrap > .kt-blocks-accordion-header{border-top:0px solid #f2f2f2;border-right:0px solid #f2f2f2;border-bottom:0px solid #f2f2f2;border-left:0px solid #f2f2f2;border-top-left-radius:6px;border-top-right-radius:6px;border-bottom-right-radius:6px;border-bottom-left-radius:6px;background:var(--nv-light-bg);color:var(--nv-text-color);padding-top:14px;padding-right:16px;padding-bottom:14px;padding-left:16px;}.kt-accordion-id2346_af2b3b-46:not( .kt-accodion-icon-style-basiccircle ):not( .kt-accodion-icon-style-xclosecircle ):not( .kt-accodion-icon-style-arrowcircle )  > .kt-accordion-inner-wrap > .wp-block-kadence-pane > .kt-accordion-header-wrap .kt-blocks-accordion-icon-trigger:after, .kt-accordion-id2346_af2b3b-46:not( .kt-accodion-icon-style-basiccircle ):not( .kt-accodion-icon-style-xclosecircle ):not( .kt-accodion-icon-style-arrowcircle )  > .kt-accordion-inner-wrap > .wp-block-kadence-pane > .kt-accordion-header-wrap .kt-blocks-accordion-icon-trigger:before{background:var(--nv-text-color);}.kt-accordion-id2346_af2b3b-46:not( .kt-accodion-icon-style-basic ):not( .kt-accodion-icon-style-xclose ):not( .kt-accodion-icon-style-arrow ) .kt-blocks-accordion-icon-trigger{background:var(--nv-text-color);}.kt-accordion-id2346_af2b3b-46:not( .kt-accodion-icon-style-basic ):not( .kt-accodion-icon-style-xclose ):not( .kt-accodion-icon-style-arrow ) .kt-blocks-accordion-icon-trigger:after, .kt-accordion-id2346_af2b3b-46:not( .kt-accodion-icon-style-basic ):not( .kt-accodion-icon-style-xclose ):not( .kt-accodion-icon-style-arrow ) .kt-blocks-accordion-icon-trigger:before{background:var(--nv-light-bg);}.kt-accordion-id2346_af2b3b-46 > .kt-accordion-inner-wrap > .wp-block-kadence-pane > .kt-accordion-header-wrap > .kt-blocks-accordion-header:hover, \n\t\t\t\tbody:not(.hide-focus-outline) .kt-accordion-id2346_af2b3b-46 .kt-blocks-accordion-header:focus-visible{color:#444444;background:#eeeeee;border-top-color:#eeeeee;border-top-style:solid;border-right-color:#eeeeee;border-right-style:solid;border-bottom-color:#eeeeee;border-bottom-style:solid;border-left-color:#eeeeee;border-left-style:solid;}.kt-accordion-id2346_af2b3b-46:not( .kt-accodion-icon-style-basiccircle ):not( .kt-accodion-icon-style-xclosecircle ):not( .kt-accodion-icon-style-arrowcircle ) .kt-accordion-header-wrap .kt-blocks-accordion-header:hover .kt-blocks-accordion-icon-trigger:after, .kt-accordion-id2346_af2b3b-46:not( .kt-accodion-icon-style-basiccircle ):not( .kt-accodion-icon-style-xclosecircle ):not( .kt-accodion-icon-style-arrowcircle ) .kt-accordion-header-wrap .kt-blocks-accordion-header:hover .kt-blocks-accordion-icon-trigger:before, body:not(.hide-focus-outline) .kt-accordion-id2346_af2b3b-46:not( .kt-accodion-icon-style-basiccircle ):not( .kt-accodion-icon-style-xclosecircle ):not( .kt-accodion-icon-style-arrowcircle ) .kt-blocks-accordion--visible .kt-blocks-accordion-icon-trigger:after, body:not(.hide-focus-outline) .kt-accordion-id2346_af2b3b-46:not( .kt-accodion-icon-style-basiccircle ):not( .kt-accodion-icon-style-xclosecircle ):not( .kt-accodion-icon-style-arrowcircle ) .kt-blocks-accordion-header:focus-visible .kt-blocks-accordion-icon-trigger:before{background:#444444;}.kt-accordion-id2346_af2b3b-46:not( .kt-accodion-icon-style-basic ):not( .kt-accodion-icon-style-xclose ):not( .kt-accodion-icon-style-arrow ) .kt-accordion-header-wrap .kt-blocks-accordion-header:hover .kt-blocks-accordion-icon-trigger, body:not(.hide-focus-outline) .kt-accordion-id2346_af2b3b-46:not( .kt-accodion-icon-style-basic ):not( .kt-accodion-icon-style-xclose ):not( .kt-accodion-icon-style-arrow ) .kt-accordion-header-wrap .kt-blocks-accordion-header:focus-visible .kt-blocks-accordion-icon-trigger{background:#444444;}.kt-accordion-id2346_af2b3b-46:not( .kt-accodion-icon-style-basic ):not( .kt-accodion-icon-style-xclose ):not( .kt-accodion-icon-style-arrow ) .kt-accordion-header-wrap .kt-blocks-accordion-header:hover .kt-blocks-accordion-icon-trigger:after, .kt-accordion-id2346_af2b3b-46:not( .kt-accodion-icon-style-basic ):not( .kt-accodion-icon-style-xclose ):not( .kt-accodion-icon-style-arrow ) .kt-accordion-header-wrap .kt-blocks-accordion-header:hover .kt-blocks-accordion-icon-trigger:before, body:not(.hide-focus-outline) .kt-accordion-id2346_af2b3b-46:not( .kt-accodion-icon-style-basic ):not( .kt-accodion-icon-style-xclose ):not( .kt-accodion-icon-style-arrow ) .kt-accordion-header-wrap .kt-blocks-accordion-header:focus-visible .kt-blocks-accordion-icon-trigger:after, body:not(.hide-focus-outline) .kt-accordion-id2346_af2b3b-46:not( .kt-accodion-icon-style-basic ):not( .kt-accodion-icon-style-xclose ):not( .kt-accodion-icon-style-arrow ) .kt-accordion-header-wrap .kt-blocks-accordion-header:focus-visible .kt-blocks-accordion-icon-trigger:before{background:#eeeeee;}.kt-accordion-id2346_af2b3b-46 .kt-accordion-header-wrap .kt-blocks-accordion-header:focus-visible,\n\t\t\t\t.kt-accordion-id2346_af2b3b-46 > .kt-accordion-inner-wrap > .wp-block-kadence-pane > .kt-accordion-header-wrap > .kt-blocks-accordion-header.kt-accordion-panel-active{color:#ffffff;background:rgba(227,68,0,0.6);border-top-color:#BE530B;border-top-style:solid;border-right-color:#BE530B;border-right-style:solid;border-bottom-color:#BE530B;border-bottom-style:solid;border-left-color:#BE530B;border-left-style:solid;}.kt-accordion-id2346_af2b3b-46:not( .kt-accodion-icon-style-basiccircle ):not( .kt-accodion-icon-style-xclosecircle ):not( .kt-accodion-icon-style-arrowcircle )  > .kt-accordion-inner-wrap > .wp-block-kadence-pane > .kt-accordion-header-wrap > .kt-blocks-accordion-header.kt-accordion-panel-active .kt-blocks-accordion-icon-trigger:after, .kt-accordion-id2346_af2b3b-46:not( .kt-accodion-icon-style-basiccircle ):not( .kt-accodion-icon-style-xclosecircle ):not( .kt-accodion-icon-style-arrowcircle )  > .kt-accordion-inner-wrap > .wp-block-kadence-pane > .kt-accordion-header-wrap > .kt-blocks-accordion-header.kt-accordion-panel-active .kt-blocks-accordion-icon-trigger:before{background:#ffffff;}.kt-accordion-id2346_af2b3b-46:not( .kt-accodion-icon-style-basic ):not( .kt-accodion-icon-style-xclose ):not( .kt-accodion-icon-style-arrow ) .kt-blocks-accordion-header.kt-accordion-panel-active .kt-blocks-accordion-icon-trigger{background:#ffffff;}.kt-accordion-id2346_af2b3b-46:not( .kt-accodion-icon-style-basic ):not( .kt-accodion-icon-style-xclose ):not( .kt-accodion-icon-style-arrow ) .kt-blocks-accordion-header.kt-accordion-panel-active .kt-blocks-accordion-icon-trigger:after, .kt-accordion-id2346_af2b3b-46:not( .kt-accodion-icon-style-basic ):not( .kt-accodion-icon-style-xclose ):not( .kt-accodion-icon-style-arrow ) .kt-blocks-accordion-header.kt-accordion-panel-active .kt-blocks-accordion-icon-trigger:before{background:rgba(227,68,0,0.6);}@media all and (max-width: 1024px){.kt-accordion-id2346_af2b3b-46 .kt-accordion-panel-inner{border-top:0px solid transparent;border-right:0px solid transparent;border-bottom:0px solid transparent;border-left:0px solid transparent;}}@media all and (max-width: 1024px){.kt-accordion-id2346_af2b3b-46 > .kt-accordion-inner-wrap > .wp-block-kadence-pane > .kt-accordion-header-wrap > .kt-blocks-accordion-header{border-top:0px solid #f2f2f2;border-right:0px solid #f2f2f2;border-bottom:0px solid #f2f2f2;border-left:0px solid #f2f2f2;}}@media all and (max-width: 1024px){.kt-accordion-id2346_af2b3b-46 > .kt-accordion-inner-wrap > .wp-block-kadence-pane > .kt-accordion-header-wrap > .kt-blocks-accordion-header:hover, \n\t\t\t\tbody:not(.hide-focus-outline) .kt-accordion-id2346_af2b3b-46 .kt-blocks-accordion-header:focus-visible{border-top-color:#eeeeee;border-top-style:solid;border-right-color:#eeeeee;border-right-style:solid;border-bottom-color:#eeeeee;border-bottom-style:solid;border-left-color:#eeeeee;border-left-style:solid;}}@media all and (max-width: 1024px){.kt-accordion-id2346_af2b3b-46 .kt-accordion-header-wrap .kt-blocks-accordion-header:focus-visible,\n\t\t\t\t.kt-accordion-id2346_af2b3b-46 > .kt-accordion-inner-wrap > .wp-block-kadence-pane > .kt-accordion-header-wrap > .kt-blocks-accordion-header.kt-accordion-panel-active{border-top-color:#BE530B;border-top-style:solid;border-right-color:#BE530B;border-right-style:solid;border-bottom-color:#BE530B;border-bottom-style:solid;border-left-color:#BE530B;border-left-style:solid;}}@media all and (max-width: 767px){.kt-accordion-id2346_af2b3b-46 .kt-accordion-inner-wrap{display:block;}.kt-accordion-id2346_af2b3b-46 .kt-accordion-inner-wrap .kt-accordion-pane:not(:first-child){margin-top:10px;}.kt-accordion-id2346_af2b3b-46 .kt-accordion-panel-inner{border-top:0px solid transparent;border-right:0px solid transparent;border-bottom:0px solid transparent;border-left:0px solid transparent;}.kt-accordion-id2346_af2b3b-46 > .kt-accordion-inner-wrap > .wp-block-kadence-pane > .kt-accordion-header-wrap > .kt-blocks-accordion-header{border-top:0px solid #f2f2f2;border-right:0px solid #f2f2f2;border-bottom:0px solid #f2f2f2;border-left:0px solid #f2f2f2;}.kt-accordion-id2346_af2b3b-46 > .kt-accordion-inner-wrap > .wp-block-kadence-pane > .kt-accordion-header-wrap > .kt-blocks-accordion-header:hover, \n\t\t\t\tbody:not(.hide-focus-outline) .kt-accordion-id2346_af2b3b-46 .kt-blocks-accordion-header:focus-visible{border-top-color:#eeeeee;border-top-style:solid;border-right-color:#eeeeee;border-right-style:solid;border-bottom-color:#eeeeee;border-bottom-style:solid;border-left-color:#eeeeee;border-left-style:solid;}.kt-accordion-id2346_af2b3b-46 .kt-accordion-header-wrap .kt-blocks-accordion-header:focus-visible,\n\t\t\t\t.kt-accordion-id2346_af2b3b-46 > .kt-accordion-inner-wrap > .wp-block-kadence-pane > .kt-accordion-header-wrap > .kt-blocks-accordion-header.kt-accordion-panel-active{border-top-color:#BE530B;border-top-style:solid;border-right-color:#BE530B;border-right-style:solid;border-bottom-color:#BE530B;border-bottom-style:solid;border-left-color:#BE530B;border-left-style:solid;}}<\/style>\n<div class=\"wp-block-kadence-accordion alignnone\"><div class=\"kt-accordion-wrap kt-accordion-id2346_af2b3b-46 kt-accordion-has-7-panes kt-active-pane-0 kt-accordion-block kt-pane-header-alignment-left kt-accodion-icon-style-arrow kt-accodion-icon-side-right\" style=\"max-width:none\"><div class=\"kt-accordion-inner-wrap\" data-allow-multiple-open=\"false\" data-start-open=\"none\">\n<div class=\"wp-block-kadence-pane kt-accordion-pane kt-accordion-pane-1 kt-pane2346_5c386f-60\" id=\"session-1\"><div class=\"kt-accordion-header-wrap\"><button class=\"kt-blocks-accordion-header kt-acccordion-button-label-show\" type=\"button\"><span class=\"kt-blocks-accordion-title-wrap\"><span class=\"kt-blocks-accordion-title\"><strong>From Product LCA to Portfolio Management: How to Proceed?<\/strong> <strong>how to get started?<\/strong><br><em><em>St\u00e9phane Morel (ESCP Business School)<\/em><\/em> <em>and Shifa Meyer (NEXANS)<\/em><\/span><\/span><span class=\"kt-blocks-accordion-icon-trigger\"><\/span><\/button><\/div><div class=\"kt-accordion-panel kt-accordion-panel-hidden\"><div class=\"kt-accordion-panel-inner\">\n<ol class=\"wp-block-list\">\n<li><a href=\"https:\/\/www.congres-mcv.com\/wp-content\/uploads\/2025\/11\/MCV_2025_WE_VF.pptx\"><strong>Sustainable innovation or simple reporting? State of the art in assessing carbon emissions linked to organizational purchasing<\/strong>.<\/a> <mark style=\"background-color:rgba(0, 0, 0, 0)\" class=\"has-inline-color has-neve-link-color-color\">Widiene Essouid<\/mark><sup>1<\/sup><a href=\"mailto:widiene.essouid@u-bordeaux.fr\"><\/a><a href=\"https:\/\/orcid.org\/0009-0008-5704-1846\" target=\"_blank\" rel=\"noreferrer noopener\"><\/a>, Johannes Zobel<sup>2<\/sup><a href=\"mailto:johannes1.zobel@uni-a.de\"><\/a>,Philippe Loubet<sup>1<\/sup><a href=\"mailto:philippe.loubet@u-bordeaux.fr\"><\/a>, St\u00e9phane Tr\u00e9bucq<sup>3<\/sup><a href=\"mailto:stephane.trebucq@u-bordeaux.fr\"><\/a>, Sandra K\u00f6hler<sup>2<\/sup><a href=\"mailto:sandra.koehler@pscm-ua.de\"><\/a>, Andrea Thorenz<sup>2<\/sup><a href=\"mailto:andrea.thorenz@mrm.uni-augsburg.de\"><\/a>, Axel Tuma<sup>4<\/sup><a href=\"mailto:axel.tuma@pscm-ua.de\"><\/a>,Guido Sonnemann<sup>1<\/sup> <em>1: University of Bordeaux - Institute of Molecular Sciences, Cyvi Group; 2: University of Augsburg - Institute of Materials Resource Management, Resource Lab; 3: University of Bordeaux - IAE, IRGO; 4: University of Augsburg - Chair for Production &amp; Supply Chain Management<\/em><\/li>\n\n\n\n<li><strong><a href=\"https:\/\/www.congres-mcv.com\/wp-content\/uploads\/2025\/11\/Prez_MCV2025_vf.pptx\">Variability of portfolio's carbon footprint depending on accounting standards and data sources: a case study<\/a>. <\/strong><mark style=\"background-color:rgba(0, 0, 0, 0)\" class=\"has-inline-color has-neve-link-color-color\">Anne de Bortoli<\/mark><a href=\"mailto:anne.debortoli@polymtl.ca\"><\/a>, Elliot Muller<a href=\"mailto:elliot.muller@polymtl.ca\"><\/a>, Nicolas Roy-Heppells<a href=\"mailto:nicolas.roy-heppell@polymtl.ca\"><\/a>, Ga\u00ebl Plagnard<a href=\"mailto:gael.plagnard@polymtl.ca\"><\/a>, Maxime Agez, <em>CIRAIG<\/em><\/li>\n\n\n\n<li><strong><a href=\"https:\/\/www.congres-mcv.com\/wp-content\/uploads\/2025\/11\/Aquaculture_Risk_evaluation_Sayari_VF.pdf\">Assessing impacts on biodiversity on an Aquaculture portfolio<\/a>. <\/strong><mark style=\"background-color:rgba(0, 0, 0, 0)\" class=\"has-inline-color has-neve-text-color-color\">Aurore Wermeille<\/mark><sup>1<\/sup><a href=\"mailto:aurore.wermeille@sayari.co\"><\/a><a href=\"https:\/\/orcid.org\/0000-0003-3776-9123\" target=\"_blank\" rel=\"noreferrer noopener\"><\/a>,&nbsp;<mark style=\"background-color:rgba(0, 0, 0, 0)\" class=\"has-inline-color has-nv-c-1-color\">Anne Asselin<\/mark><sup>1<\/sup><a href=\"mailto:anne.asselin@sayari.co\"><\/a>, Yassine Bouayad<sup>1<\/sup><a href=\"mailto:yassine.bouayad@sayari.co\"><\/a>, Jill Swasey<sup>2<\/sup><a href=\"mailto:Jill.Swasey@asc-aqua.org\"><\/a>, Robert Parker<sup>2<\/sup><a href=\"mailto:Robert.parker@asc-aqua.org\"><\/a>, Maxime Engler<sup>2<\/sup> <em>1: Sayari 2: Aquaculture Stewardship Council<\/em><\/li>\n\n\n\n<li><strong><a href=\"https:\/\/www.congres-mcv.com\/wp-content\/uploads\/2025\/11\/Presentation_MCV.pdf\">Zoom in\/out from product to organization<\/a><\/strong>. <mark style=\"background-color:rgba(0, 0, 0, 0)\" class=\"has-inline-color has-neve-link-color-color\">Selim Youssry<\/mark>, <em>Sapiology<\/em><\/li>\n\n\n\n<li><strong><a href=\"https:\/\/www.congres-mcv.com\/wp-content\/uploads\/2025\/11\/PresentationMCV2025_220_CamilleMAESEELE.pdf\">From product LCA to portfolio management: a scalable digital suite for fast, reliable environmental impact assessment<\/a><\/strong>. <mark style=\"background-color:rgba(0, 0, 0, 0)\" class=\"has-inline-color has-neve-link-color-color\">Camille Maeseele<\/mark>, Angel Luis Merchan,<em> Anthesis<\/em><\/li>\n\n\n\n<li><a href=\"https:\/\/www.congres-mcv.com\/wp-content\/uploads\/2025\/12\/PresentationMCV2025_Holis.pdf\"><strong>Holis - Portfolio lifecycle analysis: progress, difficulties and prospects<\/strong>.<\/a> <mark style=\"background-color:rgba(0, 0, 0, 0)\" class=\"has-inline-color has-neve-link-color-color\">Mila Gu\u00e9rin<\/mark><a href=\"mailto:mila.guerin@holis.earth\"><\/a>,Martin Besnier<a href=\"mailto:martin.besnier@holis.earth\"><\/a>, Paul Gr\u00e9digui<a href=\"mailto:paul.gredigui@holis.earth\"><\/a>, Yohan Lanier<a href=\"mailto:yohan.lanier@holis.earth\"><\/a>, Alice Marchal<a href=\"mailto:alice.marchal@holis.earth\"><\/a>,Emeline Roch<a href=\"mailto:emeline.roch@holis.earth\"><\/a>, Guillaume Vizier, <em>Holis (Druantia S.A.S)<\/em><\/li>\n<\/ol>\n<\/div><\/div><\/div>\n\n\n\n<div class=\"wp-block-kadence-pane kt-accordion-pane kt-accordion-pane-2 kt-pane2346_aa1ca1-d6\" id=\"session-2\"><div class=\"kt-accordion-header-wrap\"><button class=\"kt-blocks-accordion-header kt-acccordion-button-label-show\" type=\"button\"><span class=\"kt-blocks-accordion-title-wrap\"><span class=\"kt-blocks-accordion-title\"><strong>From Knowledge to Action \u2013 Operational Levers for Integrating Life Cycle Thinking into Industrial Business-as-Usual<\/strong><br><em><em>J\u00e9r\u00e9my Bonvoisin (Sphera<\/em>) and Anish Koyamparambath (Bordeaux University)<\/em><\/span><\/span><span class=\"kt-blocks-accordion-icon-trigger\"><\/span><\/button><\/div><div class=\"kt-accordion-panel kt-accordion-panel-hidden\"><div class=\"kt-accordion-panel-inner\">\n<ol class=\"wp-block-list\">\n<li><a href=\"https:\/\/www.congres-mcv.com\/wp-content\/uploads\/2025\/11\/L._Fischer_ORIS_-_Integration_de_l39ACV_dans_un_projet_d39entretien_autoroutier_-_MCV_2025_-_v2.pdf\"><strong>From analysis to action: feedback on integrating LCA into a motorway maintenance project<\/strong>.<\/a> <mark style=\"background-color:rgba(0, 0, 0, 0)\" class=\"has-inline-color has-neve-link-color-color\">L\u00e9a Fischer<\/mark><a href=\"mailto:lea.fischer@oris-connect.com\"><\/a>, Hugo Pley-Leclercq<a href=\"mailto:hugo.pley-leclercq@oris-connect.com\"><\/a>, Florian Ott, <em>ORIS Materials Intelligence<\/em><\/li>\n\n\n\n<li><a href=\"https:\/\/www.congres-mcv.com\/wp-content\/uploads\/2025\/11\/PresentationMCV2025___180___Blalate_-_Final.pdf\"><strong>Rethinking the Use of Medical Devices in Operating Rooms: Leveraging Eco-Design to Reduce Environmental Impact without Compromising Surgical Performance<\/strong>.<\/a> Adam Blalate<sup>1<\/sup><a href=\"mailto:adam.blalate@student-cs.fr\"><\/a>,&nbsp;<mark style=\"background-color:rgba(0, 0, 0, 0)\" class=\"has-inline-color has-neve-text-color-color\">Fran\u00e7ois Cluzel<\/mark><sup>1<\/sup><a href=\"mailto:francois.cluzel@centralesupelec.fr\"><\/a><a href=\"https:\/\/orcid.org\/0000-0001-8427-9536\" target=\"_blank\" rel=\"noreferrer noopener\"><\/a>, <mark style=\"background-color:rgba(0, 0, 0, 0)\" class=\"has-inline-color has-nv-c-1-color\">Beno\u00eet Dabouis<\/mark><sup>1<\/sup><a href=\"mailto:benoit.dabouis@centralesupelec.fr\"><\/a><a href=\"https:\/\/orcid.org\/0009-0005-3007-7353\" target=\"_blank\" rel=\"noreferrer noopener\"><\/a>, Laure Aubrege<sup>2<\/sup><a href=\"mailto:laubrege@ghpsj.fr\"><\/a>, Antoine Agathon<sup>2<\/sup><em>, <\/em>&nbsp;<em>1: Universit\u00e9 Paris-Saclay, CentraleSup\u00e9lec, Industrial Engineering Laboratory; 2: Marie Lannelongue Hospital<\/em><\/li>\n\n\n\n<li><strong><a href=\"https:\/\/www.congres-mcv.com\/wp-content\/uploads\/2025\/11\/MCV_Green_Family_ACV_comme_moteur_de_performance_v031125.pdf\">LCA as a strategic management tool for committed SMEs<\/a><\/strong>. Oc\u00e9ane Lannoy<sup>1<\/sup><a href=\"mailto:oceane.lannoy@elys-conseil.com\"><\/a>,&nbsp;<mark style=\"background-color:rgba(0, 0, 0, 0)\" class=\"has-inline-color has-neve-link-color-color\">Maxime Pousse<\/mark><sup>1<\/sup><a href=\"mailto:maxime.pousse@elys-conseil.com\"><\/a>, Yannick Le Guern<sup>1<\/sup><a href=\"mailto:yannick.leguern@elys-conseil.com\"><\/a>, Marguerite Guillou<sup>2<\/sup> , <em>1: ELYS Conseil; 2: Green Family<\/em><\/li>\n\n\n\n<li><strong><a href=\"https:\/\/www.congres-mcv.com\/wp-content\/uploads\/2025\/11\/C_Szablewski_MCV2025.pdf\">Ecodesign at the heart of the paint industry: a successful case study in moving from knowledge to action<\/a><\/strong>. <mark style=\"background-color:rgba(0, 0, 0, 0)\" class=\"has-inline-color has-neve-link-color-color\">Carolina Szablewski<\/mark><sup>1<\/sup><a href=\"mailto:c.szablewski@weloop.org\"><\/a>, Sam Herlicq<sup>1<\/sup><a href=\"mailto:s.herlicq@weloop.org\"><\/a>,Marie Beccat<sup>1<\/sup><a href=\"mailto:m.beccat@weloop.org\"><\/a>,Guillaume Szablewski<sup>2<\/sup><a href=\"mailto:gszablewski@ailoop.io\"><\/a>,Naeem Adibi<sup>1<\/sup><em>,<\/em>&nbsp;<em>1: WeLOOP; 2: Ailoop<\/em><\/li>\n\n\n\n<li><strong><a href=\"https:\/\/www.congres-mcv.com\/wp-content\/uploads\/2025\/11\/PresentationMCV2025_137_Badioli.pdf\">The need to include the use phase in eco-design: the case of refractory materials for steel production<\/a><\/strong>. <mark style=\"background-color:rgba(0, 0, 0, 0)\" class=\"has-inline-color has-neve-link-color-color\">Sarah Badioli<\/mark><sup>1,2<\/sup>, Thibault Champion<sup>2<\/sup><a href=\"mailto:thibault.champion@saint-gobain.com\"><\/a>, Marielle Dargaud<sup>2<\/sup><a href=\"mailto:marielle.dargaud@saint-gobain.com\"><\/a>,Ang\u00e9lique L\u00e9onard<sup>1<\/sup>, <em>1: University of Li\u00e8ge; 2: Saint-Gobain Research Provence<\/em><\/li>\n<\/ol>\n<\/div><\/div><\/div>\n\n\n\n<div class=\"wp-block-kadence-pane kt-accordion-pane kt-accordion-pane-3 kt-pane2346_1a0d3e-8e\" id=\"session-3\"><div class=\"kt-accordion-header-wrap\"><button class=\"kt-blocks-accordion-header kt-acccordion-button-label-show\" type=\"button\"><span class=\"kt-blocks-accordion-title-wrap\"><span class=\"kt-blocks-accordion-title\"><strong>Life Cycle Assessment, Eco-design, and Material Criticality: Current Status and Training Challenges<\/strong> <strong>level of training<\/strong><br><em>Ang\u00e9lique L\u00e9onard (Universit\u00e9 de Li\u00e8ge) and Nicolas Youssef (JUNIA)<\/em><\/span><\/span><span class=\"kt-blocks-accordion-icon-trigger\"><\/span><\/button><\/div><div class=\"kt-accordion-panel kt-accordion-panel-hidden\"><div class=\"kt-accordion-panel-inner\">\n<ol class=\"wp-block-list\">\n<li><strong><a href=\"https:\/\/www.congres-mcv.com\/wp-content\/uploads\/2025\/11\/MCV2025-v3.pptx\">Development of a teaching toolbox for environmental impact assessment: a tool for sustainability training<\/a><\/strong>. <mark style=\"background-color:rgba(0, 0, 0, 0)\" class=\"has-inline-color has-neve-link-color-color\">Walid Ijassi<\/mark>, Peggy Zwolinski, <em>Univ. Grenoble Alpes, CNRS<\/em><\/li>\n\n\n\n<li><strong><a href=\"https:\/\/www.congres-mcv.com\/wp-content\/uploads\/2025\/11\/20251028-MCV2025-UPJV_WeLOOP.pdf\">Setting up an LCA resource center as part of the A2U university alliance<\/a>.<\/strong> <mark style=\"background-color:rgba(0, 0, 0, 0)\" class=\"has-inline-color has-neve-text-color-color\">Philippe Rycek<\/mark><sup>1<\/sup>, <mark style=\"background-color:rgba(0, 0, 0, 0)\" class=\"has-inline-color has-neve-link-color-color\">Noura Rahbani<\/mark><sup>2<\/sup>, Denis Postel<sup>1<\/sup>, Christelle Demaretz<sup>3<\/sup>, Eric Staniek<sup>3<\/sup>, Naeem Adibi<sup>2<\/sup>, <em>1:Universit\u00e9 de Picardie Jules Verne (UPJV), France; 2:WeLOOP, France; 3:R\u00e9gion Hauts de France, France<\/em><\/li>\n\n\n\n<li><strong><a href=\"https:\/\/www.congres-mcv.com\/wp-content\/uploads\/2025\/11\/Presentation_MCV2025_118_Perrin_VF.pdf\">Evaluation of low-tech using a hybrid socio-environmental method based on the Project Footprint method<\/a><\/strong>. <mark style=\"background-color:rgba(0, 0, 0, 0)\" class=\"has-inline-color has-neve-text-color-color\">Martin Lambert<\/mark>, Monika Mousavi, Mathieu Galliou, <mark style=\"background-color:rgba(0, 0, 0, 0)\" class=\"has-inline-color has-neve-link-color-color\">Aur\u00e9lie Perrin<\/mark>, <em>EVEA, France<\/em><\/li>\n\n\n\n<li><strong><a href=\"https:\/\/www.congres-mcv.com\/wp-content\/uploads\/2025\/11\/PresentationMCV2025_122_CARREY.pptx\">Towards the integration of human behavior in LCA<\/a><\/strong>. <mark style=\"background-color:rgba(0, 0, 0, 0)\" class=\"has-inline-color has-neve-link-color-color\">Paul Carrey<\/mark><sup>1,2<\/sup>, El\u00e9onore Loiseau<sup>1,2<\/sup>, Pierre Jouannais<sup>1,2<\/sup>, Arnaud H\u00e9lias<sup>1,2<\/sup>,<em>1:ITAP, Univ Montpellier, INRAE, Institut Agro,; 2:Elsa, Research Group for Environmental Lifecycle and Sustainability Assessment<\/em><\/li>\n<\/ol>\n<\/div><\/div><\/div>\n\n\n\n<div class=\"wp-block-kadence-pane kt-accordion-pane kt-accordion-pane-4 kt-pane2346_d7ed30-b0\" id=\"session-4\"><div class=\"kt-accordion-header-wrap\"><button class=\"kt-blocks-accordion-header kt-acccordion-button-label-show\" type=\"button\"><span class=\"kt-blocks-accordion-title-wrap\"><span class=\"kt-blocks-accordion-title\"><strong>Decarbonisation and Impact Transfer: Industrial Processes, Chemistry, Steel, and Cement<\/strong><br><em><em>Christian Traisnel (LCM2LOOP) and Aubin Roy (Colas)<\/em><\/em><\/span><\/span><span class=\"kt-blocks-accordion-icon-trigger\"><\/span><\/button><\/div><div class=\"kt-accordion-panel kt-accordion-panel-hidden\"><div class=\"kt-accordion-panel-inner\">\n<ol class=\"wp-block-list\">\n<li><a href=\"https:\/\/www.congres-mcv.com\/wp-content\/uploads\/2025\/11\/PresentationMCV2025_144_LI-New.pptx\"><strong>From Emissions to Dependencies: Evaluating the Impact Transfer in Hydrogen Production Transitions<\/strong>. <\/a><mark style=\"background-color:rgba(0, 0, 0, 0)\" class=\"has-inline-color has-neve-link-color-color\">Yi Li<\/mark><sup>1<\/sup>, Anish Koyamparambath<sup>1<\/sup>, Benjamin McLellan<sup>2<\/sup>, Emmanuel Mignard<sup>1<\/sup>, Guido Sonnemann<sup>1<\/sup> <em>1: Uninersity of Bordeaux, Institut des Sciences Mol\u00e9culaires(ISM), France; 2: Graduate School of Energy Science, Kyoto University<\/em><\/li>\n\n\n\n<li><strong><a href=\"https:\/\/www.congres-mcv.com\/wp-content\/uploads\/2025\/11\/Presentation_MCV_2025_rev_20251027_Ana_Oliveira.pptx\">Decarbonizing with green fuels: analyzing hotspots in the design of a new Power-to-X chemical process using life cycle assessment<\/a>.<\/strong> <mark style=\"background-color:rgba(0, 0, 0, 0)\" class=\"has-inline-color has-neve-link-color-color\">Ana carolina eug\u00eanio de Oliveira<\/mark><sup>1<\/sup>, Ricardo Moreira dos Santos<sup>1<\/sup>, Giovanna Gonzales-Calienes<sup>2<\/sup>, Jochem Kamstra<sup>3<\/sup>, Bruna Rego de Vasconcelos<sup>1<\/sup>, <em>1: Universit\u00e9 de Sherbrooke; 2: National Research Council Canada; 3: Secant Fuel<\/em><\/li>\n\n\n\n<li><a href=\"https:\/\/www.congres-mcv.com\/wp-content\/uploads\/2025\/11\/PresentationMCV2025___131___IGOS.pptx\"><strong>Understanding the reliability of environmental claims to support urban decision-making<\/strong>.<\/a> <mark style=\"background-color:rgba(0, 0, 0, 0)\" class=\"has-inline-color has-neve-link-color-color\">Elorri Igos<\/mark><sup>1<\/sup>, Pierrick Audureau<sup>1<\/sup>, Skyler Pandaleon<sup>1<\/sup>, Franck Morin<sup>1<\/sup>, Alexandre Escudero<sup>1<\/sup>, Nicolas Perry<sup>2,3,4<\/sup>, Claire Guillebaud<sup>2,3<\/sup>, Jacques Chevalier<sup>5<\/sup> 1<em>:Nobatek, France; 2:Arts et Metiers Institute of Technology, CNRS, Bordeaux INP, I2M, UMR 5295; 3: Univ. Bordeaux, CNRS, Bordeaux INP, I2M, UMR 5295;&nbsp;<sup>4<\/sup>UTOPII, UAR 2954, CNRS Ing\u00e9nierie;&nbsp;<sup>5<\/sup>HQE-GBC Alliance<\/em><\/li>\n\n\n\n<li><strong><a href=\"https:\/\/www.congres-mcv.com\/wp-content\/uploads\/2025\/11\/MCV_2025_UBx_Eiffage_Scope_3_Amont_WE.pptx\">Improving Scope 3 Upstream emissions accounting through automated data integration systems: a case study of Eiffage's ready-mix concrete business.<\/a> <\/strong>Widiene Essouid<sup>1<\/sup>,&nbsp;<mark style=\"background-color:rgba(0, 0, 0, 0)\" class=\"has-inline-color has-neve-link-color-color\">Antonin Falluel Morel<\/mark><sup>2<\/sup>, Bertrand Touzet<sup>2<\/sup>, Philippe Loubet<sup>1<\/sup>, St\u00e9phane Tr\u00e9bucq<sup>3<\/sup>, Guido Sonnemann<sup>1<\/sup>, <em>1: Universit\u00e9 de Bordeaux - Institut des Sciences Mol\u00e9culaires, Cyvi Group, France; 2: Eiffage, Direction des Achats, France; 3: Universit\u00e9 de Bordeaux - IAE<\/em><\/li>\n\n\n\n<li><strong><a href=\"https:\/\/www.congres-mcv.com\/wp-content\/uploads\/2025\/12\/MCV_2025-V3.0.pptx\">Life cycle assessment to determine the environmental sustainability of circular economy strategies in the building sector<\/a>. <\/strong><mark style=\"background-color:rgba(0, 0, 0, 0)\" class=\"has-inline-color has-neve-link-color-color\">Didier Vuarnoz<\/mark>, Didier Beloin-Saint-Pierre, <em>EMPA, Switzerland<\/em><\/li>\n\n\n\n<li><strong><a href=\"https:\/\/www.congres-mcv.com\/wp-content\/uploads\/2025\/11\/MCV_2025_-_presentation-BlueOn_-_digital_marketplace.pdf\">BlueOn: a pioneering marketplace for the transparent exchange of LCA data for sustainable purchasing<\/a><\/strong>. <mark style=\"background-color:rgba(0, 0, 0, 0)\" class=\"has-inline-color has-neve-link-color-color\">Bertrand Touzet<\/mark>, Antonin Falluel Morel, <em>Eiffage<\/em><\/li>\n<\/ol>\n<\/div><\/div><\/div>\n\n\n\n<div class=\"wp-block-kadence-pane kt-accordion-pane kt-accordion-pane-5 kt-pane2346_e48e2c-6b\" id=\"session-5\"><div class=\"kt-accordion-header-wrap translation-block\"><button class=\"kt-blocks-accordion-header kt-acccordion-button-label-show\" type=\"button\" id=\"kt-accordion-header-570380\" aria-controls=\"kt-accordion-panel-570380\" data-kt-accordion-header-id=\"4\" aria-expanded=\"false\">\n  <span class=\"kt-blocks-accordion-title-wrap\">\n    <span class=\"kt-blocks-accordion-title\">\n      <strong>Why is socio-environmental<\/strong> <strong>hybridisation recommended?<\/strong><br>\n      <em>Monika Mousavi (EVEA) and Olivier Schoefs (UTC)<\/em>\n    <\/span>\n  <\/span>\n  <span class=\"kt-blocks-accordion-icon-trigger\"><\/span>\n<\/button><\/div><div class=\"kt-accordion-panel kt-accordion-panel-hidden\"><div class=\"kt-accordion-panel-inner\">\n<ol class=\"wp-block-list\">\n<li><a href=\"https:\/\/www.congres-mcv.com\/wp-content\/uploads\/2025\/11\/Presentation_congres_MCV_VF.pdf\"><strong>Joint environmental and social Life Cycle Analyses of industrial production processes<\/strong>.<\/a> <mark style=\"background-color:rgba(0, 0, 0, 0)\" class=\"has-inline-color has-neve-link-color-color\">Cyril Lauri\u00e9<\/mark><sup>1<\/sup><a href=\"mailto:cyril.laurie@cea.fr\"><\/a><a href=\"https:\/\/orcid.org\/0009-0007-6042-7566\" target=\"_blank\" rel=\"noreferrer noopener\"><\/a>, Morgane Berthault<sup>2<\/sup><a href=\"mailto:Morgane.Berthault@cetim.fr\"><\/a><a href=\"https:\/\/orcid.org\/0009-0005-4715-6277\" target=\"_blank\" rel=\"noreferrer noopener\"><\/a>, Jean-Fran\u00e7ois Berr\u00e9e<sup>1<\/sup><a href=\"mailto:jean-francois.berree@cea.fr\"><\/a><a href=\"https:\/\/orcid.org\/0009-0002-7928-9902\" target=\"_blank\" rel=\"noreferrer noopener\"><\/a>, Romane Fuvelle<sup>2<\/sup><em>1: CEA ; 2: CETI<\/em><\/li>\n\n\n\n<li><strong><a href=\"https:\/\/www.congres-mcv.com\/wp-content\/uploads\/2025\/11\/20251911-MCV_2025_MOXY-2.pdf\">Is environmental LCA sufficient to guide life cycle management decision-making in the context of cultural heritage?<\/a><\/strong> <mark style=\"background-color:rgba(0, 0, 0, 0)\" class=\"has-inline-color has-neve-text-color-color\">Dieuwertje Schrijvers<sup>1<\/sup><\/mark><a href=\"mailto:d.schrijvers@weloop.org\"><\/a><a href=\"https:\/\/orcid.org\/0000-0003-3934-9456\" target=\"_blank\" rel=\"noreferrer noopener\"><\/a>,&nbsp;<mark style=\"background-color:rgba(0, 0, 0, 0)\" class=\"has-inline-color has-neve-link-color-color\">Noura Rahbani<\/mark><sup>1<\/sup><a href=\"mailto:n.rahbani@weloop.org\"><\/a><a href=\"https:\/\/orcid.org\/0000-0002-1137-4257\" target=\"_blank\" rel=\"noreferrer noopener\"><\/a>,Naeem Adibi<sup>1<\/sup><a href=\"mailto:n.adibi@weloop.org\"><\/a><a href=\"https:\/\/orcid.org\/0000-0003-3829-8423\" target=\"_blank\" rel=\"noreferrer noopener\"><\/a>, Marta Cremonesi<sup>2<\/sup><a href=\"mailto:marta.cremonesi@uantwerpen.be\"><\/a>, Catarina Pires<sup>3<\/sup><a href=\"mailto:c.rochapires@uva.nl\"><\/a>, Nan Yang<sup>2<\/sup><a href=\"mailto:nan.yang@uantwerpen.be\"><\/a>, Klaas Jan Van den Berg<sup>3<\/sup><a href=\"mailto:k.van.den.berg@cultureelerfgoed.nl\"><\/a>, Ilaria Bonaduce<sup>4<\/sup><a href=\"mailto:ilaria.bonaduce@unipi.it\"><\/a>, Michaela Florescu<sup>5<\/sup><a href=\"mailto:m.florescu@modernamuseet.se\"><\/a>, Nina Olson<sup>6<\/sup><a href=\"mailto:ninamolsson@gmail.com\"><\/a>, Geert Can der Snickt<sup>2<\/sup><a href=\"mailto:geert.vandersnickt@uantwerpen.be\"><\/a>, Ana Sobota<sup>7<\/sup><a href=\"mailto:a.sobota@tue.nl\"><\/a>, Tomas Markevicius<sup>8<\/sup><a href=\"mailto:tmarkevicius@fulbrightmail.org\"><\/a>, Anton Nikiforov<sup>8<\/sup><em>:<\/em>&nbsp;<em>1: WeLOOP, France; 2: University of Antwerp, Belgium; 3: University of Amsterdam, the Netherlands; 4: University of Pisa, Italy; 5: Moderna Museet<\/em><\/li>\n\n\n\n<li><strong><a href=\"https:\/\/www.congres-mcv.com\/wp-content\/uploads\/2025\/11\/Presentation_MCV2025_124_Perrin_vf.pdf\">Coupling of LCA, EEMRIO and social LCA approaches for the environmental and social assessment of consumer product baskets.<\/a> <\/strong><mark style=\"background-color:rgba(0, 0, 0, 0)\" class=\"has-inline-color has-neve-link-color-color\">Aur\u00e9lie Perrin<\/mark><sup>1<\/sup><a href=\"mailto:a.perrin@evea-conseil.com\"><\/a>,Monika Mousavi<sup>1<\/sup><a href=\"mailto:m.mousavi@evea-conseil.com\"><\/a>, Maxime Agez<sup>2<\/sup><a href=\"mailto:maxime.agez@polymtl.ca\"><\/a>, Elliot Muller<sup>2<\/sup><a href=\"mailto:elliot.muller@polymtl.ca\"><\/a>, Xavier Zeitoun<sup>3<\/sup>, <em>1: EVEA; 2: CIRAIG; 3: Universit\u00e9 Paris-Saclay, CEA<\/em><\/li>\n\n\n\n<li><a href=\"https:\/\/www.congres-mcv.com\/wp-content\/uploads\/2025\/11\/PresentationMCV2025_136_Ravoahangy.pdf\"><strong>From multi-criteria impact analysis to decision support: the case of bio-waste management<\/strong>. <\/a><mark style=\"background-color:rgba(0, 0, 0, 0)\" class=\"has-inline-color has-neve-link-color-color\">Fr\u00e9d\u00e9ric Huet<\/mark><a href=\"mailto:frederic.huet@utc.fr\"><\/a>,Olivier Schoefs, <em>Compi\u00e8gne University of Technology<\/em><\/li>\n\n\n\n<li><strong>Sustainable development of biofertilizers: Synergies between Social, Environmental and Economic LCA in the European Sea2Land project<\/strong>. <mark style=\"background-color:rgba(0, 0, 0, 0)\" class=\"has-inline-color has-neve-link-color-color\">Jean-Fran\u00e7ois Fabre<\/mark><a href=\"mailto:jeanfrancois.fabre@toulouse-inp.fr\"><\/a>, Claire Vialle<a href=\"mailto:claire.vialle@toulouse-inp.fr\"><\/a>, Caroline Sablayrolles, <em>LCA-ENSIACET\/INPT-INRAE, France<\/em><\/li>\n\n\n\n<li><strong><a href=\"https:\/\/www.congres-mcv.com\/wp-content\/uploads\/2025\/11\/PresentationMCV2025_299_Calixto.pdf\">Towards an Integrated Circularity and Sustainability Assessment Framework: Application to Complex Medical Systems<\/a><\/strong>. <mark style=\"background-color:rgba(0, 0, 0, 0)\" class=\"has-inline-color has-neve-link-color-color\">Valentina Calixto<\/mark><sup>1,2<\/sup><a href=\"mailto:angievalentina.calixtocardenas@gehealthcare.com\"><\/a>,Francois Cluzel<sup>1<\/sup><a href=\"mailto:francois.cluzel@centralesupelec.fr\"><\/a>, Ghada Bouillass<sup>1<\/sup><a href=\"mailto:ghada.bouillass@centralesupelec.fr\"><\/a>, Robert Heidsieck<sup>2<\/sup><a href=\"mailto:robert.heidsieck@gehealthcare.com\"><\/a>, Abdelhamid Boujarif<sup>2<\/sup><a href=\"mailto:abdelhamid.boujarif1@gehealthcare.com\"><\/a>, Laurent Bourgeois<sup>3<\/sup><a href=\"mailto:Laurent.BOURGEOIS@chu-rennes.fr\"><\/a>, Vanessa Brun<sup>3<\/sup> <em>1: Universit\u00e9 Paris-Saclay, CentraleSup\u00e9lec, Laboratoire Genie Industriel, France; 2: GE Healthcare, France; 3: CHU Rennes, France<\/em><\/li>\n<\/ol>\n<\/div><\/div><\/div>\n\n\n\n<div class=\"wp-block-kadence-pane kt-accordion-pane kt-accordion-pane-6 kt-pane2346_39b482-78\" id=\"session-6\"><div class=\"kt-accordion-header-wrap translation-block\"><button class=\"kt-blocks-accordion-header kt-acccordion-button-label-show\" type=\"button\" id=\"kt-accordion-header-392747\" aria-controls=\"kt-accordion-panel-392747\" data-kt-accordion-header-id=\"5\" aria-expanded=\"false\">\n  <span class=\"kt-blocks-accordion-title-wrap\">\n    <span class=\"kt-blocks-accordion-title\">\n      <strong>Towards a circular economy of materials:<\/strong> <strong>what role for life cycle management?<\/strong><br>\n      <em>Philippe Loubet (ISM Bordeaux) and Alexandre Charpentier Poncelet (Mocaja)<\/em>\n    <\/span>\n  <\/span>\n  <span class=\"kt-blocks-accordion-icon-trigger\"><\/span>\n<\/button><\/div><div class=\"kt-accordion-panel kt-accordion-panel-hidden\"><div class=\"kt-accordion-panel-inner\">\n<ol class=\"wp-block-list\">\n<li><strong><a href=\"https:\/\/www.congres-mcv.com\/wp-content\/uploads\/2025\/11\/2511_SD_PRE_203_Conges_MCV_Life_cycle_assessment_record_cable_with_almost_100__recycled_materials.pptx\">Record cable with almost 100% recycled materials<\/a><\/strong>. <mark style=\"background-color:rgba(0, 0, 0, 0)\" class=\"has-inline-color has-neve-link-color-color\">Shifa Meyer<\/mark>,<em> NEXANS<\/em><\/li>\n\n\n\n<li><a href=\"https:\/\/www.congres-mcv.com\/wp-content\/uploads\/2025\/11\/PresentationMCV2025_104_Roderich.pptx\"><strong>The environmental performance of upcycling: A comparative life cycle assessment in the apparel industry<\/strong>.<\/a> <mark style=\"background-color:rgba(0, 0, 0, 0)\" class=\"has-inline-color has-neve-link-color-color\">Marie-Sophie Roderich<\/mark><sup>1<\/sup><a href=\"mailto:sophie.roderich@list.lu\"><\/a>,Micha\u00ebl Saidani<sup>1<\/sup><a href=\"mailto:michael.saidani@list.lu\"><\/a>, Ana-Luisa Teixeira<sup>2<\/sup><a href=\"mailto:Ana-Luisa.Teixeira@hut.lu\"><\/a>, Enrico Benetto<sup>1<\/sup>, <em>1: Luxembourg Institute of Science and Technology; 2: HUT - H\u00ebllef um Terrain a.s.bl.<\/em><\/li>\n\n\n\n<li><strong>Towards a circular bio-economy for plastics? LCA as a compass against the illusions of substitution<\/strong>. <mark style=\"background-color:rgba(0, 0, 0, 0)\" class=\"has-inline-color has-neve-link-color-color\">Bilal Erradhouani<\/mark><a href=\"mailto:bilal.erradhouani@u-bordeaux.fr\"><\/a>,Philippe Loubet<a href=\"mailto:philippe.loubet@u-bordeaux.fr\"><\/a>, V\u00e9ronique Coma<a href=\"mailto:veronique.coma@u-bordeaux.fr\"><\/a>,Guido Sonnemann<em>,<\/em>&nbsp;<em>Bordeaux University<\/em><\/li>\n\n\n\n<li><strong><a href=\"https:\/\/www.congres-mcv.com\/wp-content\/uploads\/2025\/11\/MCV_VALDELIA_VF.pdf\">LCA for improved practices and communication<\/a><\/strong>.<mark style=\"background-color:rgba(0, 0, 0, 0)\" class=\"has-inline-color has-neve-link-color-color\"> Maxime Pousse<\/mark><sup>1<\/sup><a href=\"mailto:maxime.pousse@elys-conseil.com\"><\/a>,Oc\u00e9ane Lannoy<sup>1<\/sup><a href=\"mailto:oceane.lannoy@elys-conseil.com\"><\/a>, Claire Pelletier<sup>2<\/sup>,<em> 1: ELYS Conseil, France; 2: VALDELIA<\/em><\/li>\n\n\n\n<li><a href=\"https:\/\/www.congres-mcv.com\/wp-content\/uploads\/2025\/11\/MCV_pres_Guth_clean_v1.2-1.pptx\"><strong>Dynamic Material Flow Analysis of Steel Mill Dross in Europe to 2050 for Critical Metals Recovery<\/strong>.<\/a> <mark style=\"background-color:rgba(0, 0, 0, 0)\" class=\"has-inline-color has-neve-link-color-color\">Basile Guth<\/mark><a href=\"mailto:b.guth@brgm.fr\"><\/a>,Audrey Philippe<a href=\"mailto:a.philippe@brgm.fr\"><\/a>, Daniel Monfort<em>,<\/em>&nbsp;<em>BRGM<\/em><\/li>\n<\/ol>\n<\/div><\/div><\/div>\n\n\n\n<div class=\"wp-block-kadence-pane kt-accordion-pane kt-accordion-pane-7 kt-pane2346_baa03b-b9\" id=\"session-7\"><div class=\"kt-accordion-header-wrap\"><button class=\"kt-blocks-accordion-header kt-acccordion-button-label-show\" type=\"button\"><span class=\"kt-blocks-accordion-title-wrap\"><span class=\"kt-blocks-accordion-title\"><strong>Prospective LCA of Scientific Research Projects<\/strong><br><em><em>Myriam Saad\u00e9 (CNRS) and Adrien Bily (ADEME)<\/em><\/em><\/span><\/span><span class=\"kt-blocks-accordion-icon-trigger\"><\/span><\/button><\/div><div class=\"kt-accordion-panel kt-accordion-panel-hidden\"><div class=\"kt-accordion-panel-inner\">\n<p><\/p>\n\n\n\n<ol class=\"wp-block-list\">\n<li class=\"uag-hide-mob\"><strong>Environmental assessment of a research program: proposal for a methodological framework<\/strong>. <mark style=\"background-color:rgba(0, 0, 0, 0)\" class=\"has-inline-color has-nv-c-1-color\">Myriam Saad\u00e9<\/mark><sup>1<\/sup><a href=\"mailto:myriam.saade@cnrs.fr\"><\/a><a href=\"https:\/\/orcid.org\/0000-0002-2219-792X\" target=\"_blank\" rel=\"noreferrer noopener\"><\/a>, Anne-C\u00e9cile Orgerie<sup>2<\/sup><a href=\"mailto:anne-cecile.orgerie@irisa.fr\"><\/a>, Serge Verdeyme<sup>3<\/sup>, <em>1: UTOPII, CNRS, AMU, ENSAM, ENPC, INSA Lyon, Sorbonne University 2: IRISA, CNRS 3: University of Limoges<\/em><\/li>\n\n\n\n<li><strong>Background modeling in foresight: a critical review of current practices<\/strong>. <mark style=\"background-color:rgba(0, 0, 0, 0)\" class=\"has-inline-color has-neve-link-color-color\">Denise Tavares Lima de Almeida<\/mark><sup>1<\/sup><a href=\"mailto:denise.almeida@cstb.fr\"><\/a>, Gabriel Valencia-Blati\u00e8re<sup>1,2<\/sup><a href=\"mailto:Gabriel.VALENCIA-BLATIERE@cstb.fr\"><\/a>, Bo Pedersen Weidema<sup>2<\/sup><a href=\"mailto:bweidema@plan.aau.dk\"><\/a>, Guilherme Magacho<sup>3<\/sup> , <em>1: Centre Scientifique et Technique du B\u00e2timent ; 2: Aalborg University ; 3: Agence Fran\u00e7aise de D\u00e9veloppement<\/em><\/li>\n\n\n\n<li class=\"has-neve-text-color-color has-text-color has-link-color wp-elements-55ed4b1134d4112d48742c834935ec61\"><strong><a href=\"https:\/\/www.congres-mcv.com\/wp-content\/uploads\/2025\/11\/20251119_MULTICRITERE_MCV_2025.pdf\">Towards a multi-criteria assessment of the environmental impact of research<\/a><\/strong>. <mark style=\"background-color:rgba(0, 0, 0, 0)\" class=\"has-inline-color has-nv-c-1-color\">Andr\u00e9 Estevez-Torres<\/mark><sup>1<\/sup><a href=\"mailto:philippe.loubet@u-bordeaux.fr\"><\/a><a href=\"https:\/\/orcid.org\/0000-0002-8600-0874\" target=\"_blank\" rel=\"noreferrer noopener\"><\/a>, Anthony Benoist<sup>2<\/sup><a href=\"mailto:anthony.benoist@cirad.fr\"><\/a>, J\u00e9r\u00f4me Mariette<sup>3<\/sup><a href=\"mailto:jerome.mariette@inrae.fr\"><\/a>, <mark style=\"background-color:rgba(0, 0, 0, 0)\" class=\"has-inline-color has-neve-text-color-color\">Philippe Loubet<\/mark><sup>4<\/sup>, <em>1: Univ. Bordeaux, CNRS, Bordeaux INP, ISM (UMR 5255), Talence; 2: CIRAD, UPR BioWooEB, Saint-Denis, R\u00e9union; 3: INRAE, Toulouse; 4: Universit\u00e9 de Lille, CNRS, LASIRE (UMR 8516), Villeneuve d'Ascq<\/em><\/li>\n\n\n\n<li><strong>How to Conduct Lab-Scale LCA Meaningfully? Lessons learned from a case study on Photovoltaics<\/strong>. <mark style=\"background-color:rgba(0, 0, 0, 0)\" class=\"has-inline-color has-neve-link-color-color\">A. Kamal Kamali<\/mark><sup>1<\/sup><a href=\"mailto:kmal.ngv@gmail.com\"><\/a>,Guido Sonnemann<sup>1<\/sup><a href=\"mailto:guido.sonnemann@u-bordeaux.fr\"><\/a>, Bertrand Laratte<sup>2,3<\/sup><em> , <\/em>&nbsp;1: Univ. Bordeaux, CNRS, Bordeaux INP, ISM, UMR 5255, Groupe Analyse du Cycle de Vie et Chimie Durable (CyVi); 2: Department of Wood and Forest Sciences, Laval University, Quebec, QC G1V 0A6, Canada; 3: Arts et M\u00e9tiers Institute of Technology, University of Bordeaux, CNRS, Bordeaux INP, INRAE, I2M Bordeaux, F-33400 Talence, France<\/li>\n\n\n\n<li><strong><a href=\"https:\/\/www.congres-mcv.com\/wp-content\/uploads\/2025\/11\/Riondet_et_al._-_Conference_MCV_-_reflexions_sur_la_soutenabilite_environnementale_absolue_des_infra.pdf\">Reflections on the absolute environmental sustainability of research infrastructures: positioning on sharing principles.<\/a><\/strong><em><mark style=\"background-color:rgba(0, 0, 0, 0)\" class=\"has-inline-color has-neve-link-color-color\"> <\/mark><\/em><mark style=\"background-color:rgba(0, 0, 0, 0)\" class=\"has-inline-color has-neve-link-color-color\">Lucas Riondet<\/mark><sup>1,2<\/sup><a href=\"mailto:lucas.riondet@grenoble-inp.fr\"><\/a><a href=\"https:\/\/orcid.org\/0000-0001-5293-4022\" target=\"_blank\" rel=\"noreferrer noopener\"><\/a>, Severin Valla<sup>2<\/sup><a href=\"mailto:severin.valla@g2elab.grenoble-inp.fr\"><\/a>, Sacha Hodencq<sup>2<\/sup><em>, 1: Univ. Grenoble Alpes, CNRS, Grenoble INP, G-SCOP; 2: Univ. Grenoble Alpes, CNRS, Grenoble INP, G2Elab<\/em><\/li>\n<\/ol>\n<\/div><\/div><\/div>\n<\/div><\/div><\/div>\n\n\n\n<div style=\"height:50px\" aria-hidden=\"true\" class=\"wp-block-spacer\"><\/div>\n\n\n\n<h3 class=\"wp-block-heading has-nv-site-bg-color has-neve-link-hover-color-background-color has-text-color has-background has-link-color wp-elements-778299c7f4a55f2dbbe3ecdb562bd8ae\">Sectors advances<\/h3>\n\n\n<style>.kt-accordion-id2346_57cb94-84 .kt-accordion-inner-wrap{column-gap:var(--global-kb-gap-md, 2rem);row-gap:10px;}.kt-accordion-id2346_57cb94-84 .kt-accordion-panel-inner{border-top:0px solid transparent;border-right:0px solid transparent;border-bottom:0px solid transparent;border-left:0px solid transparent;background:#ffffff;padding-top:var(--global-kb-spacing-sm, 1.5rem);padding-right:var(--global-kb-spacing-sm, 1.5rem);padding-bottom:var(--global-kb-spacing-sm, 1.5rem);padding-left:var(--global-kb-spacing-sm, 1.5rem);}.kt-accordion-id2346_57cb94-84 > .kt-accordion-inner-wrap > .wp-block-kadence-pane > .kt-accordion-header-wrap > .kt-blocks-accordion-header{border-top:0px solid #f2f2f2;border-right:0px solid #f2f2f2;border-bottom:0px solid #f2f2f2;border-left:0px solid #f2f2f2;border-top-left-radius:6px;border-top-right-radius:6px;border-bottom-right-radius:6px;border-bottom-left-radius:6px;background:var(--nv-light-bg);color:var(--nv-text-color);padding-top:14px;padding-right:16px;padding-bottom:14px;padding-left:16px;}.kt-accordion-id2346_57cb94-84:not( .kt-accodion-icon-style-basiccircle ):not( .kt-accodion-icon-style-xclosecircle ):not( .kt-accodion-icon-style-arrowcircle )  > .kt-accordion-inner-wrap > .wp-block-kadence-pane > .kt-accordion-header-wrap .kt-blocks-accordion-icon-trigger:after, .kt-accordion-id2346_57cb94-84:not( .kt-accodion-icon-style-basiccircle ):not( .kt-accodion-icon-style-xclosecircle ):not( .kt-accodion-icon-style-arrowcircle )  > .kt-accordion-inner-wrap > .wp-block-kadence-pane > .kt-accordion-header-wrap .kt-blocks-accordion-icon-trigger:before{background:var(--nv-text-color);}.kt-accordion-id2346_57cb94-84:not( .kt-accodion-icon-style-basic ):not( .kt-accodion-icon-style-xclose ):not( .kt-accodion-icon-style-arrow ) .kt-blocks-accordion-icon-trigger{background:var(--nv-text-color);}.kt-accordion-id2346_57cb94-84:not( .kt-accodion-icon-style-basic ):not( .kt-accodion-icon-style-xclose ):not( .kt-accodion-icon-style-arrow ) .kt-blocks-accordion-icon-trigger:after, .kt-accordion-id2346_57cb94-84:not( .kt-accodion-icon-style-basic ):not( .kt-accodion-icon-style-xclose ):not( .kt-accodion-icon-style-arrow ) .kt-blocks-accordion-icon-trigger:before{background:var(--nv-light-bg);}.kt-accordion-id2346_57cb94-84 > .kt-accordion-inner-wrap > .wp-block-kadence-pane > .kt-accordion-header-wrap > .kt-blocks-accordion-header:hover, \n\t\t\t\tbody:not(.hide-focus-outline) .kt-accordion-id2346_57cb94-84 .kt-blocks-accordion-header:focus-visible{color:#444444;background:#eeeeee;border-top-color:#eeeeee;border-top-style:solid;border-right-color:#eeeeee;border-right-style:solid;border-bottom-color:#eeeeee;border-bottom-style:solid;border-left-color:#eeeeee;border-left-style:solid;}.kt-accordion-id2346_57cb94-84:not( .kt-accodion-icon-style-basiccircle ):not( .kt-accodion-icon-style-xclosecircle ):not( .kt-accodion-icon-style-arrowcircle ) .kt-accordion-header-wrap .kt-blocks-accordion-header:hover .kt-blocks-accordion-icon-trigger:after, .kt-accordion-id2346_57cb94-84:not( .kt-accodion-icon-style-basiccircle ):not( .kt-accodion-icon-style-xclosecircle ):not( .kt-accodion-icon-style-arrowcircle ) .kt-accordion-header-wrap .kt-blocks-accordion-header:hover .kt-blocks-accordion-icon-trigger:before, body:not(.hide-focus-outline) .kt-accordion-id2346_57cb94-84:not( .kt-accodion-icon-style-basiccircle ):not( .kt-accodion-icon-style-xclosecircle ):not( .kt-accodion-icon-style-arrowcircle ) .kt-blocks-accordion--visible .kt-blocks-accordion-icon-trigger:after, body:not(.hide-focus-outline) .kt-accordion-id2346_57cb94-84:not( .kt-accodion-icon-style-basiccircle ):not( .kt-accodion-icon-style-xclosecircle ):not( .kt-accodion-icon-style-arrowcircle ) .kt-blocks-accordion-header:focus-visible .kt-blocks-accordion-icon-trigger:before{background:#444444;}.kt-accordion-id2346_57cb94-84:not( .kt-accodion-icon-style-basic ):not( .kt-accodion-icon-style-xclose ):not( .kt-accodion-icon-style-arrow ) .kt-accordion-header-wrap .kt-blocks-accordion-header:hover .kt-blocks-accordion-icon-trigger, body:not(.hide-focus-outline) .kt-accordion-id2346_57cb94-84:not( .kt-accodion-icon-style-basic ):not( .kt-accodion-icon-style-xclose ):not( .kt-accodion-icon-style-arrow ) .kt-accordion-header-wrap .kt-blocks-accordion-header:focus-visible .kt-blocks-accordion-icon-trigger{background:#444444;}.kt-accordion-id2346_57cb94-84:not( .kt-accodion-icon-style-basic ):not( .kt-accodion-icon-style-xclose ):not( .kt-accodion-icon-style-arrow ) .kt-accordion-header-wrap .kt-blocks-accordion-header:hover .kt-blocks-accordion-icon-trigger:after, .kt-accordion-id2346_57cb94-84:not( .kt-accodion-icon-style-basic ):not( .kt-accodion-icon-style-xclose ):not( .kt-accodion-icon-style-arrow ) .kt-accordion-header-wrap .kt-blocks-accordion-header:hover .kt-blocks-accordion-icon-trigger:before, body:not(.hide-focus-outline) .kt-accordion-id2346_57cb94-84:not( .kt-accodion-icon-style-basic ):not( .kt-accodion-icon-style-xclose ):not( .kt-accodion-icon-style-arrow ) .kt-accordion-header-wrap .kt-blocks-accordion-header:focus-visible .kt-blocks-accordion-icon-trigger:after, body:not(.hide-focus-outline) .kt-accordion-id2346_57cb94-84:not( .kt-accodion-icon-style-basic ):not( .kt-accodion-icon-style-xclose ):not( .kt-accodion-icon-style-arrow ) .kt-accordion-header-wrap .kt-blocks-accordion-header:focus-visible .kt-blocks-accordion-icon-trigger:before{background:#eeeeee;}.kt-accordion-id2346_57cb94-84 .kt-accordion-header-wrap .kt-blocks-accordion-header:focus-visible,\n\t\t\t\t.kt-accordion-id2346_57cb94-84 > .kt-accordion-inner-wrap > .wp-block-kadence-pane > .kt-accordion-header-wrap > .kt-blocks-accordion-header.kt-accordion-panel-active{color:#ffffff;background:rgba(0,159,227,0.6);border-top-color:#BE530B;border-top-style:solid;border-right-color:#BE530B;border-right-style:solid;border-bottom-color:#BE530B;border-bottom-style:solid;border-left-color:#BE530B;border-left-style:solid;}.kt-accordion-id2346_57cb94-84:not( .kt-accodion-icon-style-basiccircle ):not( .kt-accodion-icon-style-xclosecircle ):not( .kt-accodion-icon-style-arrowcircle )  > .kt-accordion-inner-wrap > .wp-block-kadence-pane > .kt-accordion-header-wrap > .kt-blocks-accordion-header.kt-accordion-panel-active .kt-blocks-accordion-icon-trigger:after, .kt-accordion-id2346_57cb94-84:not( .kt-accodion-icon-style-basiccircle ):not( .kt-accodion-icon-style-xclosecircle ):not( .kt-accodion-icon-style-arrowcircle )  > .kt-accordion-inner-wrap > .wp-block-kadence-pane > .kt-accordion-header-wrap > .kt-blocks-accordion-header.kt-accordion-panel-active .kt-blocks-accordion-icon-trigger:before{background:#ffffff;}.kt-accordion-id2346_57cb94-84:not( .kt-accodion-icon-style-basic ):not( .kt-accodion-icon-style-xclose ):not( .kt-accodion-icon-style-arrow ) .kt-blocks-accordion-header.kt-accordion-panel-active .kt-blocks-accordion-icon-trigger{background:#ffffff;}.kt-accordion-id2346_57cb94-84:not( .kt-accodion-icon-style-basic ):not( .kt-accodion-icon-style-xclose ):not( .kt-accodion-icon-style-arrow ) .kt-blocks-accordion-header.kt-accordion-panel-active .kt-blocks-accordion-icon-trigger:after, .kt-accordion-id2346_57cb94-84:not( .kt-accodion-icon-style-basic ):not( .kt-accodion-icon-style-xclose ):not( .kt-accodion-icon-style-arrow ) .kt-blocks-accordion-header.kt-accordion-panel-active .kt-blocks-accordion-icon-trigger:before{background:rgba(0,159,227,0.6);}@media all and (max-width: 1024px){.kt-accordion-id2346_57cb94-84 .kt-accordion-panel-inner{border-top:0px solid transparent;border-right:0px solid transparent;border-bottom:0px solid transparent;border-left:0px solid transparent;}}@media all and (max-width: 1024px){.kt-accordion-id2346_57cb94-84 > .kt-accordion-inner-wrap > .wp-block-kadence-pane > .kt-accordion-header-wrap > .kt-blocks-accordion-header{border-top:0px solid #f2f2f2;border-right:0px solid #f2f2f2;border-bottom:0px solid #f2f2f2;border-left:0px solid #f2f2f2;}}@media all and (max-width: 1024px){.kt-accordion-id2346_57cb94-84 > .kt-accordion-inner-wrap > .wp-block-kadence-pane > .kt-accordion-header-wrap > .kt-blocks-accordion-header:hover, \n\t\t\t\tbody:not(.hide-focus-outline) .kt-accordion-id2346_57cb94-84 .kt-blocks-accordion-header:focus-visible{border-top-color:#eeeeee;border-top-style:solid;border-right-color:#eeeeee;border-right-style:solid;border-bottom-color:#eeeeee;border-bottom-style:solid;border-left-color:#eeeeee;border-left-style:solid;}}@media all and (max-width: 1024px){.kt-accordion-id2346_57cb94-84 .kt-accordion-header-wrap .kt-blocks-accordion-header:focus-visible,\n\t\t\t\t.kt-accordion-id2346_57cb94-84 > .kt-accordion-inner-wrap > .wp-block-kadence-pane > .kt-accordion-header-wrap > .kt-blocks-accordion-header.kt-accordion-panel-active{border-top-color:#BE530B;border-top-style:solid;border-right-color:#BE530B;border-right-style:solid;border-bottom-color:#BE530B;border-bottom-style:solid;border-left-color:#BE530B;border-left-style:solid;}}@media all and (max-width: 767px){.kt-accordion-id2346_57cb94-84 .kt-accordion-inner-wrap{display:block;}.kt-accordion-id2346_57cb94-84 .kt-accordion-inner-wrap .kt-accordion-pane:not(:first-child){margin-top:10px;}.kt-accordion-id2346_57cb94-84 .kt-accordion-panel-inner{border-top:0px solid transparent;border-right:0px solid transparent;border-bottom:0px solid transparent;border-left:0px solid transparent;}.kt-accordion-id2346_57cb94-84 > .kt-accordion-inner-wrap > .wp-block-kadence-pane > .kt-accordion-header-wrap > .kt-blocks-accordion-header{border-top:0px solid #f2f2f2;border-right:0px solid #f2f2f2;border-bottom:0px solid #f2f2f2;border-left:0px solid #f2f2f2;}.kt-accordion-id2346_57cb94-84 > .kt-accordion-inner-wrap > .wp-block-kadence-pane > .kt-accordion-header-wrap > .kt-blocks-accordion-header:hover, \n\t\t\t\tbody:not(.hide-focus-outline) .kt-accordion-id2346_57cb94-84 .kt-blocks-accordion-header:focus-visible{border-top-color:#eeeeee;border-top-style:solid;border-right-color:#eeeeee;border-right-style:solid;border-bottom-color:#eeeeee;border-bottom-style:solid;border-left-color:#eeeeee;border-left-style:solid;}.kt-accordion-id2346_57cb94-84 .kt-accordion-header-wrap .kt-blocks-accordion-header:focus-visible,\n\t\t\t\t.kt-accordion-id2346_57cb94-84 > .kt-accordion-inner-wrap > .wp-block-kadence-pane > .kt-accordion-header-wrap > .kt-blocks-accordion-header.kt-accordion-panel-active{border-top-color:#BE530B;border-top-style:solid;border-right-color:#BE530B;border-right-style:solid;border-bottom-color:#BE530B;border-bottom-style:solid;border-left-color:#BE530B;border-left-style:solid;}}<\/style>\n<div class=\"wp-block-kadence-accordion alignnone\"><div class=\"kt-accordion-wrap kt-accordion-id2346_57cb94-84 kt-accordion-has-8-panes kt-active-pane-0 kt-accordion-block kt-pane-header-alignment-left kt-accodion-icon-style-arrow kt-accodion-icon-side-right\" style=\"max-width:none\"><div class=\"kt-accordion-inner-wrap\" data-allow-multiple-open=\"false\" data-start-open=\"none\">\n<div class=\"wp-block-kadence-pane kt-accordion-pane kt-accordion-pane-1 kt-pane2346_dd8ca9-e1\" id=\"session-8\"><div class=\"kt-accordion-header-wrap\"><button class=\"kt-blocks-accordion-header kt-acccordion-button-label-show\" type=\"button\"><span class=\"kt-blocks-accordion-title-wrap\"><span class=\"kt-blocks-accordion-title\"><strong>Life Cycle Management of Battery Solutions in Mobility, Stationary, and Industrial Applications<\/strong><br><em><em>Cl\u00e9mence Siret (SAFT) and Naeem Adibi (WeLOOP)<\/em><\/em><\/span><\/span><span class=\"kt-blocks-accordion-icon-trigger\"><\/span><\/button><\/div><div class=\"kt-accordion-panel kt-accordion-panel-hidden\"><div class=\"kt-accordion-panel-inner\">\n<ol class=\"wp-block-list\">\n<li><strong>Towards a direct recycling strategy for Li-ion batteries: experimental challenges and environmental assessment applied to different waste streams<\/strong>. <mark style=\"background-color:rgba(0, 0, 0, 0)\" class=\"has-inline-color has-neve-link-color-color\">Insaf Gaalich<\/mark><sup>1,2,3<\/sup><a href=\"mailto:insaf.gaalich@u-bordeaux.fr\"><\/a><a href=\"https:\/\/orcid.org\/0009-0006-6689-0546\" target=\"_blank\" rel=\"noreferrer noopener\"><\/a>, Gilles Philippot<sup>2,3<\/sup><a href=\"mailto:gilles.philippot@icmcb.cnrs.fr\"><\/a><a href=\"https:\/\/orcid.org\/0000-0001-8560-1240\" target=\"_blank\" rel=\"noreferrer noopener\"><\/a>, Jacob Olchowka<sup>2,3<\/sup><a href=\"mailto:jacob.olchowka@icmcb.cnrs.fr\"><\/a><a href=\"https:\/\/orcid.org\/0000-0001-7430-0266\" target=\"_blank\" rel=\"noreferrer noopener\"><\/a>,Philippe Loubet<sup>1<\/sup><em>, <\/em>&nbsp;<em>1: Univ. Bordeaux, CNRS ; 2: Univ. Bordeaux, CNRS ; 3: RS2E, French Network on Electrochemical Energy Storage<\/em><\/li>\n\n\n\n<li><strong>BATTERS: A collaborative platform for competitive lifecycle management in the battery industry<\/strong>. <mark style=\"background-color:rgba(0, 0, 0, 0)\" class=\"has-inline-color has-neve-link-color-color\">Lucas Madranges<\/mark><sup>1<\/sup><a href=\"mailto:lmadranges@ailoop.io\"><\/a>, Paul Pruvost<sup>1<\/sup><a href=\"mailto:ppruvost@ailoop.io\"><\/a>, Th\u00e9otime Pagies<sup>1<\/sup><a href=\"mailto:tpagies@ailoop.io\"><\/a>, Nathan Douillet<sup>1<\/sup><a href=\"mailto:ndouillet@ailoop.io\"><\/a>,Guillaume Szablewski<sup>1<\/sup><a href=\"mailto:gszablewski@ailoop.io\"><\/a>,Carolina Szablewski<sup>2<\/sup><a href=\"mailto:c.szablewski@weloop.org\"><\/a>,Noura Rahbani<sup>2<\/sup><a href=\"mailto:n.rahbani@weloop.org\"><\/a>,Emilie Guilvert<sup>2<\/sup><a href=\"mailto:e.guilvert@weloop.org\"><\/a>,Marie Beccat<sup>2<\/sup><a href=\"mailto:m.beccat@weloop.org\"><\/a>,Naeem Adibi<sup>2<\/sup>. <em>1: Ailoop, France; 2: WeLOOP, France<\/em><\/li>\n\n\n\n<li><a href=\"https:\/\/www.congres-mcv.com\/wp-content\/uploads\/2025\/11\/PresentationMCV2025_202_Boutrouelle.pptx\"><strong>Quantifying eco-design levers for automotive battery packs<\/strong>.<\/a> <mark style=\"background-color:rgba(0, 0, 0, 0)\" class=\"has-inline-color has-neve-link-color-color\">Mathis Boutrouelle<\/mark><a href=\"mailto:mathis.boutrouelle@cea.fr\"><\/a><a href=\"https:\/\/orcid.org\/0009-0003-7779-7150\" target=\"_blank\" rel=\"noreferrer noopener\"><\/a>, Remy Panariello<a href=\"mailto:remy.panariello@cea.fr\"><\/a><a href=\"https:\/\/orcid.org\/0009-0005-0120-8158\" target=\"_blank\" rel=\"noreferrer noopener\"><\/a>, Lisa-Lou Gracia<em>,<\/em>&nbsp;Univ. Grenoble Alpes, CEA, LITEN, DEHT<\/li>\n\n\n\n<li><strong><a href=\"https:\/\/www.congres-mcv.com\/wp-content\/uploads\/2025\/11\/PresentationMCV2025_230_SAMANOS.pdf\">Mecaware's innovative recycling process for building a reliable and sustainable sulfate-free battery industry.<\/a><\/strong> <mark style=\"background-color:rgba(0, 0, 0, 0)\" class=\"has-inline-color has-neve-link-color-color\">Beno\u00eet Samanos<\/mark><sup>1<\/sup><a href=\"mailto:benoit.samanos@mecaware.com\"><\/a>, Louis Poyet<sup>1<\/sup><a href=\"mailto:louis.poyet@mecaware.com\"><\/a>,Emilie Guilvert<sup>2<\/sup><a href=\"mailto:e.guilvert@weloop.org\"><\/a>, Naeem Adibi<sup>2<\/sup>, <em>1: Mecaware; 2: WeLOOP<\/em><\/li>\n\n\n\n<li><a href=\"https:\/\/www.congres-mcv.com\/wp-content\/uploads\/2025\/11\/CFF_MCV_2025.pdf\"><strong>Applying the Carbon Footprint Formula (CFF) framework to batteries: Overview of the Renault case study<\/strong>.<\/a> <mark style=\"background-color:rgba(0, 0, 0, 0)\" class=\"has-inline-color has-neve-link-color-color\">Noura Rahbani<\/mark><sup>1<\/sup><a href=\"mailto:n.rahbani@weloop.org\"><\/a>,&nbsp;<mark style=\"background-color:rgba(0, 0, 0, 0)\" class=\"has-inline-color has-neve-text-color-color\">Nadia Chibani<sup>2<\/sup><\/mark><a href=\"mailto:nadia.chibani@ampere.cars\"><\/a>, Yanlong Zhou<sup>2<\/sup><a href=\"mailto:yanlong.zhou@ampere.cars\"><\/a>, Quentin Nogarede<sup>3<\/sup><a href=\"mailto:quentin.nogarede@renault.com\"><\/a>,Naeem Adibi<sup>1<\/sup>, <em>1: WeLOOP; 2: Amp\u00e8re; 3: Renault Group<\/em><\/li>\n<\/ol>\n<\/div><\/div><\/div>\n\n\n\n<div class=\"wp-block-kadence-pane kt-accordion-pane kt-accordion-pane-2 kt-pane2346_5de5bb-c4\" id=\"session-9\"><div class=\"kt-accordion-header-wrap translation-block\"><button class=\"kt-blocks-accordion-header kt-acccordion-button-label-show\" type=\"button\" id=\"kt-accordion-header-77635\" aria-controls=\"kt-accordion-panel-77635\" data-kt-accordion-header-id=\"1\" aria-expanded=\"false\">\n  <span class=\"kt-blocks-accordion-title-wrap\">\n    <span class=\"kt-blocks-accordion-title\">\n      <strong>Integration of ecodesign practices into the design processes<\/strong><br>\n      <strong>of the transport and mobility industrial sector<\/strong><br>\n      <em>Virginie Rouquet (Safran Aircraft Engines) and Nicolas Perry (ENSAM)<\/em>\n    <\/span>\n  <\/span>\n  <span class=\"kt-blocks-accordion-icon-trigger\"><\/span>\n<\/button><\/div><div class=\"kt-accordion-panel kt-accordion-panel-hidden\"><div class=\"kt-accordion-panel-inner\">\n<ol class=\"wp-block-list\">\n<li><strong><a href=\"https:\/\/www.congres-mcv.com\/wp-content\/uploads\/2025\/11\/eco-conception_vs_reglementation.pptx\">Are LCA standards for eco-design adapted to regulations?<\/a><\/strong> <mark style=\"background-color:rgba(0, 0, 0, 0)\" class=\"has-inline-color has-neve-link-color-color\">Yves Babian<\/mark>, <em>Renault<\/em><\/li>\n\n\n\n<li><strong><a href=\"https:\/\/www.congres-mcv.com\/wp-content\/uploads\/2025\/11\/MCVconf_v3.pptx\">How to integrate life cycle thinking into decision-making<\/a><\/strong>. Karim Fradj<a href=\"mailto:karim.fradj@3ds.com\"><\/a>,&nbsp;<mark style=\"background-color:rgba(0, 0, 0, 0)\" class=\"has-inline-color has-neve-link-color-color\">Fabien Denise<\/mark><a href=\"mailto:fabien.denise@3ds.com\"><\/a>, Muriel Moreau, <em>Dassault Syst\u00e8mes<\/em><\/li>\n\n\n\n<li><strong><a href=\"https:\/\/www.congres-mcv.com\/wp-content\/uploads\/2025\/11\/PresentationMCV2025_185_VirginieRouquet.pdf\">Integrating eco-design into the technological maturity of aircraft engines<\/a><\/strong>. <mark style=\"background-color:rgba(0, 0, 0, 0)\" class=\"has-inline-color has-neve-link-color-color\">Virginie Rouquet<\/mark><mark style=\"background-color:rgba(0, 0, 0, 0)\" class=\"has-inline-color has-neve-text-color-color\">,<\/mark> Safran Aircraft Engines<\/li>\n\n\n\n<li><strong><a href=\"https:\/\/www.congres-mcv.com\/wp-content\/uploads\/2025\/11\/HTeulon_MCV_Draisy.pdf\">Innovative perspectives in eco-design<\/a><\/strong>. <mark style=\"background-color:rgba(0, 0, 0, 0)\" class=\"has-inline-color has-neve-link-color-color\">H\u00e9l\u00e8ne Teulon<a href=\"mailto:contact@gingko21.com\"><\/a>,&nbsp;<\/mark><mark style=\"background-color:rgba(0, 0, 0, 0)\" class=\"has-inline-color has-neve-text-color-color\">Fr\u00e9d\u00e9ric Th\u00e9baud<\/mark><a href=\"mailto:frederic.thebaud@gingko21.com\"><\/a>, C\u00e9cile Charles<em>,Gingko 21<\/em><\/li>\n\n\n\n<li><a href=\"https:\/\/www.congres-mcv.com\/wp-content\/uploads\/2025\/11\/Guillaume_Baptiste_MCV_2025V3.pptx\"><strong>Ecodesign method for electric vehicle batteries based on changing mobility habits<\/strong>.<\/a> <mark style=\"background-color:rgba(0, 0, 0, 0)\" class=\"has-inline-color has-neve-link-color-color\">Baptiste Guillaume<\/mark><sup>1,2<\/sup><a href=\"mailto:baptiste.guillaume@cea.fr\"><\/a><a href=\"https:\/\/orcid.org\/0009-0003-1317-4173\" target=\"_blank\" rel=\"noreferrer noopener\"><\/a>, Benoit Delinchant<sup>2<\/sup><a href=\"mailto:benoit.delinchant@G2Elab.grenoble-inp.fr\"><\/a><a href=\"https:\/\/orcid.org\/0000-0003-4296-0993\" target=\"_blank\" rel=\"noreferrer noopener\"><\/a>, Anh-Linh Bui Van<sup>1<\/sup><a href=\"mailto:Anh-Linh.BUIVAN@cea.fr\"><\/a><a href=\"https:\/\/orcid.org\/0009-0003-8025-6582\" target=\"_blank\" rel=\"noreferrer noopener\"><\/a>, Sacha Hodencq<sup>2<\/sup><em>,<\/em>&nbsp;<em>1: Univ. Grenoble Alpes, CEA, LITEN, DEHT; 2: Univ. Grenoble Alpes, CNRS, Grenoble INP, G2Elab<\/em><\/li>\n\n\n\n<li><strong><a href=\"https:\/\/www.congres-mcv.com\/wp-content\/uploads\/2025\/11\/MCV_2025_Camille_BILLOT_GRIMA_234_3_CBG_1.pdf\">Process LCA mapping tool and data collection aid - Sticker method<\/a><\/strong>. <mark style=\"background-color:rgba(0, 0, 0, 0)\" class=\"has-inline-color has-neve-link-color-color\">Camillot Billot Grima<\/mark>, Evea Conseil<\/li>\n<\/ol>\n<\/div><\/div><\/div>\n\n\n\n<div class=\"wp-block-kadence-pane kt-accordion-pane kt-accordion-pane-4 kt-pane2346_758140-4a\" id=\"session-10\"><div class=\"kt-accordion-header-wrap\"><button class=\"kt-blocks-accordion-header kt-acccordion-button-label-show\" type=\"button\"><span class=\"kt-blocks-accordion-title-wrap\"><span class=\"kt-blocks-accordion-title\"><strong>Space and Aerospace Sector \u2013 Integration of Life Cycle Thinking in Complex Systems \u2013 State of Play and Methodological Advances<\/strong> <strong>(1)<br><\/strong><em><em>Aur\u00e9lie Gallice-Tanguy (ESA) and <\/em>Muriel Saccoccio<em>(CNES)<\/em><\/em><\/span><\/span><span class=\"kt-blocks-accordion-icon-trigger\"><\/span><\/button><\/div><div class=\"kt-accordion-panel kt-accordion-panel-hidden\"><div class=\"kt-accordion-panel-inner\">\n<ol class=\"wp-block-list\">\n<li><strong><a href=\"https:\/\/www.congres-mcv.com\/wp-content\/uploads\/2025\/12\/Space_Fresco_en_-_2025_11_18_-_MCV_Space_Sessions.pptx\">Towards a sustainable space sector - The space mural as a catalyst for change<\/a><\/strong>. <mark style=\"background-color:rgba(0, 0, 0, 0)\" class=\"has-inline-color has-neve-link-color-color\">Matthieu Derrey<\/mark><sup>1<\/sup><a href=\"mailto:azurite.earth@proton.me\"><\/a>, Eliott Marceau<sup>2<\/sup>&nbsp;1: AZURI<em>TE ; 2: AERO DECARBO<\/em><\/li>\n\n\n\n<li><strong><a href=\"https:\/\/www.congres-mcv.com\/wp-content\/uploads\/2025\/12\/Advancing_life_cycle_assessment_and_ecodesign_for_sustainable_space_programmes_Lessons_learned_indus.pdf\">Advancing life cycle assessment and ecodesign for sustainable space programmes: lessons learned, industry collaboration, and the path forward<\/a><\/strong>. <mark style=\"background-color:rgba(0, 0, 0, 0)\" class=\"has-inline-color has-neve-text-color-color\">Sara Morales<\/mark><sup>1<\/sup><a href=\"mailto:sara.morales@esa.int\"><\/a>, Enrico Tormena<sup>2<\/sup><a href=\"mailto:enrico.tormena@ext.esa.int\"><\/a>,&nbsp;<mark style=\"background-color:rgba(0, 0, 0, 0)\" class=\"has-inline-color has-neve-link-color-color\">Aur\u00e9lie Gallice-Tanguy<\/mark><sup>3<\/sup><em>, 1: ESOC, Darmstadt ; 2: ESTEC, Noordwijk ; 3: ESA Headquarters<\/em><\/li>\n\n\n\n<li><strong><a href=\"https:\/\/www.congres-mcv.com\/wp-content\/uploads\/2025\/12\/PresentationMCV2025_246_Xavier_Loizillon.pdf\">Striking a balance between precision and popularization: the need for simplified tools<\/a><\/strong>. <mark style=\"background-color:rgba(0, 0, 0, 0)\" class=\"has-inline-color has-neve-link-color-color\">Xavier Loizillon<\/mark><sup>1<\/sup><a href=\"mailto:xavier.loizillon@scalian.com\"><\/a>, Adam Le Gal<sup>1<\/sup><a href=\"mailto:adam.legal@scalian.com\"><\/a>, Eric Lorigny<sup>2<\/sup><a href=\"mailto:eric.lorigny@cnes.fr\"><\/a>,Tristan Debonnet<sup>2<\/sup>, 1: Scalian; 2: CNES<\/li>\n\n\n\n<li><strong><a href=\"https:\/\/www.congres-mcv.com\/wp-content\/uploads\/2025\/12\/2025_MCV_ACT.pptx\">Inclusion of LCA in the design of space missions: first applications of the ACT tool developed at the EPFL Space Center<\/a><\/strong>. <mark style=\"background-color:rgba(0, 0, 0, 0)\" class=\"has-inline-color has-neve-link-color-color\">Marnix Verkammen<\/mark><a href=\"mailto:marnix.verkammen@epfl.ch\"><\/a>, Mathieu Udriot<a href=\"mailto:mathieu.udriot@epfl.ch\"><\/a>, Emmanuelle David<em>,<\/em>&nbsp;EPFL Space Center, Switzerland<\/li>\n\n\n\n<li><strong><a href=\"https:\/\/www.congres-mcv.com\/wp-content\/uploads\/2025\/12\/Presentation_MCV2025_154_Celine_Brun-Buisson_2.pptx\">Challenges and prospects of ecodesign in the space sector: towards an adaptation of tools and data<\/a><\/strong>. <mark style=\"background-color:rgba(0, 0, 0, 0)\" class=\"has-inline-color has-neve-link-color-color\">C\u00e9line Bruin Buisson<\/mark>, <mark style=\"background-color:rgba(0, 0, 0, 0)\" class=\"has-inline-color has-neve-text-color-color\">Blandine Qu\u00e9lennec<\/mark>, <em>Department of Environmental Sustainability, ArianeGroup<\/em><\/li>\n\n\n\n<li><strong><a href=\"https:\/\/www.congres-mcv.com\/wp-content\/uploads\/2025\/12\/PresentationMCV2025_111_Sansa_Bernat.pdf\">Eco-design of an optical baffle for space missions<\/a><\/strong>. <mark style=\"background-color:rgba(0, 0, 0, 0)\" class=\"has-inline-color has-neve-link-color-color\">Maria Sansa Bernat<\/mark><a href=\"mailto:m.sansa-bernat@mecano-id.fr\"><\/a>, Nordin Lebbad<a href=\"mailto:n.lebbad@mecano-id.fr\"><\/a>,Adrien Mir<em>,<\/em>&nbsp;<em>MECANO ID<\/em><\/li>\n<\/ol>\n<\/div><\/div><\/div>\n\n\n\n<div class=\"wp-block-kadence-pane kt-accordion-pane kt-accordion-pane-8 kt-pane2346_ced9b7-16\" id=\"session-10bis\"><div class=\"kt-accordion-header-wrap\"><button class=\"kt-blocks-accordion-header kt-acccordion-button-label-show\" type=\"button\"><span class=\"kt-blocks-accordion-title-wrap\"><span class=\"kt-blocks-accordion-title\"><strong>Space and Aerospace Sector \u2013 Integration of Life Cycle Thinking in Complex Systems \u2013 State of Play and Methodological Advances<\/strong> <strong>(2)<br><\/strong><em><em>Aur\u00e9lie Gallice-Tanguy (ESA) and <em>Muriel Saccoccio<\/em><\/em><\/em> <em><em>(CNES)<\/em><\/em><\/span><\/span><span class=\"kt-blocks-accordion-icon-trigger\"><\/span><\/button><\/div><div class=\"kt-accordion-panel kt-accordion-panel-hidden\"><div class=\"kt-accordion-panel-inner\">\n<ol class=\"wp-block-list\">\n<li><strong><a href=\"https:\/\/www.congres-mcv.com\/wp-content\/uploads\/2025\/12\/MCV-Presentation-Shantanu-v3-script.pptx\">A Life Cycle-based methodology for material tradeoffs in aircraft design<\/a><\/strong>. <mark style=\"background-color:rgba(0, 0, 0, 0)\" class=\"has-inline-color has-neve-link-color-color\">Shantanu Rajendra Sapre<\/mark><sup>1<\/sup><a href=\"mailto:sapreshantanu@gmail.com\"><\/a>, Joseph Morlier<sup>2<\/sup><a href=\"mailto:joseph.morlier@isae-supaero.fr\"><\/a>, Christian Gogu<sup>2<\/sup><a href=\"mailto:christian.gogu@isae-supaero.fr\"><\/a>, Olivier Grellou<sup>3<\/sup>, <em>1: ISAE-SUPAERO, University of Toulouse; 2: ISAE-SUPAERO, ICA, MINES ALBI, UPS, INSA, CNRS; 3: Airbus Operations SAS<\/em><\/li>\n\n\n\n<li><strong><a href=\"https:\/\/www.congres-mcv.com\/wp-content\/uploads\/2025\/12\/Conference_MCV_2025_ACV_moteur_ADupont.pdf\">Aircraft engine LCA: best practices and methodological gains applied to an aircraft engine manufacturer.<\/a><\/strong> Julia Andrieu<a href=\"mailto:julia.andrieu@safrangroup.com\"><\/a>,&nbsp;<mark style=\"background-color:rgba(0, 0, 0, 0)\" class=\"has-inline-color has-neve-link-color-color\">Audrey Dupont<\/mark><em>,<\/em>&nbsp;<em>Safran Aircraft Engines<\/em><\/li>\n\n\n\n<li><a href=\"https:\/\/www.congres-mcv.com\/wp-content\/uploads\/2025\/12\/PresentationMCV2025_182_CLUZEL.pptx\"><strong>Development of a knowledge model to promote eco-design in the space sector<\/strong>.<\/a> <mark style=\"background-color:rgba(0, 0, 0, 0)\" class=\"has-inline-color has-neve-link-color-color\">Fran\u00e7ois Cluzel<\/mark><sup>1,2<\/sup><a href=\"mailto:francois.cluzel@centralesupelec.fr\"><\/a>,Vincent Holley<sup>3<\/sup><a href=\"mailto:vincent@geeglee.net\"><\/a>,Tristan Debonnet<sup>4<\/sup><a href=\"mailto:Tristan.Debonnet.External@cnes.fr\"><\/a>, Alain Rosak<sup>4<\/sup>, <em>1: Universit\u00e9 Paris-Saclay, CentraleSup\u00e9lec, Laboratoire Genie Industriel ; 2: HyB'RID ; 3: Geeglee ; 4: CNES<\/em><\/li>\n\n\n\n<li><strong><a href=\"https:\/\/www.congres-mcv.com\/wp-content\/uploads\/2025\/12\/PresentationMCV2025_191_MANUEL_de_CONDINGUY_Alban.pptx\">The environmental impact of pooling and sharing space missions through life cycle assessment: Space locker<\/a><\/strong>. <mark style=\"background-color:rgba(0, 0, 0, 0)\" class=\"has-inline-color has-neve-link-color-color\">Alban MANUEL de CONDINGUY<\/mark>, Space Locker<\/li>\n\n\n\n<li><strong><a href=\"https:\/\/www.congres-mcv.com\/wp-content\/uploads\/2025\/12\/2025_MaiaSpace_Ott_MCV_Bordeaux.pdf\">MaiaSpace: Feedback on the environmental approach to a partially reusable European launcher.<\/a><\/strong> <mark style=\"background-color:rgba(0, 0, 0, 0)\" class=\"has-inline-color has-neve-link-color-color\">Antoinette Ott<\/mark><em>,MaiaSpace<\/em><\/li>\n\n\n\n<li><strong><a href=\"https:\/\/www.congres-mcv.com\/wp-content\/uploads\/2025\/12\/PresentationMCV2025___200___LHABITANT.pdf\">Integrating environmental issues with socio-economic pressures in spatial projects<\/a><\/strong>. <mark style=\"background-color:rgba(0, 0, 0, 0)\" class=\"has-inline-color has-neve-link-color-color\">Coralie Lhabitant<\/mark><sup>1,2,3<\/sup><a href=\"mailto:coralie.lhabitant@cnes.fr\"><\/a>, Victor Dos Santos Paulino<sup>2<\/sup><a href=\"mailto:v.dossantospaulino@tbs-education.fr\"><\/a>, Christian Gnekpe<sup>2<\/sup><a href=\"mailto:c.gnekpe@tbs-education.fr\"><\/a>, Laurent Deroin<sup>1<\/sup><em>, 1: CNES; 2: TBS Business School; 3: Toulouse School of Management<\/em><\/li>\n<\/ol>\n<\/div><\/div><\/div>\n\n\n\n<div class=\"wp-block-kadence-pane kt-accordion-pane kt-accordion-pane-5 kt-pane2346_2f93bf-f0\" id=\"session-11\"><div class=\"kt-accordion-header-wrap\"><button class=\"kt-blocks-accordion-header kt-acccordion-button-label-show\" type=\"button\"><span class=\"kt-blocks-accordion-title-wrap\"><span class=\"kt-blocks-accordion-title\"><strong>Energy Transition and LCA: Towards a Prospective, Dynamic, and Spatially-Explicit Approach<\/strong><br><em><em>Mathilde Marchand-Lasserre (MINES Paris) and Nicolas Rogy (IFPEN)<\/em><\/em><\/span><\/span><span class=\"kt-blocks-accordion-icon-trigger\"><\/span><\/button><\/div><div class=\"kt-accordion-panel kt-accordion-panel-hidden\"><div class=\"kt-accordion-panel-inner\">\n<ol class=\"wp-block-list\">\n<li><a href=\"https:\/\/www.congres-mcv.com\/wp-content\/uploads\/2025\/11\/MCV2025_FutureEnvImpactsofH2productionFrancce.pptx\"><strong>Lifecycle analysis of hydrogen production in France: impact mapping and trends to 2035-2050<\/strong>.<\/a><mark style=\"background-color:rgba(0, 0, 0, 0)\" class=\"has-inline-color has-neve-link-color-color\"> Fran\u00e7ois-Xavier Dezert<\/mark><sup>1,2<\/sup><a href=\"mailto:francois-xavier.dezert@ifpen.fr\"><\/a>, Guillaume Bat\u00f4t<sup>1<\/sup><a href=\"mailto:guillaume.batot@ifpen.fr\"><\/a>, Myriam M\u00e9rad<sup>2<\/sup>,&nbsp;<em>1: IFP Energies nouvelle ; 2: UMR LAMSADE, CNRS<\/em><\/li>\n\n\n\n<li><a href=\"https:\/\/www.congres-mcv.com\/wp-content\/uploads\/2025\/11\/PresentationMCV2025_125_SERGHINI.pptx\"><strong>What Is the Most Environmentally Sustainable Strategy to Supply Green Hydrogen to Europe?<\/strong> <\/a><mark style=\"background-color:rgba(0, 0, 0, 0)\" class=\"has-inline-color has-neve-link-color-color\">Salma Serghini<\/mark><sup>1<\/sup><a href=\"mailto:salma.serghini@u-bordeaux.fr\"><\/a>, Emmanuel Mignard<sup>1<\/sup><a href=\"mailto:emmanuel.mignard@u-bordeaux.fr\"><\/a>,St\u00e9phanie Muller<sup>2<\/sup><a href=\"mailto:S.Muller@brgm.fr\"><\/a>,Guido Sonnemann<sup>1<\/sup>&nbsp;<em>1: University of Bordeaux ; 2: BRGM<\/em><\/li>\n\n\n\n<li><strong><a href=\"https:\/\/www.congres-mcv.com\/wp-content\/uploads\/2025\/11\/MCV_ELYSxEDFRD_Meta-analyse_kWh_electronucleaire_251022.pdf\">Using meta-analysis tools in Life Cycle Assessment: Lessons from the case of \u00abgreenhouse gas emissions per kWh of nuclear power\u00bb.\u00bb<\/a><\/strong>. <mark style=\"background-color:rgba(0, 0, 0, 0)\" class=\"has-inline-color has-neve-link-color-color\">Pierre-Alexis Duvernois<\/mark><sup>1<\/sup><a href=\"mailto:pa.duvernois@elys-conseil.com\"><\/a>, Denis Le Boulch<sup>2<\/sup><a href=\"mailto:denis.le-boulch@edf.fr\"><\/a>, Yannick Le Guern<sup>1<\/sup><a href=\"mailto:yannick.leguern@elys-conseil.com\"><\/a>, No\u00ebmie Payen<sup>2<\/sup>&nbsp;<em>1: ELYS Conseil ; 2: EDF R&amp;D<\/em><\/li>\n\n\n\n<li><a href=\"https:\/\/www.congres-mcv.com\/wp-content\/uploads\/2025\/11\/MCV-2025_Jouannais_-final.pptx\"><strong>Coupling dynamic and environmental models for a prospective and spatialized assessment of agrivoltaics: methodological contribution in LCA.<\/strong>.<\/a> <mark style=\"background-color:rgba(0, 0, 0, 0)\" class=\"has-inline-color has-neve-link-color-color\">Pierre Jouannais<\/mark><sup>1,4<\/sup><a href=\"mailto:pierre.jouannais@inrae.fr\"><\/a><a href=\"https:\/\/orcid.org\/0000-0002-9342-6099\" target=\"_blank\" rel=\"noreferrer noopener\"><\/a>, Lia Rapella<sup>2<\/sup><a href=\"mailto:lia.rapella@lmd.ipsl.fr\"><\/a>, M\u00e9lanie Douziech<sup>3<\/sup><a href=\"mailto:melanie.douziech@agroscope.admin.ch\"><\/a><a href=\"https:\/\/orcid.org\/0000-0003-2920-6953\" target=\"_blank\" rel=\"noreferrer noopener\"><\/a>,Mathilde Marchand-Lasserre<sup>4<\/sup>&nbsp;<em>1: INRAE-ITAP; 2: Institut Pierre-Simon Laplace, LMD ; 3: Agroscope, Life Cycle Assessment Research Group ; 4: Centre Observation, Impacts, Energie (OIE), MINES Paris - PSL University<\/em><\/li>\n\n\n\n<li><a href=\"https:\/\/www.congres-mcv.com\/wp-content\/uploads\/2025\/11\/PresentationMCV2025_128_Souttre.pdf.pdf\"><strong>EnergyScope-LCA: a multi-sector energy model integrating prospective and regionalized LCA metrics<\/strong>.<\/a> <mark style=\"background-color:rgba(0, 0, 0, 0)\" class=\"has-inline-color has-neve-link-color-color\">Matthieu Souttre<\/mark><sup>1<\/sup>, Guillaume Majeau-Bettez<sup>1<\/sup>, Fran\u00e7ois Mar\u00e9chal<sup>1,2<\/sup>, Manuele Margni<sup>1,3<\/sup> <em>1:CIRAIG, \u00c9cole Polytechnique de Montreal ; 2:Industrial Process and Energy Systems Engineering group, \u00c9cole Polytechnique F\u00e9d\u00e9rale de Lausanne ; 3: CIRAIG, Institute for Sustainable Energy, University of Applied Sciences Western Switzerland<\/em><\/li>\n<\/ol>\n<\/div><\/div><\/div>\n\n\n\n<div class=\"wp-block-kadence-pane kt-accordion-pane kt-accordion-pane-6 kt-pane2346_cdf16d-91\" id=\"session-12\"><div class=\"kt-accordion-header-wrap\"><button class=\"kt-blocks-accordion-header kt-acccordion-button-label-show\" type=\"button\"><span class=\"kt-blocks-accordion-title-wrap\"><span class=\"kt-blocks-accordion-title\"><strong>Decision Support for Urban Development Projects<\/strong><br><em><em>Aurore Wurtz (Ecole des Ponts) and Maxime Trocm\u00e9 (Vinci)<\/em><\/em><\/span><\/span><span class=\"kt-blocks-accordion-icon-trigger\"><\/span><\/button><\/div><div class=\"kt-accordion-panel kt-accordion-panel-hidden\"><div class=\"kt-accordion-panel-inner\">\n<ol class=\"wp-block-list\">\n<li><strong><a href=\"https:\/\/www.congres-mcv.com\/wp-content\/uploads\/2025\/11\/PresentationMCV2025_107_Roux-1.pdf\">Applying LCA to the eco-design of urban projects<\/a><\/strong>. <mark style=\"background-color:rgba(0, 0, 0, 0)\" class=\"has-inline-color has-neve-link-color-color\">Charlotte Roux<\/mark><a href=\"mailto:charlotte.roux@minesparis.psl.eu\"><\/a><a href=\"https:\/\/orcid.org\/0000-0002-9176-5038\" target=\"_blank\" rel=\"noreferrer noopener\"><\/a>, Patrick Schalbart, <em>Mines Paris, PSL Universit\u00e9, Centre Energie Environnement et Proc\u00e9d\u00e9s (CEEP)<\/em><\/li>\n\n\n\n<li><a href=\"https:\/\/www.congres-mcv.com\/wp-content\/uploads\/2025\/11\/PresentationMCV2025_102_Mielniczek_HAL.pdf\"><strong>Improving Life Cycle Assessment for Urban Green Spaces: An Integrated Approach to Decision-Making<\/strong>.<\/a><mark style=\"background-color:rgba(0, 0, 0, 0)\" class=\"has-inline-color has-neve-link-color-color\"> Alexandre Mielniczek<\/mark><sup>1,2<\/sup><a href=\"mailto:alexandre.mielniczek@enpc.fr\"><\/a><a href=\"https:\/\/orcid.org\/0000-0001-8349-8956\" target=\"_blank\" rel=\"noreferrer noopener\"><\/a>,Charlotte Roux<sup>3<\/sup><a href=\"mailto:charlotte.roux@minesparis.psl.eu\"><\/a>, Florence Jacquinod<sup>2,4<\/sup><a href=\"mailto:florence.jacquinod@eivp-paris.fr\"><\/a>, Ad\u00e9la\u00efde Feraille<sup>1<\/sup><em>,<\/em>&nbsp;<em>1: Navier Laboratory - Ecole des Ponts; 2: LaSTIG - Laboratoire des Sciences et Technologies de l'Information G\u00e9ographique - IGN; 3: Mines de Paris; 4: EIVP - Ecole des Ing\u00e9nieurs de la Ville de Paris<\/em><\/li>\n\n\n\n<li><strong><a href=\"https:\/\/www.congres-mcv.com\/wp-content\/uploads\/2025\/11\/251016_mcv_2025_vf.pdf\">Assessment of environmental impacts of open spaces in relation to urban planning<\/a><\/strong>. <mark style=\"background-color:rgba(0, 0, 0, 0)\" class=\"has-inline-color has-neve-text-color-color\">L\u00e9onie Friot<sup>1,<\/sup><\/mark><sup>2<\/sup><a href=\"mailto:leonie.friot@laposte.net\"><\/a>, Eline Balland<sup>1,2<\/sup><a href=\"mailto:eline.balland@laposte.net\"><\/a>, <mark style=\"background-color:rgba(0, 0, 0, 0)\" class=\"has-inline-color has-neve-link-color-color\">Marie Frapin<\/mark><sup>1<\/sup><a href=\"mailto:m.frapin@efficacity.com\"><\/a>, Morgane Colombert<sup>1<\/sup><a href=\"mailto:m.colombert@efficacity.com\"><\/a>, Rune Andersen<sup>2<\/sup>, 1:<em> Efficacity ; 2: DTU<\/em><\/li>\n\n\n\n<li><strong>Integration of circular economy levers in upstream LCAs for development projects<\/strong>. <mark style=\"background-color:rgba(0, 0, 0, 0)\" class=\"has-inline-color has-neve-link-color-color\">Axelle Robert<\/mark><sup>1,2,3,4<\/sup><a href=\"mailto:a.robert@efficacity.com\"><\/a>, Morgane Colombert<sup>2<\/sup><a href=\"mailto:m.colombert@efficacity.com\"><\/a>, Elodie Mac\u00e9<sup>3<\/sup><a href=\"mailto:elodie.mace@cstb.com\"><\/a>, Cedissia About<sup>4<\/sup><a href=\"mailto:cedissia.about@paris.fr\"><\/a>, Agn\u00e8s Jullien<sup>5<\/sup><a href=\"mailto:agnes.jullien@univ-eiffel.fr\"><\/a>, Youssef Diab<sup>1,5<\/sup><em> 1: Lab'Urba, Universit\u00e9 Gustave Eiffel, France; 2: Efficacity; 3: CSTB; 4: Ville de Paris; 5: Universit\u00e9 Gustave Eiffel<\/em><\/li>\n\n\n\n<li><strong><a href=\"https:\/\/www.congres-mcv.com\/wp-content\/uploads\/2025\/11\/PresentationMCV2025_145_Gouraud.pdf\">Making urban LCAs more reliable: tools and database for taking uncertainties into account.<\/a> <\/strong><mark style=\"background-color:rgba(0, 0, 0, 0)\" class=\"has-inline-color has-neve-link-color-color\">Benoit Gouraud<\/mark><a href=\"mailto:benoit.gouraud@univ-angers.fr\"><\/a>,Marie-Lise Pannier, <em>Univ Angers, LARIS, SFR MATHSTIC<\/em><\/li>\n<\/ol>\n<\/div><\/div><\/div>\n<\/div><\/div><\/div>\n\n\n\n<div style=\"height:50px\" aria-hidden=\"true\" class=\"wp-block-spacer\"><\/div>\n\n\n\n<h3 class=\"wp-block-heading has-nv-site-bg-color has-text-color has-background has-link-color wp-elements-fc4b0644580120fddd382af8772582df\" style=\"background-color:#038480\">Methodological advances<\/h3>\n\n\n<style>.kt-accordion-id2346_bb35c9-0f .kt-accordion-inner-wrap{column-gap:var(--global-kb-gap-md, 2rem);row-gap:10px;}.kt-accordion-id2346_bb35c9-0f .kt-accordion-panel-inner{border-top:0px solid transparent;border-right:0px solid transparent;border-bottom:0px solid transparent;border-left:0px solid transparent;background:#ffffff;padding-top:var(--global-kb-spacing-sm, 1.5rem);padding-right:var(--global-kb-spacing-sm, 1.5rem);padding-bottom:var(--global-kb-spacing-sm, 1.5rem);padding-left:var(--global-kb-spacing-sm, 1.5rem);}.kt-accordion-id2346_bb35c9-0f > .kt-accordion-inner-wrap > .wp-block-kadence-pane > .kt-accordion-header-wrap > .kt-blocks-accordion-header{border-top:0px solid #f2f2f2;border-right:0px solid #f2f2f2;border-bottom:0px solid #f2f2f2;border-left:0px solid #f2f2f2;border-top-left-radius:6px;border-top-right-radius:6px;border-bottom-right-radius:6px;border-bottom-left-radius:6px;background:var(--nv-light-bg);color:var(--nv-text-color);padding-top:14px;padding-right:16px;padding-bottom:14px;padding-left:16px;}.kt-accordion-id2346_bb35c9-0f:not( .kt-accodion-icon-style-basiccircle ):not( .kt-accodion-icon-style-xclosecircle ):not( .kt-accodion-icon-style-arrowcircle )  > .kt-accordion-inner-wrap > .wp-block-kadence-pane > .kt-accordion-header-wrap .kt-blocks-accordion-icon-trigger:after, .kt-accordion-id2346_bb35c9-0f:not( .kt-accodion-icon-style-basiccircle ):not( .kt-accodion-icon-style-xclosecircle ):not( .kt-accodion-icon-style-arrowcircle )  > .kt-accordion-inner-wrap > .wp-block-kadence-pane > .kt-accordion-header-wrap .kt-blocks-accordion-icon-trigger:before{background:var(--nv-text-color);}.kt-accordion-id2346_bb35c9-0f:not( .kt-accodion-icon-style-basic ):not( .kt-accodion-icon-style-xclose ):not( .kt-accodion-icon-style-arrow ) .kt-blocks-accordion-icon-trigger{background:var(--nv-text-color);}.kt-accordion-id2346_bb35c9-0f:not( .kt-accodion-icon-style-basic ):not( .kt-accodion-icon-style-xclose ):not( .kt-accodion-icon-style-arrow ) .kt-blocks-accordion-icon-trigger:after, .kt-accordion-id2346_bb35c9-0f:not( .kt-accodion-icon-style-basic ):not( .kt-accodion-icon-style-xclose ):not( .kt-accodion-icon-style-arrow ) .kt-blocks-accordion-icon-trigger:before{background:var(--nv-light-bg);}.kt-accordion-id2346_bb35c9-0f > .kt-accordion-inner-wrap > .wp-block-kadence-pane > .kt-accordion-header-wrap > .kt-blocks-accordion-header:hover, \n\t\t\t\tbody:not(.hide-focus-outline) .kt-accordion-id2346_bb35c9-0f .kt-blocks-accordion-header:focus-visible{color:#444444;background:#eeeeee;border-top-color:#eeeeee;border-top-style:solid;border-right-color:#eeeeee;border-right-style:solid;border-bottom-color:#eeeeee;border-bottom-style:solid;border-left-color:#eeeeee;border-left-style:solid;}.kt-accordion-id2346_bb35c9-0f:not( .kt-accodion-icon-style-basiccircle ):not( .kt-accodion-icon-style-xclosecircle ):not( .kt-accodion-icon-style-arrowcircle ) .kt-accordion-header-wrap .kt-blocks-accordion-header:hover .kt-blocks-accordion-icon-trigger:after, .kt-accordion-id2346_bb35c9-0f:not( .kt-accodion-icon-style-basiccircle ):not( .kt-accodion-icon-style-xclosecircle ):not( .kt-accodion-icon-style-arrowcircle ) .kt-accordion-header-wrap .kt-blocks-accordion-header:hover .kt-blocks-accordion-icon-trigger:before, body:not(.hide-focus-outline) .kt-accordion-id2346_bb35c9-0f:not( .kt-accodion-icon-style-basiccircle ):not( .kt-accodion-icon-style-xclosecircle ):not( .kt-accodion-icon-style-arrowcircle ) .kt-blocks-accordion--visible .kt-blocks-accordion-icon-trigger:after, body:not(.hide-focus-outline) .kt-accordion-id2346_bb35c9-0f:not( .kt-accodion-icon-style-basiccircle ):not( .kt-accodion-icon-style-xclosecircle ):not( .kt-accodion-icon-style-arrowcircle ) .kt-blocks-accordion-header:focus-visible .kt-blocks-accordion-icon-trigger:before{background:#444444;}.kt-accordion-id2346_bb35c9-0f:not( .kt-accodion-icon-style-basic ):not( .kt-accodion-icon-style-xclose ):not( .kt-accodion-icon-style-arrow ) .kt-accordion-header-wrap .kt-blocks-accordion-header:hover .kt-blocks-accordion-icon-trigger, body:not(.hide-focus-outline) .kt-accordion-id2346_bb35c9-0f:not( .kt-accodion-icon-style-basic ):not( .kt-accodion-icon-style-xclose ):not( .kt-accodion-icon-style-arrow ) .kt-accordion-header-wrap .kt-blocks-accordion-header:focus-visible .kt-blocks-accordion-icon-trigger{background:#444444;}.kt-accordion-id2346_bb35c9-0f:not( .kt-accodion-icon-style-basic ):not( .kt-accodion-icon-style-xclose ):not( .kt-accodion-icon-style-arrow ) .kt-accordion-header-wrap .kt-blocks-accordion-header:hover .kt-blocks-accordion-icon-trigger:after, .kt-accordion-id2346_bb35c9-0f:not( .kt-accodion-icon-style-basic ):not( .kt-accodion-icon-style-xclose ):not( .kt-accodion-icon-style-arrow ) .kt-accordion-header-wrap .kt-blocks-accordion-header:hover .kt-blocks-accordion-icon-trigger:before, body:not(.hide-focus-outline) .kt-accordion-id2346_bb35c9-0f:not( .kt-accodion-icon-style-basic ):not( .kt-accodion-icon-style-xclose ):not( .kt-accodion-icon-style-arrow ) .kt-accordion-header-wrap .kt-blocks-accordion-header:focus-visible .kt-blocks-accordion-icon-trigger:after, body:not(.hide-focus-outline) .kt-accordion-id2346_bb35c9-0f:not( .kt-accodion-icon-style-basic ):not( .kt-accodion-icon-style-xclose ):not( .kt-accodion-icon-style-arrow ) .kt-accordion-header-wrap .kt-blocks-accordion-header:focus-visible .kt-blocks-accordion-icon-trigger:before{background:#eeeeee;}.kt-accordion-id2346_bb35c9-0f .kt-accordion-header-wrap .kt-blocks-accordion-header:focus-visible,\n\t\t\t\t.kt-accordion-id2346_bb35c9-0f > .kt-accordion-inner-wrap > .wp-block-kadence-pane > .kt-accordion-header-wrap > .kt-blocks-accordion-header.kt-accordion-panel-active{color:#ffffff;background:rgba(4,156,142,0.63);border-top-color:#BE530B;border-top-style:solid;border-right-color:#BE530B;border-right-style:solid;border-bottom-color:#BE530B;border-bottom-style:solid;border-left-color:#BE530B;border-left-style:solid;}.kt-accordion-id2346_bb35c9-0f:not( .kt-accodion-icon-style-basiccircle ):not( .kt-accodion-icon-style-xclosecircle ):not( .kt-accodion-icon-style-arrowcircle )  > .kt-accordion-inner-wrap > .wp-block-kadence-pane > .kt-accordion-header-wrap > .kt-blocks-accordion-header.kt-accordion-panel-active .kt-blocks-accordion-icon-trigger:after, .kt-accordion-id2346_bb35c9-0f:not( .kt-accodion-icon-style-basiccircle ):not( .kt-accodion-icon-style-xclosecircle ):not( .kt-accodion-icon-style-arrowcircle )  > .kt-accordion-inner-wrap > .wp-block-kadence-pane > .kt-accordion-header-wrap > .kt-blocks-accordion-header.kt-accordion-panel-active .kt-blocks-accordion-icon-trigger:before{background:#ffffff;}.kt-accordion-id2346_bb35c9-0f:not( .kt-accodion-icon-style-basic ):not( .kt-accodion-icon-style-xclose ):not( .kt-accodion-icon-style-arrow ) .kt-blocks-accordion-header.kt-accordion-panel-active .kt-blocks-accordion-icon-trigger{background:#ffffff;}.kt-accordion-id2346_bb35c9-0f:not( .kt-accodion-icon-style-basic ):not( .kt-accodion-icon-style-xclose ):not( .kt-accodion-icon-style-arrow ) .kt-blocks-accordion-header.kt-accordion-panel-active .kt-blocks-accordion-icon-trigger:after, .kt-accordion-id2346_bb35c9-0f:not( .kt-accodion-icon-style-basic ):not( .kt-accodion-icon-style-xclose ):not( .kt-accodion-icon-style-arrow ) .kt-blocks-accordion-header.kt-accordion-panel-active .kt-blocks-accordion-icon-trigger:before{background:rgba(4,156,142,0.63);}@media all and (max-width: 1024px){.kt-accordion-id2346_bb35c9-0f .kt-accordion-panel-inner{border-top:0px solid transparent;border-right:0px solid transparent;border-bottom:0px solid transparent;border-left:0px solid transparent;}}@media all and (max-width: 1024px){.kt-accordion-id2346_bb35c9-0f > .kt-accordion-inner-wrap > .wp-block-kadence-pane > .kt-accordion-header-wrap > .kt-blocks-accordion-header{border-top:0px solid #f2f2f2;border-right:0px solid #f2f2f2;border-bottom:0px solid #f2f2f2;border-left:0px solid #f2f2f2;}}@media all and (max-width: 1024px){.kt-accordion-id2346_bb35c9-0f > .kt-accordion-inner-wrap > .wp-block-kadence-pane > .kt-accordion-header-wrap > .kt-blocks-accordion-header:hover, \n\t\t\t\tbody:not(.hide-focus-outline) .kt-accordion-id2346_bb35c9-0f .kt-blocks-accordion-header:focus-visible{border-top-color:#eeeeee;border-top-style:solid;border-right-color:#eeeeee;border-right-style:solid;border-bottom-color:#eeeeee;border-bottom-style:solid;border-left-color:#eeeeee;border-left-style:solid;}}@media all and (max-width: 1024px){.kt-accordion-id2346_bb35c9-0f .kt-accordion-header-wrap .kt-blocks-accordion-header:focus-visible,\n\t\t\t\t.kt-accordion-id2346_bb35c9-0f > .kt-accordion-inner-wrap > .wp-block-kadence-pane > .kt-accordion-header-wrap > .kt-blocks-accordion-header.kt-accordion-panel-active{border-top-color:#BE530B;border-top-style:solid;border-right-color:#BE530B;border-right-style:solid;border-bottom-color:#BE530B;border-bottom-style:solid;border-left-color:#BE530B;border-left-style:solid;}}@media all and (max-width: 767px){.kt-accordion-id2346_bb35c9-0f .kt-accordion-inner-wrap{display:block;}.kt-accordion-id2346_bb35c9-0f .kt-accordion-inner-wrap .kt-accordion-pane:not(:first-child){margin-top:10px;}.kt-accordion-id2346_bb35c9-0f .kt-accordion-panel-inner{border-top:0px solid transparent;border-right:0px solid transparent;border-bottom:0px solid transparent;border-left:0px solid transparent;}.kt-accordion-id2346_bb35c9-0f > .kt-accordion-inner-wrap > .wp-block-kadence-pane > .kt-accordion-header-wrap > .kt-blocks-accordion-header{border-top:0px solid #f2f2f2;border-right:0px solid #f2f2f2;border-bottom:0px solid #f2f2f2;border-left:0px solid #f2f2f2;}.kt-accordion-id2346_bb35c9-0f > .kt-accordion-inner-wrap > .wp-block-kadence-pane > .kt-accordion-header-wrap > .kt-blocks-accordion-header:hover, \n\t\t\t\tbody:not(.hide-focus-outline) .kt-accordion-id2346_bb35c9-0f .kt-blocks-accordion-header:focus-visible{border-top-color:#eeeeee;border-top-style:solid;border-right-color:#eeeeee;border-right-style:solid;border-bottom-color:#eeeeee;border-bottom-style:solid;border-left-color:#eeeeee;border-left-style:solid;}.kt-accordion-id2346_bb35c9-0f .kt-accordion-header-wrap .kt-blocks-accordion-header:focus-visible,\n\t\t\t\t.kt-accordion-id2346_bb35c9-0f > .kt-accordion-inner-wrap > .wp-block-kadence-pane > .kt-accordion-header-wrap > .kt-blocks-accordion-header.kt-accordion-panel-active{border-top-color:#BE530B;border-top-style:solid;border-right-color:#BE530B;border-right-style:solid;border-bottom-color:#BE530B;border-bottom-style:solid;border-left-color:#BE530B;border-left-style:solid;}}<\/style>\n<div class=\"wp-block-kadence-accordion alignnone\"><div class=\"kt-accordion-wrap kt-accordion-id2346_bb35c9-0f kt-accordion-has-5-panes kt-active-pane-0 kt-accordion-block kt-pane-header-alignment-left kt-accodion-icon-style-arrow kt-accodion-icon-side-right\" style=\"max-width:none\"><div class=\"kt-accordion-inner-wrap\" data-allow-multiple-open=\"false\" data-start-open=\"none\">\n<div class=\"wp-block-kadence-pane kt-accordion-pane kt-accordion-pane-1 kt-pane2346_142f79-01\" id=\"session-13\"><div class=\"kt-accordion-header-wrap\"><button class=\"kt-blocks-accordion-header kt-acccordion-button-label-show\" type=\"button\"><span class=\"kt-blocks-accordion-title-wrap\"><span class=\"kt-blocks-accordion-title\"><strong>The implementation of the SSbD (Safe and Sustainable by Design) framework for materials and chemicals from a Life Cycle perspective<\/strong><br><em><em><em>Benjamine Belloncle (Materia Nova) and St\u00e9phanie Desrousseaux (CEA)<\/em><\/em><\/em><\/span><\/span><span class=\"kt-blocks-accordion-icon-trigger\"><\/span><\/button><\/div><div class=\"kt-accordion-panel kt-accordion-panel-hidden\"><div class=\"kt-accordion-panel-inner\">\n<ol class=\"wp-block-list\">\n<li><strong>SPAREC: Valorization of agro-industrial residues - Lessons from the application of the life cycle approach in the upstream phase of chemical process development<\/strong>. <mark style=\"background-color:rgba(0, 0, 0, 0)\" class=\"has-inline-color has-neve-link-color-color\">Maxime Pousse<\/mark><sup>1<\/sup>, Yannick Le Guern<sup>1<\/sup>, Miguel Ladero Gallan<sup>2<\/sup>, <em>1: ELYS Conseil; 2: Universidad Complutense Madrid, Faculty of Chemical Sciences<\/em><\/li>\n\n\n\n<li><strong><a href=\"https:\/\/www.congres-mcv.com\/wp-content\/uploads\/2025\/12\/2025-11-18_Presentation_MCV2025_I.Servin_VF.pdf\">LCA and SSbD approaches for more sustainable semiconductor industry<\/a><\/strong>. <mark style=\"background-color:rgba(0, 0, 0, 0)\" class=\"has-inline-color has-neve-link-color-color\">Isabelle Servin<\/mark>, Gabriel Rouvet, Joa-Carlos Lopes-Barbosa, Yannick Rivoira, Laura Vauche, <em>CEA-Leti<\/em><\/li>\n\n\n\n<li><strong><a href=\"https:\/\/www.congres-mcv.com\/wp-content\/uploads\/2025\/12\/PresentationMCV2025__160____Aubert-1.pdf\">Study of the social impacts of hydrogen and solid oxide electrolysis cells.<\/a> <\/strong><mark style=\"background-color:rgba(0, 0, 0, 0)\" class=\"has-inline-color has-neve-link-color-color\">Quentin Aubert<\/mark>, Cyril Lauri\u00e9, <em>CEA<\/em><\/li>\n\n\n\n<li><strong><a href=\"https:\/\/www.congres-mcv.com\/wp-content\/uploads\/2025\/12\/PresentationMCV2025_207_SEBASTIEN_Perrine-1.pdf\">Taking the environmental dimension into account in adaptation solutions: the example of the Bio4HUMAN project.<\/a> <\/strong> <mark style=\"background-color:rgba(0, 0, 0, 0)\" class=\"has-inline-color has-neve-link-color-color\">Perrine S\u00e9bastien<\/mark><mark style=\"background-color:rgba(0, 0, 0, 0)\" class=\"has-inline-color has-neve-text-color-color\"><sup>1<\/sup><\/mark>, <mark style=\"background-color:rgba(0, 0, 0, 0)\" class=\"has-inline-color has-neve-text-color-color\">Carolina Szablewski<sup>1<\/sup><\/mark>, Emilie Guilvert<sup>1<\/sup>, Clara Casado Coterillo<sup>2<\/sup>, Marta Rumayor Villamil<sup>2<\/sup>, Carla Bartolom\u00e9 Rodrigo<sup>3<\/sup>, Jos\u00e9 Mar\u00eda Alonso<sup>3<\/sup>, Pilar Villanueva Red\u00f3n<sup>4<\/sup>, <em>1:WeLOOP, France; 2:Universidad de Cantabria; 3:ITENE - Instituto Tecnologico del Embalaje, Transporte y Logistica; 4:AIMPLAS - Asociacion de Investigation de Materiales Plasticos y Conexas<\/em><\/li>\n\n\n\n<li><strong>Combining material flow analysis with sustainability assessment: application to plastic products in buildings.<\/strong> <mark style=\"background-color:rgba(0, 0, 0, 0)\" class=\"has-inline-color has-neve-link-color-color\">Tom\u00e1s Navarrete Guti\u00e9rrez,<\/mark> <em>SUSTAIN research unit, Luxembourg Institute of Science and Technology (LIST)<\/em><\/li>\n<\/ol>\n<\/div><\/div><\/div>\n\n\n\n<div class=\"wp-block-kadence-pane kt-accordion-pane kt-accordion-pane-2 kt-pane2346_053298-c8\" id=\"session-14\"><div class=\"kt-accordion-header-wrap\"><button class=\"kt-blocks-accordion-header kt-acccordion-button-label-show\" type=\"button\"><span class=\"kt-blocks-accordion-title-wrap\"><span class=\"kt-blocks-accordion-title\"><strong>Digital solutions, automation, and AI for the consistency and scaling of LCA studies<\/strong><br><em><em>Didier Beloin-Saint-Pierre (EMPA) and Guillaume Szablewski (Ailoop)<\/em><\/em><\/span><\/span><span class=\"kt-blocks-accordion-icon-trigger\"><\/span><\/button><\/div><div class=\"kt-accordion-panel kt-accordion-panel-hidden\"><div class=\"kt-accordion-panel-inner\">\n<ol class=\"wp-block-list\">\n<li><strong><a href=\"https:\/\/www.congres-mcv.com\/wp-content\/uploads\/2025\/12\/L._Fischer_ORIS_-_Fiabiliser_lautomatisation_des_ACV_des_granulats_-_MCV_2025_-_v3.pdf\">Making automated LCA of aggregates more reliable: a digital tool designed for verification, standardization and regulatory compliance<\/a><\/strong>. <mark style=\"background-color:rgba(0, 0, 0, 0)\" class=\"has-inline-color has-neve-text-color-color\">Alice Bougeard<a href=\"mailto:alice.bougeard@oris-connect.com\"><\/a>,&nbsp;<\/mark><mark style=\"background-color:rgba(0, 0, 0, 0)\" class=\"has-inline-color has-neve-link-color-color\">L\u00e9a Fischer<\/mark><em>,<\/em>&nbsp;<em>ORIS Materials Intelligence<\/em><\/li>\n\n\n\n<li><strong>Massification of LCA for the Digital Product Passport: towards operational tools, between internal configurators and external distributors<\/strong>. <mark style=\"background-color:rgba(0, 0, 0, 0)\" class=\"has-inline-color has-neve-link-color-color\">Marie Beccat<\/mark>,Naeem Adibi<a href=\"mailto:n.adibi@weloop.org\"><\/a>,Carolina Szablewski, <em>WeLOOP<\/em><\/li>\n\n\n\n<li><a href=\"https:\/\/www.congres-mcv.com\/wp-content\/uploads\/2025\/12\/MCV_2025_AI__LCA_Clean.pptx\"><strong>Towards intelligent LCA: automating inventories with language models<\/strong>.<\/a><mark style=\"background-color:rgba(0, 0, 0, 0)\" class=\"has-inline-color has-neve-link-color-color\"> Anish Koyamparambath<\/mark><sup>2<\/sup><a href=\"mailto:anish.koyamparambath@u-bordeaux.fr\"><\/a>,Naeem Adibi<sup>1<\/sup><em>,<\/em>&nbsp;<em>1: WeLOOP; 2: Universit\u00e9 de Bordeaux<\/em><\/li>\n\n\n\n<li><strong><a href=\"https:\/\/www.congres-mcv.com\/wp-content\/uploads\/2025\/12\/PresentationMCV2025_141_WANG_DELAROA.pptx\">LCA at scale and automation: insights from Technical Ceramics Industry<\/a><\/strong><a href=\"https:\/\/www.congres-mcv.com\/wp-content\/uploads\/2025\/12\/PresentationMCV2025_141_WANG_DELAROA.pptx\">.<\/a> <mark style=\"background-color:rgba(0, 0, 0, 0)\" class=\"has-inline-color has-neve-link-color-color\">Simeng Wang<\/mark><a href=\"mailto:simeng.wang@saint-gobain.com\"><\/a>,Claire Delaroa, <em>Saint-Gobain Ceramics<\/em><\/li>\n\n\n\n<li><strong><a href=\"https:\/\/www.congres-mcv.com\/wp-content\/uploads\/2025\/12\/PresentationMCV2025_143_BERNARD.pdf\">Digitization as a tool for eco-design of physical extraction and refining processes for oil and protein derivatives<\/a><\/strong>. <mark style=\"background-color:rgba(0, 0, 0, 0)\" class=\"has-inline-color has-neve-link-color-color\">Lou Bernard<\/mark><sup>1<\/sup><a href=\"mailto:l.bernard@iterg.com\"><\/a>, Simon Gorecki<sup>2<\/sup><a href=\"mailto:simon.gorecki@u-bordeaux.fr\"><\/a>, Minh-Phuoc Doan<sup>2<\/sup><a href=\"mailto:minh-phuoc.doan@u-bordeaux.fr\"><\/a>, Boris Bizet 1: Institut Technique des Corps Gras; 2: Universit\u00e9 de Bordeaux<\/li>\n\n\n\n<li><strong><a href=\"https:\/\/www.congres-mcv.com\/wp-content\/uploads\/2025\/12\/2025.11.18_-_MCV_-_Prioux_et_al._Model4EcoCo.pptx\">Model4EcoCo: Coupling MBSE and LCA to assess environmental impacts throughout a project<\/a><\/strong>. <mark style=\"background-color:rgba(0, 0, 0, 0)\" class=\"has-inline-color has-neve-link-color-color\">Nancy Prioux<\/mark>, Florent Fabas, Serge Reculeau, Ga\u00eblle Dussoulier, <em>SII Sud-Ouest<\/em><\/li>\n<\/ol>\n<\/div><\/div><\/div>\n\n\n\n<div class=\"wp-block-kadence-pane kt-accordion-pane kt-accordion-pane-3 kt-pane2346_da59cd-f6\" id=\"session-15\"><div class=\"kt-accordion-header-wrap\"><button class=\"kt-blocks-accordion-header kt-acccordion-button-label-show\" type=\"button\"><span class=\"kt-blocks-accordion-title-wrap\"><span class=\"kt-blocks-accordion-title\"><strong>The benefits of collaborative research<\/strong> <strong>in environmental analysis<\/strong><br><em><em>Marion Devienne and Philippe Osset (SCORE LCA)<\/em><\/em><\/span><\/span><span class=\"kt-blocks-accordion-icon-trigger\"><\/span><\/button><\/div><div class=\"kt-accordion-panel kt-accordion-panel-hidden\"><div class=\"kt-accordion-panel-inner\">\n<ol class=\"wp-block-list\">\n<li><strong><a href=\"https:\/\/www.congres-mcv.com\/wp-content\/uploads\/2025\/12\/Presentation_MCV_SCORE_LCA.pdf\">Joint application of life cycle assessment and criticality assessment<\/a><\/strong>.<mark style=\"background-color:rgba(0, 0, 0, 0)\" class=\"has-inline-color has-neve-link-color-color\"> Dieuwertje Schrijvers<\/mark><sup>1<\/sup><a href=\"mailto:d.schrijvers@weloop.org\"><\/a>,Emilie Guilvert<sup>1<\/sup><a href=\"mailto:e.guilvert@weloop.org\"><\/a>, Naeem Adibi<sup>1<\/sup><a href=\"mailto:n.adibi@weloop.com\"><\/a>,Anish Koyamparambath<sup>2<\/sup><a href=\"mailto:anish.koyamparambath@u-bordeaux.fr\"><\/a>,Guido Sonnemann<sup>2<\/sup><a href=\"mailto:guido.sonnemann@u-bordeaux.fr\"><\/a>, Fr\u00e9d\u00e9ric Lai<sup>3<\/sup><a href=\"mailto:f.lai@brgm.fr\"><\/a>,Marion Devienne<sup>4<\/sup><a href=\"mailto:marion.devienne@scorelca.org\"><\/a>,Philippe Osset<sup>4<\/sup> <em>1: WeLOOP; 2: Universit\u00e9 de Bordeaux, ISM-CyVi ; 3: BRGM ; 4: SCORE LCA<\/em><\/li>\n\n\n\n<li><strong>Life cycle thinking and mineral resources at BRGM: 30 years of collaborative research and prospects for the future<\/strong>. <mark style=\"background-color:rgba(0, 0, 0, 0)\" class=\"has-inline-color has-neve-link-color-color\">St\u00e9phanie Muller<\/mark><a href=\"mailto:s.muller@brgm.fr\"><\/a>, Antoine Beylot, <em>BRGM<\/em><\/li>\n\n\n\n<li><strong><a href=\"https:\/\/www.congres-mcv.com\/wp-content\/uploads\/2025\/12\/PresentationMCV2025_237_BernardDeCaevel.pdf\">The dynamic dimension in Life Cycle Assessment<\/a><\/strong>.<mark style=\"background-color:rgba(0, 0, 0, 0)\" class=\"has-inline-color has-neve-text-color-color\"> Isabelle Descos<a href=\"mailto:isabelle.descos@rdcenvironment.be\"><\/a>,<\/mark> <mark style=\"background-color:rgba(0, 0, 0, 0)\" class=\"has-inline-color has-neve-link-color-color\">Bernard De Caevel<\/mark>, <em>RDC Environment<\/em><\/li>\n\n\n\n<li><a href=\"https:\/\/www.congres-mcv.com\/wp-content\/uploads\/2025\/12\/MOREL_et_al_2025_Approche_collaborative_InterScores_MCV2025.pdf\"><strong>InterScores collaborative approach for robust, transparent and comparable scoring<\/strong>. <\/a><mark style=\"background-color:rgba(0, 0, 0, 0)\" class=\"has-inline-color has-neve-link-color-color\">Stephane Morel<\/mark><sup>1,2<\/sup><a href=\"mailto:smorel@escp.eu\"><\/a><a href=\"https:\/\/orcid.org\/0000-0002-0789-9982\" target=\"_blank\" rel=\"noreferrer noopener\"><\/a>, Philippe Schiesser<sup>3<\/sup> <em>1: Escp business school ; 2: i4pat ; 3: Ecoefflab<\/em><\/li>\n\n\n\n<li><strong><a href=\"https:\/\/www.congres-mcv.com\/wp-content\/uploads\/2025\/12\/Presentation_MCV_-_EFC_-_presentee.pdf\">Combining LCA and social assessment to guide and validate CFE strategies<\/a><\/strong>. <mark style=\"background-color:rgba(0, 0, 0, 0)\" class=\"has-inline-color has-neve-text-color-color\">H\u00e9l\u00e8ne Teulon<\/mark><sup>1<\/sup><a href=\"mailto:contact@gingko21.com\"><\/a>,&nbsp;<mark style=\"background-color:rgba(0, 0, 0, 0)\" class=\"has-inline-color has-neve-link-color-color\">Claire Rebourg<\/mark><sup>1<\/sup><a href=\"mailto:claire.rebourg@gingko21.com\"><\/a>, Vincent Dargenne<sup>3<\/sup><a href=\"mailto:Vincent.DARGENNE@ademe.fr\"><\/a>, Murielle Chauvel<sup>2<\/sup><em> <\/em>&nbsp;<em>1: Gingko 21; 2: ESSEC; 3: ADEME<\/em><\/li>\n<\/ol>\n<\/div><\/div><\/div>\n\n\n\n<div class=\"wp-block-kadence-pane kt-accordion-pane kt-accordion-pane-4 kt-pane2346_1c8aba-84\" id=\"session-16\"><div class=\"kt-accordion-header-wrap\"><button class=\"kt-blocks-accordion-header kt-acccordion-button-label-show\" type=\"button\"><span class=\"kt-blocks-accordion-title-wrap\"><span class=\"kt-blocks-accordion-title\"><strong>Approaches to Combine Life Cycle Assessment with Circularity and Planetary Boundaries<\/strong><br><em><em><em>Enrico Benetto (LIST) and Guido Sonnemann (Universit\u00e9 de Bordeaux)<\/em><\/em><\/em><\/span><\/span><span class=\"kt-blocks-accordion-icon-trigger\"><\/span><\/button><\/div><div class=\"kt-accordion-panel kt-accordion-panel-hidden\"><div class=\"kt-accordion-panel-inner\">\n<ol class=\"wp-block-list\">\n<li><strong><a href=\"https:\/\/www.congres-mcv.com\/wp-content\/uploads\/2025\/12\/EVEA_SCORELCA_ACV_et_limites_planetaires_MCV_2025_Vf.pptx\">LCA planetary limits as part of a Score LCA project<\/a><\/strong>. <mark style=\"background-color:rgba(0, 0, 0, 0)\" class=\"has-inline-color has-neve-link-color-color\">Mike Nunes<\/mark><a href=\"mailto:m.nunes@evea-conseil.com\"><\/a>,Aur\u00e9lie Perrin<a href=\"mailto:a.perrin@evea-conseil.com\"><\/a>,Robin Sales, <em>EVEA<\/em><\/li>\n\n\n\n<li><strong><a href=\"https:\/\/www.congres-mcv.com\/wp-content\/uploads\/2025\/12\/PresentationMCV2025___130__deBantel_v2.pptx\">Towards absolute environmental sustainability through the circular economy?<\/a><\/strong> <mark style=\"background-color:rgba(0, 0, 0, 0)\" class=\"has-inline-color has-neve-link-color-color\">Erwan de Bantel<\/mark><a href=\"mailto:erwan.de-bantel@centralesupelec.fr\"><\/a><a href=\"https:\/\/orcid.org\/0009-0004-5879-6600\" target=\"_blank\" rel=\"noreferrer noopener\"><\/a>, Ghada Bouillass<a href=\"mailto:ghada.bouillass@centralesupelec.fr\"><\/a><a href=\"https:\/\/orcid.org\/0000-0003-4931-2665\" target=\"_blank\" rel=\"noreferrer noopener\"><\/a>, Marija Jankovic<a href=\"mailto:marija.jankovic@centralesupelec.fr\"><\/a><a href=\"https:\/\/orcid.org\/0000-0002-3870-0331\" target=\"_blank\" rel=\"noreferrer noopener\"><\/a>, Bernard Yannou<em>,<\/em>&nbsp;<em>Industrial Engineering Laboratory, CentraleSup\u00e9lec, Universit\u00e9 Paris-Saclay<\/em><\/li>\n\n\n\n<li><strong><a href=\"https:\/\/www.congres-mcv.com\/wp-content\/uploads\/2025\/12\/20251119_MCV_2025_177_Methodo_reemploi_EVEA_Tignon_Sales_Raynal_Perrin.pdf\">Proposal for a methodological framework for LCA of products from reuse and the circular economy<\/a><\/strong>. <mark style=\"background-color:rgba(0, 0, 0, 0)\" class=\"has-inline-color has-neve-link-color-color\">Maixent Tignon<\/mark><sup>1<\/sup><a href=\"mailto:m.tignon@evea-conseil.com\"><\/a>,Robin Sales<sup>1<\/sup><a href=\"mailto:r.sales@evea-conseil.com\"><\/a>, Quentin Badonnel<sup>2<\/sup><a href=\"mailto:quentin.badonnel@decathlon.com\"><\/a>,Aur\u00e9lie Perrin<sup>1<\/sup>&nbsp;<em>1: EVEA, France; 2: DECATHLON, France<\/em><\/li>\n\n\n\n<li><a href=\"https:\/\/www.congres-mcv.com\/wp-content\/uploads\/2025\/12\/PresentationMCV2025___113___Gloz.pdf\"><strong>Development of a circularity indicator for reusable packaging<\/strong>.<\/a><mark style=\"background-color:rgba(0, 0, 0, 0)\" class=\"has-inline-color has-neve-link-color-color\"> Justine Gloz<\/mark><sup>1<\/sup><a href=\"mailto:justine.gloz@ct-ipc.com\"><\/a>, Stuart Walker<sup>2<\/sup><a href=\"mailto:s.r.walker@sheffield.ac.uk\"><\/a>, Damien Giraud<sup>1<\/sup><a href=\"mailto:damien.giraud@ct-ipc.com\"><\/a>, Rachael Rothman<sup>2<\/sup><a href=\"mailto:r.rothman@sheffield.ac.uk\"><\/a>, Maryam Hoseini<sup>2<\/sup>, <em>1: CT IPC ; 2: University of Sheffield<\/em><\/li>\n\n\n\n<li><strong><a href=\"https:\/\/www.congres-mcv.com\/wp-content\/uploads\/2025\/12\/PresentationMCV2025___221___BOUNOUAR.pptx\">Enrich eco-design practices through absolute assessment of environmental sustainability<\/a><\/strong><mark style=\"background-color:rgba(0, 0, 0, 0)\" class=\"has-inline-color has-neve-text-color-color\">. <\/mark><mark style=\"background-color:rgba(0, 0, 0, 0)\" class=\"has-inline-color has-neve-link-color-color\">M\u00e9lissa Bounouar<\/mark><sup>1,2,3<\/sup><a href=\"mailto:melissa.bounouar@eco-conception.fr\"><\/a>,Natacha Gondran<sup>2<\/sup><a href=\"mailto:melissa.bounouar@eco-conception.fr\"><\/a>,Gonzalo Huaroc<sup>3<\/sup> <em>1: Agence de l'Environnement et de la Ma\u00eetrise de l'Energie ; 2: Mines Saint-Etienne, CNRS, Univ Jean Monnet, Univ Lumi\u00e8re Lyon 2, Univ Lyon 3 Jean Moulin, ENS Lyon, ENTPE, ENSA Lyon ; 3: Eco-design and Lifecycle Management cluster <\/em><\/li>\n<\/ol>\n<\/div><\/div><\/div>\n\n\n\n<div class=\"wp-block-kadence-pane kt-accordion-pane kt-accordion-pane-5 kt-pane2346_c0dfbd-75\" id=\"session-17\"><div class=\"kt-accordion-header-wrap\"><button class=\"kt-blocks-accordion-header kt-acccordion-button-label-show\" type=\"button\"><span class=\"kt-blocks-accordion-title-wrap\"><span class=\"kt-blocks-accordion-title\"><strong>Methodologies, Metrics, and Alignment with Regulatory Expectations: From the Agri-Food Sector to Sustainable Bioeconomy and its Transformations<\/strong><br><em><em><em><em>Arnaud H\u00e9lias (INRAE)\u00a0and Anne-Claire Asselin (Sayari)<\/em><\/em><\/em><\/em><\/span><\/span><span class=\"kt-blocks-accordion-icon-trigger\"><\/span><\/button><\/div><div class=\"kt-accordion-panel kt-accordion-panel-hidden\"><div class=\"kt-accordion-panel-inner\">\n<ol class=\"wp-block-list\">\n<li><strong><a href=\"https:\/\/www.congres-mcv.com\/wp-content\/uploads\/2025\/12\/MCV_calimero_criticality.pdf\">What if the bioeconomy were not immune to criticality risks?<\/a><\/strong> <mark style=\"background-color:rgba(0, 0, 0, 0)\" class=\"has-inline-color has-neve-link-color-color\">Dieuwertje Schrijvers<\/mark><sup>1<\/sup><a href=\"mailto:d.schrijvers@weloop.org\"><\/a>,Naeem Adibi<sup>1<\/sup><a href=\"mailto:n.adibi@weloop.org\"><\/a>, Thomas Schaubroeck<sup>2<\/sup><a href=\"mailto:thomas.schaubroeck@list.lu\"><\/a>, Tomas Rydberg<sup>5<\/sup><a href=\"mailto:tomas.rydberg@ivl.se\"><\/a>, Eduardo Entrena<sup>4<\/sup><a href=\"mailto:eduardo.entrena@contactica.es\"><\/a>, Milena Amaral<sup>3<\/sup>&nbsp;<em>1: WeLOOP ; 2: Luxembourg Institute of Science and Technology (LIST) ; 3: Neovili ; 4: Contactica, Spain; 5: IVL Swedish Environmental Research Institute<\/em><\/li>\n\n\n\n<li><strong><a href=\"https:\/\/www.congres-mcv.com\/wp-content\/uploads\/2025\/12\/20251118_MCV_2025_179_PRO_EVEA_Esnouf_Wolff_Serre_.pdf\">Analysis of the methodological challenges of Life Cycle Assessment for the environmental evaluation of organic fertilization in agriculture<\/a><\/strong>.<mark style=\"background-color:rgba(0, 0, 0, 0)\" class=\"has-inline-color has-neve-link-color-color\"> Antoine Esnouf<\/mark><a href=\"mailto:a.esnouf@evea-conseil.com\"><\/a>, H\u00e9lo\u00efse Wolff<a href=\"mailto:h.wolff@evea-conseil.com\"><\/a>,Jeanne Serre<em>,<\/em>&nbsp;<em>EVEA<\/em><\/li>\n\n\n\n<li><strong>Improving the Accountability of Green Water Flows and Stocks in Agricultural Life Cycle Assessment<\/strong>. <mark style=\"background-color:rgba(0, 0, 0, 0)\" class=\"has-inline-color has-neve-link-color-color\">Tamara Schmidt<\/mark><sup>1<\/sup><a href=\"mailto:tamara.schmidt@irta.cat\"><\/a>, Natalja \u010cerkasova<sup>2<\/sup><a href=\"mailto:natalja.cerkasova@brc.tamus.edu\"><\/a>, Joaquim Bellvert<sup>1<\/sup><a href=\"mailto:Joaquim.Bellvert@irta.cat\"><\/a>, Laia Estrada<sup>3<\/sup><a href=\"mailto:lverdura@icra.cat\"><\/a>, Montse Nu\u00f1ez <em>:<\/em>&nbsp;<em>1: IRTA, Spain; 2: AgriLife Blackland Research, USA; 3: ICRA<\/em><\/li>\n\n\n\n<li><strong><a href=\"https:\/\/www.congres-mcv.com\/wp-content\/uploads\/2025\/12\/MCV_presentation.pptx\">Life Cycle Assessment of Agricultural Mulches: are biodegradable films a better option?<\/a><\/strong> <mark style=\"background-color:rgba(0, 0, 0, 0)\" class=\"has-inline-color has-neve-link-color-color\">Takunda Yeukai Chitaka<\/mark><a href=\"mailto:takunda-yeukai.chitaka@u-bordeaux.fr\"><\/a>,Guido Sonnemann, <em>University of Bordeaux<\/em><\/li>\n\n\n\n<li><a href=\"https:\/\/www.congres-mcv.com\/wp-content\/uploads\/2025\/12\/PresentationMCV2025_225_Josephine_Gatin.pdf\"><strong>Development of plant protection product inventories for LCA: towards better integration of toxicity in the environmental assessment of French agricultural production<\/strong>.<\/a> <mark style=\"background-color:rgba(0, 0, 0, 0)\" class=\"has-inline-color has-neve-link-color-color\">Jos\u00e9phine Gatin<a href=\"mailto:josephine.gatin@sayari.co\"><\/a>,<\/mark>&nbsp;Anne-Claire Asselin<em>,<\/em>&nbsp;<em>Sayari<\/em><\/li>\n\n\n\n<li><strong>Characterization of land use impacts on soil biodiversity<\/strong>. <mark style=\"background-color:rgba(0, 0, 0, 0)\" class=\"has-inline-color has-neve-link-color-color\">Adrien Burg<\/mark><sup>1,2<\/sup><a href=\"mailto:adrien.burg@inrae.fr\"><\/a><a href=\"https:\/\/orcid.org\/0009-0007-9984-5749\" target=\"_blank\" rel=\"noreferrer noopener\"><\/a>, Amandine Pastor<sup>1,2<\/sup><a href=\"mailto:amandine.pastor@inrae.fr\"><\/a><a href=\"https:\/\/orcid.org\/0000-0003-4526-7705\" target=\"_blank\" rel=\"noreferrer noopener\"><\/a>,Arnaud H\u00e9lias<sup>1,2<\/sup>&nbsp;<em>1: ITAP, Univ Montpellier, INRAE, Institut Agro; 2: Elsa, Research Group for Environmental Lifecycle and Sustainability Assessment<\/em><\/li>\n<\/ol>\n<\/div><\/div><\/div>\n<\/div><\/div><\/div>\n<\/div>\n<\/div><\/section>\n<\/div>\n<\/div><\/section>","protected":false},"excerpt":{"rendered":"","protected":false},"author":2,"featured_media":1557,"parent":0,"menu_order":0,"comment_status":"closed","ping_status":"closed","template":"page-templates\/template-pagebuilder-full-width.php","meta":{"neve_meta_sidebar":"full-width","neve_meta_container":"","neve_meta_enable_content_width":"on","neve_meta_content_width":100,"neve_meta_title_alignment":"","neve_meta_author_avatar":"","neve_post_elements_order":"","neve_meta_disable_header":"","neve_meta_disable_footer":"","neve_meta_disable_title":"","_themeisle_gutenberg_block_has_review":false,"_ti_tpc_template_sync":false,"_ti_tpc_template_id":"ozf1nsfjik6x6nkhh6kn","footnotes":""},"class_list":["post-2346","page","type-page","status-publish","has-post-thumbnail","hentry"],"yoast_head":"<!-- This site is optimized with the Yoast SEO plugin v27.5 - https:\/\/yoast.com\/product\/yoast-seo-wordpress\/ -->\n<title>Pr\u00e9sentations 2025 | Congr\u00e8s MCV<\/title>\n<meta name=\"description\" content=\"Acc\u00e9dez aux supports des pr\u00e9sentations orales MCV 2025 et retrouvez l\u2019ensemble des contenus cl\u00e9s de l\u2019\u00e9v\u00e9nement.\" \/>\n<meta name=\"robots\" content=\"index, follow, max-snippet:-1, max-image-preview:large, max-video-preview:-1\" \/>\n<link rel=\"canonical\" href=\"https:\/\/www.congres-mcv.com\/en\/programme-3\/\" \/>\n<meta property=\"og:locale\" content=\"en_US\" \/>\n<meta property=\"og:type\" content=\"article\" \/>\n<meta property=\"og:title\" content=\"Pr\u00e9sentations 2025 | Congr\u00e8s MCV\" \/>\n<meta property=\"og:description\" content=\"Acc\u00e9dez aux supports des pr\u00e9sentations orales MCV 2025 et retrouvez l\u2019ensemble des contenus cl\u00e9s de l\u2019\u00e9v\u00e9nement.\" \/>\n<meta property=\"og:url\" content=\"https:\/\/www.congres-mcv.com\/en\/programme-3\/\" \/>\n<meta property=\"og:site_name\" content=\"Congr\u00e8s MCV\" \/>\n<meta property=\"article:modified_time\" content=\"2025-12-03T16:14:40+00:00\" \/>\n<meta property=\"og:image\" content=\"https:\/\/www.congres-mcv.com\/wp-content\/uploads\/2025\/02\/MCV-logo.png\" \/>\n\t<meta property=\"og:image:width\" content=\"3508\" \/>\n\t<meta property=\"og:image:height\" content=\"2481\" \/>\n\t<meta property=\"og:image:type\" content=\"image\/png\" \/>\n<meta name=\"twitter:card\" content=\"summary_large_image\" \/>\n<meta name=\"twitter:label1\" content=\"Est. reading time\" \/>\n\t<meta name=\"twitter:data1\" content=\"20 minutes\" \/>\n<script type=\"application\/ld+json\" class=\"yoast-schema-graph\">{\"@context\":\"https:\\\/\\\/schema.org\",\"@graph\":[{\"@type\":\"WebPage\",\"@id\":\"https:\\\/\\\/www.congres-mcv.com\\\/presentations-2025\\\/\",\"url\":\"https:\\\/\\\/www.congres-mcv.com\\\/presentations-2025\\\/\",\"name\":\"Pr\u00e9sentations 2025 | Congr\u00e8s MCV\",\"isPartOf\":{\"@id\":\"https:\\\/\\\/www.congres-mcv.com\\\/#website\"},\"primaryImageOfPage\":{\"@id\":\"https:\\\/\\\/www.congres-mcv.com\\\/presentations-2025\\\/#primaryimage\"},\"image\":{\"@id\":\"https:\\\/\\\/www.congres-mcv.com\\\/presentations-2025\\\/#primaryimage\"},\"thumbnailUrl\":\"https:\\\/\\\/www.congres-mcv.com\\\/wp-content\\\/uploads\\\/2025\\\/02\\\/MCV-logo.png\",\"datePublished\":\"2025-12-01T08:08:39+00:00\",\"dateModified\":\"2025-12-03T16:14:40+00:00\",\"description\":\"Acc\u00e9dez aux supports des pr\u00e9sentations orales MCV 2025 et retrouvez l\u2019ensemble des contenus cl\u00e9s de l\u2019\u00e9v\u00e9nement.\",\"breadcrumb\":{\"@id\":\"https:\\\/\\\/www.congres-mcv.com\\\/presentations-2025\\\/#breadcrumb\"},\"inLanguage\":\"en-US\",\"potentialAction\":[{\"@type\":\"ReadAction\",\"target\":[\"https:\\\/\\\/www.congres-mcv.com\\\/presentations-2025\\\/\"]}]},{\"@type\":\"ImageObject\",\"inLanguage\":\"en-US\",\"@id\":\"https:\\\/\\\/www.congres-mcv.com\\\/presentations-2025\\\/#primaryimage\",\"url\":\"https:\\\/\\\/www.congres-mcv.com\\\/wp-content\\\/uploads\\\/2025\\\/02\\\/MCV-logo.png\",\"contentUrl\":\"https:\\\/\\\/www.congres-mcv.com\\\/wp-content\\\/uploads\\\/2025\\\/02\\\/MCV-logo.png\",\"width\":3508,\"height\":2481},{\"@type\":\"BreadcrumbList\",\"@id\":\"https:\\\/\\\/www.congres-mcv.com\\\/presentations-2025\\\/#breadcrumb\",\"itemListElement\":[{\"@type\":\"ListItem\",\"position\":1,\"name\":\"Accueil\",\"item\":\"https:\\\/\\\/www.congres-mcv.com\\\/\"},{\"@type\":\"ListItem\",\"position\":2,\"name\":\"Pr\u00e9sentations 2025\"}]},{\"@type\":\"WebSite\",\"@id\":\"https:\\\/\\\/www.congres-mcv.com\\\/#website\",\"url\":\"https:\\\/\\\/www.congres-mcv.com\\\/\",\"name\":\"MCV 2026\",\"description\":\"Congr\u00e8s MCV - Management du Cycle de Vie\",\"publisher\":{\"@id\":\"https:\\\/\\\/www.congres-mcv.com\\\/#organization\"},\"alternateName\":\"MCV 2026\",\"potentialAction\":[{\"@type\":\"SearchAction\",\"target\":{\"@type\":\"EntryPoint\",\"urlTemplate\":\"https:\\\/\\\/www.congres-mcv.com\\\/?s={search_term_string}\"},\"query-input\":{\"@type\":\"PropertyValueSpecification\",\"valueRequired\":true,\"valueName\":\"search_term_string\"}}],\"inLanguage\":\"en-US\"},{\"@type\":\"Organization\",\"@id\":\"https:\\\/\\\/www.congres-mcv.com\\\/#organization\",\"name\":\"MCV 2026\",\"url\":\"https:\\\/\\\/www.congres-mcv.com\\\/\",\"logo\":{\"@type\":\"ImageObject\",\"inLanguage\":\"en-US\",\"@id\":\"https:\\\/\\\/www.congres-mcv.com\\\/#\\\/schema\\\/logo\\\/image\\\/\",\"url\":\"https:\\\/\\\/www.congres-mcv.com\\\/wp-content\\\/uploads\\\/2025\\\/11\\\/Logo-MCV-2026.png\",\"contentUrl\":\"https:\\\/\\\/www.congres-mcv.com\\\/wp-content\\\/uploads\\\/2025\\\/11\\\/Logo-MCV-2026.png\",\"width\":842,\"height\":595,\"caption\":\"MCV 2026\"},\"image\":{\"@id\":\"https:\\\/\\\/www.congres-mcv.com\\\/#\\\/schema\\\/logo\\\/image\\\/\"},\"sameAs\":[\"https:\\\/\\\/www.linkedin.com\\\/company\\\/mcv-conference\\\/\"]}]}<\/script>\n<!-- \/ Yoast SEO plugin. -->","yoast_head_json":{"title":"Presentations 2025 | MCV Congress","description":"Access the MCV 2025 oral presentations and all the key content from the event.","robots":{"index":"index","follow":"follow","max-snippet":"max-snippet:-1","max-image-preview":"max-image-preview:large","max-video-preview":"max-video-preview:-1"},"canonical":"https:\/\/www.congres-mcv.com\/en\/programme-3\/","og_locale":"en_US","og_type":"article","og_title":"Pr\u00e9sentations 2025 | Congr\u00e8s MCV","og_description":"Acc\u00e9dez aux supports des pr\u00e9sentations orales MCV 2025 et retrouvez l\u2019ensemble des contenus cl\u00e9s de l\u2019\u00e9v\u00e9nement.","og_url":"https:\/\/www.congres-mcv.com\/en\/programme-3\/","og_site_name":"Congr\u00e8s MCV","article_modified_time":"2025-12-03T16:14:40+00:00","og_image":[{"width":3508,"height":2481,"url":"https:\/\/www.congres-mcv.com\/wp-content\/uploads\/2025\/02\/MCV-logo.png","type":"image\/png"}],"twitter_card":"summary_large_image","twitter_misc":{"Est. reading time":"20 minutes"},"schema":{"@context":"https:\/\/schema.org","@graph":[{"@type":"WebPage","@id":"https:\/\/www.congres-mcv.com\/presentations-2025\/","url":"https:\/\/www.congres-mcv.com\/presentations-2025\/","name":"Presentations 2025 | MCV Congress","isPartOf":{"@id":"https:\/\/www.congres-mcv.com\/#website"},"primaryImageOfPage":{"@id":"https:\/\/www.congres-mcv.com\/presentations-2025\/#primaryimage"},"image":{"@id":"https:\/\/www.congres-mcv.com\/presentations-2025\/#primaryimage"},"thumbnailUrl":"https:\/\/www.congres-mcv.com\/wp-content\/uploads\/2025\/02\/MCV-logo.png","datePublished":"2025-12-01T08:08:39+00:00","dateModified":"2025-12-03T16:14:40+00:00","description":"Access the MCV 2025 oral presentations and all the key content from the event.","breadcrumb":{"@id":"https:\/\/www.congres-mcv.com\/presentations-2025\/#breadcrumb"},"inLanguage":"en-US","potentialAction":[{"@type":"ReadAction","target":["https:\/\/www.congres-mcv.com\/presentations-2025\/"]}]},{"@type":"ImageObject","inLanguage":"en-US","@id":"https:\/\/www.congres-mcv.com\/presentations-2025\/#primaryimage","url":"https:\/\/www.congres-mcv.com\/wp-content\/uploads\/2025\/02\/MCV-logo.png","contentUrl":"https:\/\/www.congres-mcv.com\/wp-content\/uploads\/2025\/02\/MCV-logo.png","width":3508,"height":2481},{"@type":"BreadcrumbList","@id":"https:\/\/www.congres-mcv.com\/presentations-2025\/#breadcrumb","itemListElement":[{"@type":"ListItem","position":1,"name":"Accueil","item":"https:\/\/www.congres-mcv.com\/"},{"@type":"ListItem","position":2,"name":"Pr\u00e9sentations 2025"}]},{"@type":"WebSite","@id":"https:\/\/www.congres-mcv.com\/#website","url":"https:\/\/www.congres-mcv.com\/","name":"MCV 2026","description":"MCV Congress - Lifecycle Management","publisher":{"@id":"https:\/\/www.congres-mcv.com\/#organization"},"alternateName":"MCV 2026","potentialAction":[{"@type":"SearchAction","target":{"@type":"EntryPoint","urlTemplate":"https:\/\/www.congres-mcv.com\/?s={search_term_string}"},"query-input":{"@type":"PropertyValueSpecification","valueRequired":true,"valueName":"search_term_string"}}],"inLanguage":"en-US"},{"@type":"Organization","@id":"https:\/\/www.congres-mcv.com\/#organization","name":"MCV 2026","url":"https:\/\/www.congres-mcv.com\/","logo":{"@type":"ImageObject","inLanguage":"en-US","@id":"https:\/\/www.congres-mcv.com\/#\/schema\/logo\/image\/","url":"https:\/\/www.congres-mcv.com\/wp-content\/uploads\/2025\/11\/Logo-MCV-2026.png","contentUrl":"https:\/\/www.congres-mcv.com\/wp-content\/uploads\/2025\/11\/Logo-MCV-2026.png","width":842,"height":595,"caption":"MCV 2026"},"image":{"@id":"https:\/\/www.congres-mcv.com\/#\/schema\/logo\/image\/"},"sameAs":["https:\/\/www.linkedin.com\/company\/mcv-conference\/"]}]}},"_links":{"self":[{"href":"https:\/\/www.congres-mcv.com\/en\/wp-json\/wp\/v2\/pages\/2346","targetHints":{"allow":["GET"]}}],"collection":[{"href":"https:\/\/www.congres-mcv.com\/en\/wp-json\/wp\/v2\/pages"}],"about":[{"href":"https:\/\/www.congres-mcv.com\/en\/wp-json\/wp\/v2\/types\/page"}],"author":[{"embeddable":true,"href":"https:\/\/www.congres-mcv.com\/en\/wp-json\/wp\/v2\/users\/2"}],"replies":[{"embeddable":true,"href":"https:\/\/www.congres-mcv.com\/en\/wp-json\/wp\/v2\/comments?post=2346"}],"version-history":[{"count":24,"href":"https:\/\/www.congres-mcv.com\/en\/wp-json\/wp\/v2\/pages\/2346\/revisions"}],"predecessor-version":[{"id":2618,"href":"https:\/\/www.congres-mcv.com\/en\/wp-json\/wp\/v2\/pages\/2346\/revisions\/2618"}],"wp:featuredmedia":[{"embeddable":true,"href":"https:\/\/www.congres-mcv.com\/en\/wp-json\/wp\/v2\/media\/1557"}],"wp:attachment":[{"href":"https:\/\/www.congres-mcv.com\/en\/wp-json\/wp\/v2\/media?parent=2346"}],"curies":[{"name":"wp","href":"https:\/\/api.w.org\/{rel}","templated":true}]}}