{"id":2403,"date":"2025-12-01T08:50:47","date_gmt":"2025-12-01T08:50:47","guid":{"rendered":"https:\/\/www.congres-mcv.com\/?page_id=2403"},"modified":"2025-12-01T08:50:49","modified_gmt":"2025-12-01T08:50:49","slug":"posters-2","status":"publish","type":"page","link":"https:\/\/www.congres-mcv.com\/en\/posters-2025\/","title":{"rendered":"Posters 2025"},"content":{"rendered":"<section id=\"wp-block-themeisle-blocks-advanced-columns-2a989ee6\" class=\"wp-block-themeisle-blocks-advanced-columns alignfull has-1-columns has-desktop-equal-layout has-tablet-equal-layout has-mobile-equal-layout has-vertical-center\"><div class=\"wp-block-themeisle-blocks-advanced-columns-overlay\"><\/div><div class=\"innerblocks-wrap\">\n<div id=\"wp-block-themeisle-blocks-advanced-column-2f24f5c3\" class=\"wp-block-themeisle-blocks-advanced-column\">\n<h1 id=\"wp-block-themeisle-blocks-advanced-heading-5d9b910a\" class=\"wp-block-themeisle-blocks-advanced-heading wp-block-themeisle-blocks-advanced-heading-5d9b910a\">MCV 2025 posters<\/h1>\n\n\n\n<h2 class=\"wp-block-heading has-nv-site-bg-color has-text-color has-link-color wp-elements-5fdd886deadf458e99e355984434633b\">Bordeaux<\/h2>\n\n\n\n<div style=\"height:20px\" aria-hidden=\"true\" class=\"wp-block-spacer\"><\/div>\n<\/div>\n<\/div><\/section>\n\n\n\n<section id=\"wp-block-themeisle-blocks-advanced-columns-c59c46e4\" class=\"wp-block-themeisle-blocks-advanced-columns alignfull has-1-columns has-desktop-equal-layout has-tablet-equal-layout has-mobile-equal-layout has-vertical-flex-start has-light-bg\"><div class=\"wp-block-themeisle-blocks-advanced-columns-overlay\"><\/div><div class=\"innerblocks-wrap\">\n<div id=\"wp-block-themeisle-blocks-advanced-column-17d78915\" class=\"wp-block-themeisle-blocks-advanced-column\">\n<section id=\"wp-block-themeisle-blocks-advanced-columns-c34ebce7\" class=\"wp-block-themeisle-blocks-advanced-columns has-1-columns has-desktop-equal-layout has-tablet-equal-layout has-mobile-collapsedRows-layout has-vertical-flex-start\"><div class=\"wp-block-themeisle-blocks-advanced-columns-overlay\"><\/div><div class=\"innerblocks-wrap\">\n<div id=\"wp-block-themeisle-blocks-advanced-column-9f145a2e\" class=\"wp-block-themeisle-blocks-advanced-column\">\n<h2 class=\"wp-block-heading has-text-align-left has-nv-dark-bg-color has-text-color has-link-color wp-elements-a78d3f8c09011fd320982e149b3cc1e3\">Posters <\/h2>\n\n\n\n<p>Click on the poster title to download the PDF file.<\/p>\n\n\n\n<div class=\"wp-block-columns has-nv-light-bg-background-color has-background is-layout-flex wp-container-core-columns-is-layout-9d6595d7 wp-block-columns-is-layout-flex\">\n<div class=\"wp-block-column is-layout-flow wp-block-column-is-layout-flow\" style=\"flex-basis:33.87%\">\n<p><a href=\"https:\/\/www.congres-mcv.com\/wp-content\/uploads\/2025\/11\/Poster_MCV_de-la-Reta-Pablo_2025.pdf\"><strong>Environmental assessment of a dry screed panel for circular construction based on recycled materials<\/strong> <\/a>- Pablo de la Reta<sup>1<\/sup><a href=\"mailto:pdelareta@uliege.be\"><\/a>, Pierre Bollen<sup>2<\/sup><a href=\"mailto:pierre.bollen@uclouvain.be\"><\/a>, Clara Trupia<sup>2<\/sup><a href=\"mailto:clara.trupia@uclouvain.be\"><\/a>, M\u00e9lanie Horvath<sup>2<\/sup><a href=\"mailto:melanie.horvath@uclouvain.be\"><\/a>, Val\u00e9rie Sciamanna<sup>3<\/sup><a href=\"mailto:valerie.sciamanna@ctp.be\"><\/a>, St\u00e9phane Jacques<sup>3<\/sup><a href=\"mailto:stephane.jacques@ctp.be\"><\/a>,Ang\u00e9lique L\u00e9onard<sup>1<\/sup>&nbsp;1: University of Li\u00e8ge, Belgium; 2: University of Louvain la Neuve, Belgium; 3: Centre de Terre et Pierre, Belgium<\/p>\n<\/div>\n\n\n\n<div class=\"wp-block-column is-layout-flow wp-block-column-is-layout-flow\" style=\"flex-basis:33.87%\">\n<p><strong><a href=\"https:\/\/www.congres-mcv.com\/wp-content\/uploads\/2025\/11\/PosterMCV2025_146_Librere.pdf\">The SSbD approach applied to the SURPASS project: study of a PE-based multilayer film for food packaging applications<\/a><\/strong> - Delphine Tissier<sup>1<\/sup><a href=\"mailto:delphine.tissier@ct-ipc.com\"><\/a>, G\u00e9raldine Cabrera<sup>1<\/sup><a href=\"mailto:geraldine.cabrera@ct-ipc.com\"><\/a>, Sarah Librere<sup>1<\/sup><a href=\"mailto:sarah.librere@ct-ipc.com\"><\/a>, Timoth\u00e9e Harvey<sup>1<\/sup><a href=\"mailto:timothee.harvey@ct-ipc.com\"><\/a>, Irma Mikonsaari<sup>2<\/sup><a href=\"mailto:irma.mikonsaari@ict.fraunhofer.de\"><\/a>, Simon Clavaguera<sup>3<\/sup><a href=\"mailto:simon.clavaguera@cea.fr\"><\/a>, Yvonne Staal<sup>4<\/sup><a href=\"mailto:yvonne.staal@rivm.nl\"><\/a>, Manon Bouwmeester<sup>4<\/sup><a href=\"mailto:manon.bouwmeester@rivm.nl\"><\/a>, Ruben Martinez<sup>5<\/sup><a href=\"mailto:rmartinez@leitat.org\"><\/a>, Jean Breton<sup>6<\/sup><a href=\"mailto:jean.breton@cea.fr\"><\/a>, Thierry Douki<sup>6<\/sup><a href=\"mailto:thierry.douki@cea.fr\"><\/a>, Marion Berenguer<sup>6<\/sup><a href=\"mailto:marion.berenguer@cea.fr\"><\/a>,Justine Gloz<sup>1<\/sup> &nbsp;1: CT IPC; 2: Fraunhofer Institute for Chemical Technology; 3: CEA; 4: RIVM Centre for Health Protection; 5: LEITAT; 6: UGA CEA-Grenoble<\/p>\n<\/div>\n\n\n\n<div class=\"wp-block-column is-layout-flow wp-block-column-is-layout-flow\" style=\"flex-basis:32.27%\">\n<p><a href=\"https:\/\/www.congres-mcv.com\/wp-content\/uploads\/2025\/11\/MCV2025_-_Poster_BDD_-_WeLOOP.pdf\"><strong>Creation of a Life Cycle Inventory (LCI) database for battery recycling processes and recycled materials<\/strong> <\/a>- Emilie Guilvert<a href=\"mailto:e.guilvert@weloop.org\"><\/a>,Noura Rahbani<a href=\"mailto:n.rahbani@weloop.org\"><\/a>,Marie Beccat<a href=\"mailto:m.beccat@weloop.org\"><\/a>,Naeem Adibi<em>,<\/em>&nbsp;WeLOOP, France<\/p>\n<\/div>\n<\/div>\n\n\n\n<div class=\"wp-block-columns has-nv-light-bg-background-color has-background is-layout-flex wp-container-core-columns-is-layout-9d6595d7 wp-block-columns-is-layout-flex\">\n<div class=\"wp-block-column is-layout-flow wp-block-column-is-layout-flow\" style=\"flex-basis:35%\">\n<p><strong><a href=\"https:\/\/www.congres-mcv.com\/wp-content\/uploads\/2025\/11\/Poster_MCV_V3-4.pdf\">Comparative LCA of a functional economy offer: the case of a heat pump<\/a><\/strong> - Claire Fabrer<sup>1,2<\/sup><a href=\"mailto:claire.fabrer@u-bordeaux.fr\"><\/a>, Thecle Alix<sup>1,2<\/sup><a href=\"mailto:thecle.alix@ensam.eu\"><\/a>, Laurent Mora<sup>1,2<\/sup><a href=\"mailto:laurent.mora@u-bordeaux.fr\"><\/a>,Nicolas Perry<sup>1,2,3<\/sup>&nbsp;1: Univ. Bordeaux, CNRS, Bordeaux INP, I2M, UMR ; 2: Arts et Metiers Institute of Technology, CNRS, ; 3: UTOPII - UAR 2049, CNRS, AMU, ENSAM, ENPC, INSA Lyon, Sorbonne Universit\u00e9<\/p>\n<\/div>\n\n\n\n<div class=\"wp-block-column is-layout-flow wp-block-column-is-layout-flow\" style=\"flex-basis:35%\">\n<p><strong><a href=\"https:\/\/www.congres-mcv.com\/wp-content\/uploads\/2025\/11\/6-Score-LCA-ACV-Dynamique-PORTRAIT-300PPI-scaled.jpg\">Dynamic LCA<\/a> <\/strong>- Isabelle DESCOS<sup>1<\/sup>, Josquin VANDEPUTTE<sup>1<\/sup>, Bernard DE CAEVEL<sup>1<\/sup>, Philippe OSSET<sup>2<\/sup>, Marion DEVIENNE<sup>2<\/sup>, 1:RDC Environment, 2:SCORE LCA<\/p>\n<\/div>\n\n\n\n<div class=\"wp-block-column is-layout-flow wp-block-column-is-layout-flow\" style=\"flex-basis:33.33%\">\n<p><a href=\"https:\/\/www.congres-mcv.com\/wp-content\/uploads\/2025\/11\/Poster_MCV_v3_newGHGbreakeven_20251111.pptx\"><strong>Supporting decision-making on prioritizing electrification investment toward municipal utility fleets decarbonization<\/strong> <\/a>- Susie Wu<sup>2<\/sup><a href=\"mailto:wu.ruqun@courrier.uqam.ca\"><\/a>, C\u00e9cile Bulle<sup>2<\/sup><a href=\"mailto:bulle.cecile@uqam.ca\"><\/a>,Anne de Bortoli<sup>1<\/sup>&nbsp;1: CIRAIG, PolyMTL, Canada; 2: CIRAIG, UQAM, Canada<\/p>\n<\/div>\n<\/div>\n\n\n\n<div class=\"wp-block-columns has-nv-light-bg-background-color has-background is-layout-flex wp-container-core-columns-is-layout-9d6595d7 wp-block-columns-is-layout-flex\">\n<div class=\"wp-block-column is-layout-flow wp-block-column-is-layout-flow\" style=\"flex-basis:35%\">\n<p><strong><a href=\"https:\/\/www.congres-mcv.com\/wp-content\/uploads\/2025\/11\/Poster_MCV2025-_176-Muriel_SACCOCCIO.pdf\">Example of an eco-design deployment approach within the French space agency and its eco-system<\/a><\/strong> - Muriel Saccoccio, Centre National d'Etudes Spatiales, France<\/p>\n<\/div>\n\n\n\n<div class=\"wp-block-column is-layout-flow wp-block-column-is-layout-flow\" style=\"flex-basis:35%\">\n<p><strong><a href=\"https:\/\/www.congres-mcv.com\/wp-content\/uploads\/2025\/11\/PosterMCV2025___183___VALAT.pdf.pdf\">LCA of the CNES Time-Frequency laboratory<\/a><\/strong> - David Valat<a href=\"mailto:david.valat@cnes.fr\"><\/a>,Muriel Saccoccio, CNES, France<\/p>\n<\/div>\n\n\n\n<div class=\"wp-block-column is-layout-flow wp-block-column-is-layout-flow\" style=\"flex-basis:33.33%\">\n<p><strong><a href=\"https:\/\/www.congres-mcv.com\/wp-content\/uploads\/2025\/11\/Poster_MCV_2025_Prospective_LCA.pdf\">Prospective LCA as a catalyst for sustainable innovation in the chemical industry<\/a><\/strong> - Romeo Puech<a href=\"mailto:romeo.puech@syensqo.com\"><\/a>, Carla Caldeira<a href=\"mailto:carla.caldeira@syensqo.com\"><\/a>, C\u00e9cile Querleu<a href=\"mailto:cecile.querleu@syensqo.com\"><\/a>, Livia Van Innis, Syensqo, France<\/p>\n<\/div>\n<\/div>\n\n\n\n<div class=\"wp-block-columns has-nv-light-bg-background-color has-background is-layout-flex wp-container-core-columns-is-layout-9d6595d7 wp-block-columns-is-layout-flex\">\n<div class=\"wp-block-column is-layout-flow wp-block-column-is-layout-flow\" style=\"flex-basis:35%\">\n<p><strong><a href=\"https:\/\/www.congres-mcv.com\/wp-content\/uploads\/2025\/11\/Poster_MCV_WE20251022.pdf\">From intuition to strategy: analyzing and structuring Scope 3 challenges<\/a><\/strong> - Widiene Essouid<sup>1<\/sup><a href=\"mailto:widiene.essouid@u-bordeaux.fr\"><\/a><a href=\"https:\/\/orcid.org\/0009-0008-5704-1846\" target=\"_blank\" rel=\"noreferrer noopener\"><\/a>, Hiba Salem<sup>1<\/sup><a href=\"mailto:hibasalem2001@gmail.com\"><\/a>, St\u00e9phane Tr\u00e9bucq<sup>2<\/sup><a href=\"mailto:stephane.trebucq@u-bordeaux.fr\"><\/a>,Philippe Loubet<sup>1<\/sup><a href=\"mailto:philippe.loubet@u-bordeaux.fr\"><\/a>,Guido Sonnemann<sup>1<\/sup>,1: Universit\u00e9 de Bordeaux - Institut des Sciences Mol\u00e9culaires, Cyvi Group; 2: Universit\u00e9 de Bordeaux - IAE, IRGO, France<\/p>\n<\/div>\n\n\n\n<div class=\"wp-block-column is-layout-flow wp-block-column-is-layout-flow\" style=\"flex-basis:35%\">\n<p><strong><a href=\"https:\/\/www.congres-mcv.com\/wp-content\/uploads\/2025\/11\/PosterMCV2025_108_Roux.pdf\">Considering the influence of urban vegetation in neighborhood LCAs<\/a><\/strong> \u2013 <br>Erwan Personne<sup>1<\/sup><a href=\"mailto:erwan.personne@agroparistech.fr\"><\/a><a href=\"https:\/\/orcid.org\/0000-0001-5999-3797\" target=\"_blank\" rel=\"noreferrer noopener\"><\/a>, Patrick Stella<sup>1<\/sup><a href=\"mailto:patrick.stella@agroparistech.fr\"><\/a><a href=\"https:\/\/orcid.org\/0000-0002-1178-4862\" target=\"_blank\" rel=\"noreferrer noopener\"><\/a>, Patrick Schalrbart<sup>2<\/sup><a href=\"mailto:patrick.schalbart@minesparis.psl.eu\"><\/a><a href=\"https:\/\/orcid.org\/0000-0002-3021-9076\" target=\"_blank\" rel=\"noreferrer noopener\"><\/a>,Charlotte Roux<sup>2<\/sup>,1: UMR ECOSYS, INRAE, AgroParisTech, Universit\u00e9 Paris-Saclay ; 2: Mines Paris, PSL Universit\u00e9, Centre Energie Environnement et Proc\u00e9d\u00e9s (CEEP)<\/p>\n<\/div>\n\n\n\n<div class=\"wp-block-column is-layout-flow wp-block-column-is-layout-flow\" style=\"flex-basis:33.33%\">\n<p><strong><a href=\"https:\/\/www.congres-mcv.com\/wp-content\/uploads\/2025\/11\/PosterMCV2025__126_Savignac-Rano-Wonneberger.pdf\">Environmental impact of the production of two propellants for space electric propulsion<\/a><\/strong><br> - Camille Savignac<a href=\"mailto:csavignac@deloitte.fr\"><\/a>, Alice Rano<a href=\"mailto:arano@deloitte.fr\"><\/a>,Natacha Wonneberger<a href=\"mailto:nwonneberger@deloitte.fr\"><\/a>,Romain Tison, Deloitte, France<\/p>\n<\/div>\n<\/div>\n\n\n\n<div class=\"wp-block-columns has-nv-light-bg-background-color has-background is-layout-flex wp-container-core-columns-is-layout-9d6595d7 wp-block-columns-is-layout-flex\">\n<div class=\"wp-block-column is-layout-flow wp-block-column-is-layout-flow\" style=\"flex-basis:35%\">\n<p><strong><a href=\"https:\/\/www.congres-mcv.com\/wp-content\/uploads\/2025\/11\/1147_Basalt_Fibre_FENICE_AK.pdf\">Life Cycle Assessment of Fibre Metal Laminates for Battery Applications Using Basalt Fibre<\/a><\/strong> - Anish Koyamparambath<a href=\"mailto:anish.koyamparambath@u-bordeaux.fr\"><\/a><a href=\"https:\/\/orcid.org\/0000-0003-0839-0552\" target=\"_blank\" rel=\"noreferrer noopener\"><\/a>, A. Kamal Kamali<a href=\"mailto:ahmad-kamal.kamali@u-bordeaux.fr\"><\/a><a href=\"https:\/\/orcid.org\/0009-0004-8636-790X\" target=\"_blank\" rel=\"noreferrer noopener\"><\/a>,Guido Sonnemann<em>, <\/em>&nbsp;University of Bordeaux, CNRS<\/p>\n<\/div>\n\n\n\n<div class=\"wp-block-column is-layout-flow wp-block-column-is-layout-flow\" style=\"flex-basis:35%\">\n<p><a href=\"https:\/\/www.congres-mcv.com\/wp-content\/uploads\/2025\/11\/PosterMCV2025_150_LACHAT.pdf\"><strong>Measuring the circularity of materials: conceptual development and application to road aggregates<\/strong> <\/a>- Ambroise Lachat<sup>1<\/sup><a href=\"mailto:a.lachat@brgm.fr\"><\/a><a href=\"https:\/\/orcid.org\/0000-0002-9069-5728\" target=\"_blank\" rel=\"noreferrer noopener\"><\/a>, Maria Beraldi<sup>2<\/sup><a href=\"mailto:maria.beraldi@vinci.com\"><\/a>, Ivan Drouadaine<sup>2<\/sup><a href=\"mailto:ivan.drouadaine@vinci-construction.com\"><\/a>, Alan Ezaoui<sup>2<\/sup><a href=\"mailto:alan.ezaoui@vinci-construction.com\"><\/a>, Ad\u00e9la\u00efde Feraille<sup>3<\/sup><a href=\"mailto:adelaide.feraille@enpc.fr\"><\/a><a href=\"https:\/\/orcid.org\/0000-0003-4519-0306\" target=\"_blank\" rel=\"noreferrer noopener\"><\/a>, Romain Lafon<sup>2<\/sup><a href=\"mailto:romain.lafon@vinci-construction.com\"><\/a>, Vincent Rellier<sup>2<\/sup><a href=\"mailto:vincent.rellier@vinci-construction.com\"><\/a>, Jessica Souza<sup>2<\/sup><a href=\"mailto:jessica.souza@vinci-construction.com\"><\/a>,Maxime Trocme<sup>2<\/sup><em>, <\/em>\u00a01: BRGM ; 2: Vinci construction; 3: Ecole des Ponts ParisTech<\/p>\n<\/div>\n\n\n\n<div class=\"wp-block-column is-layout-flow wp-block-column-is-layout-flow\" style=\"flex-basis:33.33%\">\n<p><strong><a href=\"https:\/\/www.congres-mcv.com\/wp-content\/uploads\/2025\/11\/PosterMCV2025_149_LACHATBis.pdf\">Towards improved consideration of mining-related land use in LCA<\/a><\/strong> - Ambroise Lachat<a href=\"mailto:a.lachat@brgm.fr\"><\/a><a href=\"https:\/\/orcid.org\/0000-0002-9069-5728\" target=\"_blank\" rel=\"noreferrer noopener\"><\/a>, Antoine Beylot<a href=\"mailto:a.beylot@brgm.fr\"><\/a><a href=\"https:\/\/orcid.org\/0000-0002-3483-4770\" target=\"_blank\" rel=\"noreferrer noopener\"><\/a>, Daniel Monfort-Climent<a href=\"mailto:d.monfortcliment@brgm.fr\"><\/a><a href=\"https:\/\/orcid.org\/0000-0003-2038-4139\" target=\"_blank\" rel=\"noreferrer noopener\"><\/a>,Audrey Philippe, BRGM<br><\/p>\n<\/div>\n<\/div>\n\n\n\n<div class=\"wp-block-columns has-nv-light-bg-background-color has-background is-layout-flex wp-container-core-columns-is-layout-9d6595d7 wp-block-columns-is-layout-flex\">\n<div class=\"wp-block-column is-layout-flow wp-block-column-is-layout-flow\" style=\"flex-basis:34.15%\">\n<p><strong><a href=\"https:\/\/www.congres-mcv.com\/wp-content\/uploads\/2025\/11\/MCVPoster-2025_Quaye_Freda.pptx\">Developing the missing LCA indicators for circularity and landscape as a way to adapt to new demands for the impact assessment modeling of energy systems<\/a><\/strong> - Freda Quaye<sup>1<\/sup> , Emmanuel Mignard, Alph Sagna<sup>2<\/sup><a href=\"mailto:alph.sagna@ensam.eu\"><\/a>, Bertrand Laratte<sup>3<\/sup><a href=\"mailto:Bertrand.Laratte@sbf.ulaval.ca\"><\/a>,Guido Sonnemann<sup>1 <\/sup><a href=\"mailto:guido.sonnemann@u-bordeaux.fr\"><\/a>1: University of Bordeaux, France; 2: Arts et M\u00e9tiers Institute of Technology; 3: Universit\u00e9 Laval<\/p>\n<\/div>\n\n\n\n<div class=\"wp-block-column is-layout-flow wp-block-column-is-layout-flow\" style=\"flex-basis:32.52%\">\n<p><strong><strong><strong><a href=\"https:\/\/www.congres-mcv.com\/wp-content\/uploads\/2025\/11\/PosterMCV2025_162_Alok_Prasad.pdf\">A Critical Review of Life Cycle Sustainability Assessment Applications for Emerging Technologies<\/a><\/strong><\/strong><\/strong> <strong>\u2013<\/strong> Alok Prasad<sup>1<\/sup><a href=\"mailto:alok.alok-prasad@u-bordeaux.fr\"><\/a>,Anish Koyamparambath<sup>1<\/sup><a href=\"mailto:anish.koyamparambath@u-bordeaux.fr\"><\/a>, Andreas Bittner<sup>2<\/sup><a href=\"mailto:andreas.bittner@cellcircle.de\"><\/a>,Guido Sonnemann<sup>1<\/sup><a href=\"mailto:guido.sonnemann@u-bordeaux.fr\"><\/a>, Steven B. Young<sup>3<\/sup> 1: Universit\u00e9 de Bordeaux, France; 2: Cellcircle, W\u00fcrzburg, Germany; 3: University of Waterloo<\/p>\n<\/div>\n\n\n\n<div class=\"wp-block-column is-layout-flow wp-block-column-is-layout-flow\" style=\"flex-basis:33.33%\">\n<p><strong><strong><strong><a href=\"https:\/\/www.congres-mcv.com\/wp-content\/uploads\/2025\/11\/Poster-MCV2025_167_BOSSARD_Hugo.pptx\">Combining the concept of ecosystem services with the Life Cycle Assessment methodology for a more sustainable management of the forest-wood sector: The case of the maritime pine in France<\/a><\/strong><\/strong><\/strong> - Hugo Bossard<sup>1<\/sup><a href=\"mailto:hugo.bossard@u-bordeaux.fr\"><\/a>, Regis Pommier<sup>1<\/sup><a href=\"mailto:regis.pommier@u-bordeaux.fr\"><\/a>,Guido Sonnemann<sup>2<\/sup> 1: I2M, France; 2: ISM, France<\/p>\n<\/div>\n<\/div>\n\n\n\n<div class=\"wp-block-columns has-nv-light-bg-background-color has-background is-layout-flex wp-container-core-columns-is-layout-9d6595d7 wp-block-columns-is-layout-flex\">\n<div class=\"wp-block-column is-layout-flow wp-block-column-is-layout-flow\" style=\"flex-basis:35%\">\n<p><strong><strong><strong><a href=\"https:\/\/www.congres-mcv.com\/wp-content\/uploads\/2025\/11\/PosterMCV2025_223_TANG.pdf\">Socio-environmental hybridization, where's economic dimension beyond the cost?<\/a><\/strong><\/strong><\/strong> - Dingxin Tang<a href=\"mailto:dingxin.tang@u-bordeaux.fr\"><\/a>, Ma\u00efder Saint-Jean<a href=\"mailto:maider.saint-jean@u-bordeaux.fr\"><\/a>,Guido Sonnemann, University of Bordeaux<\/p>\n<\/div>\n\n\n\n<div class=\"wp-block-column is-layout-flow wp-block-column-is-layout-flow\" style=\"flex-basis:35%\">\n<p><strong><strong><a href=\"https:\/\/www.congres-mcv.com\/wp-content\/uploads\/2025\/11\/MCV_pres_Guth_clean_v1.2.pdf\">Dynamic Material Flow Analysis of Steel Mill Dross in Europe to 2050 for Critical Metals Recovery<\/a><\/strong><br><\/strong> - Audrey Philippe<a href=\"mailto:a.philippe@brgm.fr\"><\/a>,Basile Guth<a href=\"mailto:b.guth@brgm.fr\"><\/a>, Daniel Monfort-Climent<a href=\"mailto:d.monfortcliment@brgm.fr\"><\/a>,St\u00e9phanie Muller<a href=\"mailto:s.muller@brgm.fr\"><\/a>, Antoine Beylot<em>, <\/em>&nbsp;BRGM<\/p>\n<\/div>\n\n\n\n<div class=\"wp-block-column is-layout-flow wp-block-column-is-layout-flow\" style=\"flex-basis:33.33%\">\n<p><strong><strong><strong><a href=\"https:\/\/www.congres-mcv.com\/wp-content\/uploads\/2025\/11\/PosterMCV2025_233_MUNDEMBE_Fadzai.pdf\">Beyond Environmental Impact: Coupling Criticality and LCA in Electric Motor Manufacturing<\/a><\/strong><br><\/strong> \u2013<\/strong> Fadzai Simbisai Sylvie Mundembe<sup>1<\/sup> , Antoine Beylot<sup>2 <\/sup>, <a href=\"mailto:A.Beylot@brgm.fr\"><\/a>Stephanie Muller<sup>2<\/sup><a href=\"mailto:S.Muller@brgm.fr\"><\/a>,Anish Koyamparambath<sup>1<\/sup><a href=\"mailto:anish.koyamparambath@u-bordeaux.fr\"><\/a>, Emmanuel Mignard<sup>1<\/sup><a href=\"mailto:emmanuel.mignard@u-bordeaux.fr\"><\/a>,Guido Sonnemann<sup>1 <\/sup>; 1: University of Bordeaux, France; 2: Bureau de recherches g\u00e9ologiques et mini\u00e8res (BRGM), France<\/p>\n<\/div>\n<\/div>\n\n\n\n<div class=\"wp-block-columns has-nv-light-bg-background-color has-background is-layout-flex wp-container-core-columns-is-layout-9d6595d7 wp-block-columns-is-layout-flex\">\n<div class=\"wp-block-column is-layout-flow wp-block-column-is-layout-flow\" style=\"flex-basis:35%\">\n<p><strong><strong><strong><strong><a href=\"https:\/\/www.congres-mcv.com\/wp-content\/uploads\/2025\/11\/PosterMCV2025___192_Ponsen.pdf\">Environmental analysis and circularity: a case study of reused components in the lighting sector<\/a><\/strong><\/strong><\/strong><\/strong> - Camille Ponsen<a href=\"mailto:camille@cooperativemu.com\"><\/a>, L\u00e9a Devic, Coop\u00e9rative Mu<\/p>\n<\/div>\n\n\n\n<div class=\"wp-block-column is-layout-flow wp-block-column-is-layout-flow\" style=\"flex-basis:35%\">\n<p><strong><strong><a href=\"https:\/\/www.congres-mcv.com\/wp-content\/uploads\/2025\/11\/PosterMCV2025_147_GRELON.pdf\">Towards zero-emission options for long-distance heavy-vehicle transport in Europe: an environmental analysis<\/a><\/strong><\/strong> - Gwladys Grelon<a href=\"mailto:gwladys.grelon@u-bordeaux.fr\"><\/a>,Takunda Chitaka<a href=\"mailto:takunda-yeukai.chitaka@u-bordeaux.fr\"><\/a>, Emmanuel Mignard<em>, <\/em>\u00a0Bordeaux University<\/p>\n<\/div>\n\n\n\n<div class=\"wp-block-column is-layout-flow wp-block-column-is-layout-flow\" style=\"flex-basis:33.33%\">\n<p><strong><a href=\"https:\/\/www.congres-mcv.com\/wp-content\/uploads\/2025\/11\/Circularity_Physical-Flows_LCA-structure_MCV2025.pdf\">Critical Analysis of System Resource Efficiency: A Perspective to Measure Circularity using Life Cycle Assessment throughout an Extended Resource Area of Protection<\/a><\/strong> - Louis Freboeuf1<a href=\"mailto:louis.freboeuf@u-bordeaux.fr\"><\/a>,Guido Sonnemann1<a href=\"mailto:guido.sonnemann@u-bordeaux.fr\"><\/a>, Antoine Beylot2 1: University of Bordeaux &amp; Institut des Sciences Mol\u00e9culaires ; 2: Bureau de Recherches G\u00e9ologiques et Mini\u00e8res<\/p>\n<\/div>\n<\/div>\n\n\n\n<div class=\"wp-block-columns has-nv-light-bg-background-color has-background is-layout-flex wp-container-core-columns-is-layout-9d6595d7 wp-block-columns-is-layout-flex\">\n<div class=\"wp-block-column is-layout-flow wp-block-column-is-layout-flow\" style=\"flex-basis:34.15%\">\n<p><strong><strong><strong><a href=\"https:\/\/www.congres-mcv.com\/wp-content\/uploads\/2025\/11\/AV_MCV25_poster_ERP-LCA-IoT.pptx\">Linking Accounting Systems with Dynamic Life Cycle Assessment for Industrial Decarbonisation: Review of Emerging Approaches and Methodological Gaps<\/a><\/strong><\/strong><\/strong> - Anastasiya Valakhanovich<sup>1,2<\/sup><a href=\"mailto:anastasiya.valakhanovich@u-bordeaux.fr\"><\/a>, Stephane Trebucq<sup>2 <\/sup>,<a href=\"mailto:stephane.trebucq@u-bordeaux.fr\"><\/a>&nbsp;Guido Sonnemann<sup>1 <\/sup><a href=\"mailto:guido.sonnemann@u-bordeaux.fr\"><\/a>1: Institute of Molecular Sciences, University of Bordeaux, France; 2: Research Institute for the Management of Organizations, University of Bordeaux<\/p>\n<\/div>\n\n\n\n<div class=\"wp-block-column is-layout-flow wp-block-column-is-layout-flow\" style=\"flex-basis:32.52%\">\n<p><a href=\"https:\/\/www.congres-mcv.com\/wp-content\/uploads\/2025\/11\/PosterMCV2025_119_ARIDI.pdf\"><strong><strong>Natural vs Synthetic Refrigerants in Geothermal Heat Pumps: A Life Cycle Assessment for Sustainable Decision-Making<\/strong><\/strong> <\/a>- Mona Aridi<a href=\"mailto:mona.aridi@etud.univ-angers.fr\"><\/a>, Rima Aridi<a href=\"mailto:rima.aridi@univ-angers.fr\"><\/a>,Marie-Lise Pannier<a href=\"mailto:marie-lise.pannier@univ-angers.fr\"><\/a>, Thierry Lemenand, <a href=\"mailto:thierry.lemenand@univ-angers.fr\"><\/a>Univ Angers<\/p>\n<\/div>\n\n\n\n<div class=\"wp-block-column is-layout-flow wp-block-column-is-layout-flow\" style=\"flex-basis:33.33%\">\n<p><strong><a href=\"https:\/\/www.congres-mcv.com\/wp-content\/uploads\/2025\/11\/poster-MCV-2025-Ulysse_POINTUD.pdf\">Ecotoxic impact of French mines: what are the most relevant LCA methods and tools?<\/a><\/strong> - Ulysse Pointud<em>,<\/em>&nbsp;CyVi Group<\/p>\n<\/div>\n<\/div>\n\n\n\n<div class=\"wp-block-columns has-nv-light-bg-background-color has-background is-layout-flex wp-container-core-columns-is-layout-9d6595d7 wp-block-columns-is-layout-flex\">\n<div class=\"wp-block-column is-layout-flow wp-block-column-is-layout-flow\" style=\"flex-basis:33.34%\">\n<p><strong><a href=\"https:\/\/www.congres-mcv.com\/wp-content\/uploads\/2025\/11\/MCV_poster_ID.pptx\">Towards the decarbonization of materials chemistry: environmental assessment of biobased polymers for organic photovoltaic cells<\/a><\/strong> - Iheb Driouech<a href=\"mailto:iheb.driouech@u-bordeaux.fr\"><\/a>,Philippe Loubet<em>, <\/em>&nbsp;Bordeaux University<\/p>\n<\/div>\n\n\n\n<div class=\"wp-block-column is-layout-flow wp-block-column-is-layout-flow\" style=\"flex-basis:33.34%\">\n<p><a href=\"https:\/\/www.congres-mcv.com\/wp-content\/uploads\/2025\/11\/PosterMCV2025_132_Jacquet-Lassus_Berthault.pdf\"><strong>Simplified LCA method for mechanical engineering products<\/strong> <\/a>-Claire Jacquet-Lassus<a href=\"mailto:claire.jacquet-lassus@cetim.fr\"><\/a>,Morgane Berthault, CETIM, France<br><\/p>\n<\/div>\n\n\n\n<div class=\"wp-block-column is-layout-flow wp-block-column-is-layout-flow\" style=\"flex-basis:33.33%\">\n<p><strong><a href=\"https:\/\/www.congres-mcv.com\/wp-content\/uploads\/2025\/11\/groslambert_MCV_2025-112_v2.pdf\">Lifecycle analysis of products outside the fields commonly represented in generalist databases<\/a><\/strong> - Sylvie Groslambert, <a href=\"mailto:s.groslambert@uliege.be\"><\/a>Ang\u00e9lique L\u00e9onard, University of Li\u00e8de<a href=\"mailto:a.leonard@uliege.be\"><\/a><\/p>\n<\/div>\n<\/div>\n\n\n\n<div class=\"wp-block-columns has-nv-light-bg-background-color has-background is-layout-flex wp-container-core-columns-is-layout-9d6595d7 wp-block-columns-is-layout-flex\">\n<div class=\"wp-block-column is-layout-flow wp-block-column-is-layout-flow\" style=\"flex-basis:33.34%\">\n<p><strong><strong><a href=\"https:\/\/www.congres-mcv.com\/wp-content\/uploads\/2025\/11\/Poster_MCV_2025__-_pollution_plastiques_sols_agri_BG_-_final_VECTO_corrige.pdf\" target=\"_blank\" rel=\"noreferrer noopener\">Plastic pollution in agricultural soils in LCA: towards a methodological framework for assessment<\/a><\/strong><\/strong> - Robin Sales<a href=\"mailto:r.sales@evea-conseil.com\"><\/a>, Ines Boquillon<a href=\"mailto:i.boquillon@evea-conseil.com\"><\/a>,Aur\u00e9lie Perrin, <a href=\"mailto:a.perrin@evea-conseil.com\"><\/a>EVEA<\/p>\n<\/div>\n\n\n\n<div class=\"wp-block-column is-layout-flow wp-block-column-is-layout-flow\" style=\"flex-basis:33.34%\">\n<p><strong><a href=\"https:\/\/www.congres-mcv.com\/wp-content\/uploads\/2025\/11\/PosterMCV2025_157_Desrousseaux.pdf\">A workflow for integrating JRC framework assessment steps when developing safe, sustainable and recyclable by design plastics<\/a><\/strong> - Stephanie Desrousseaux<sup>1 <\/sup><a href=\"mailto:stephanie.desrousseaux@cea.fr\"><\/a>Jos\u00e9phine Steck<sup>1<\/sup><a href=\"mailto:josephine.steck@cea.fr\"><\/a>, Lya G. Soeteman-Hern\u00e1ndez<sup>2<\/sup><a href=\"mailto:lya.hernandez@rivm.nl\"><\/a>, Yvonne Staal<sup>2,<\/sup> <a href=\"mailto:yvonne.staal@rivm.nl\"><\/a> Camilla Delpivo<sup>3<\/sup><a href=\"mailto:cdelpivo@leitat.org\"><\/a>, Virginia Cazzagon<sup>3<\/sup><a href=\"mailto:vcazzagon@leitat.org\"><\/a>, Daniel Ganszky<sup>4<\/sup><a href=\"mailto:daniel.ganszky@emg.group\"><\/a>, Simon Clavaguera<sup>1<\/sup><a href=\"mailto:simon.clavaguera@cea.fr\"><\/a>, S\u00e9batien Artous<sup>1,<\/sup> <a href=\"mailto:sebastien.artous@cea.fr\"><\/a>1: Univ. Grenoble Alpes CEA LITEN; 2: National Institute of Public Health and the Environment (RIVM); 3: LEITAT Technological Center; 4: Geonardo Environmental Technologies Ltd.<br><\/p>\n<\/div>\n\n\n\n<div class=\"wp-block-column is-layout-flow wp-block-column-is-layout-flow\" style=\"flex-basis:33.33%\">\n<p><strong>What is sustainable product portfolio management? An illustrated literature review<\/strong>. - Stephane Morel<sup>1,2<\/sup><a href=\"mailto:smorel@escp.eu\"><\/a>, Fenja Erpel<sup>1<\/sup> ; 1: Escp business school, France; 2: i4pat, France<br><\/p>\n<\/div>\n<\/div>\n\n\n\n<div class=\"wp-block-columns is-layout-flex wp-container-core-columns-is-layout-9d6595d7 wp-block-columns-is-layout-flex\">\n<div class=\"wp-block-column is-layout-flow wp-block-column-is-layout-flow\"><\/div>\n<\/div>\n<\/div>\n<\/div><\/section>\n<\/div>\n<\/div><\/section>\n\n\n\n<p><\/p>","protected":false},"excerpt":{"rendered":"","protected":false},"author":2,"featured_media":0,"parent":0,"menu_order":0,"comment_status":"closed","ping_status":"closed","template":"page-templates\/template-pagebuilder-full-width.php","meta":{"neve_meta_sidebar":"full-width","neve_meta_container":"","neve_meta_enable_content_width":"on","neve_meta_content_width":100,"neve_meta_title_alignment":"","neve_meta_author_avatar":"","neve_post_elements_order":"","neve_meta_disable_header":"","neve_meta_disable_footer":"","neve_meta_disable_title":"","_themeisle_gutenberg_block_has_review":false,"_ti_tpc_template_sync":false,"_ti_tpc_template_id":"ozf1nsfjik6x6nkhh6kn","footnotes":""},"class_list":["post-2403","page","type-page","status-publish","hentry"],"yoast_head":"<!-- This site is optimized with the Yoast SEO plugin v27.5 - https:\/\/yoast.com\/product\/yoast-seo-wordpress\/ -->\n<title>Posters 2025 | Congr\u00e8s MCV<\/title>\n<meta name=\"robots\" content=\"index, follow, max-snippet:-1, max-image-preview:large, max-video-preview:-1\" \/>\n<link rel=\"canonical\" href=\"https:\/\/www.congres-mcv.com\/en\/posters-2\/\" \/>\n<meta property=\"og:locale\" content=\"en_US\" \/>\n<meta property=\"og:type\" content=\"article\" \/>\n<meta property=\"og:title\" content=\"Posters 2025 | Congr\u00e8s MCV\" \/>\n<meta property=\"og:url\" content=\"https:\/\/www.congres-mcv.com\/en\/posters-2\/\" \/>\n<meta property=\"og:site_name\" content=\"Congr\u00e8s MCV\" \/>\n<meta property=\"article:modified_time\" content=\"2025-12-01T08:50:49+00:00\" \/>\n<meta property=\"og:image\" content=\"https:\/\/www.congres-mcv.com\/wp-content\/uploads\/2025\/11\/Logo-MCV-2026.png\" \/>\n\t<meta property=\"og:image:width\" content=\"842\" \/>\n\t<meta property=\"og:image:height\" content=\"595\" \/>\n\t<meta property=\"og:image:type\" content=\"image\/png\" \/>\n<meta name=\"twitter:card\" content=\"summary_large_image\" \/>\n<script type=\"application\/ld+json\" class=\"yoast-schema-graph\">{\"@context\":\"https:\\\/\\\/schema.org\",\"@graph\":[{\"@type\":\"WebPage\",\"@id\":\"https:\\\/\\\/www.congres-mcv.com\\\/posters-2025\\\/\",\"url\":\"https:\\\/\\\/www.congres-mcv.com\\\/posters-2025\\\/\",\"name\":\"Posters 2025 | Congr\u00e8s MCV\",\"isPartOf\":{\"@id\":\"https:\\\/\\\/www.congres-mcv.com\\\/#website\"},\"datePublished\":\"2025-12-01T08:50:47+00:00\",\"dateModified\":\"2025-12-01T08:50:49+00:00\",\"breadcrumb\":{\"@id\":\"https:\\\/\\\/www.congres-mcv.com\\\/posters-2025\\\/#breadcrumb\"},\"inLanguage\":\"en-US\",\"potentialAction\":[{\"@type\":\"ReadAction\",\"target\":[\"https:\\\/\\\/www.congres-mcv.com\\\/posters-2025\\\/\"]}]},{\"@type\":\"BreadcrumbList\",\"@id\":\"https:\\\/\\\/www.congres-mcv.com\\\/posters-2025\\\/#breadcrumb\",\"itemListElement\":[{\"@type\":\"ListItem\",\"position\":1,\"name\":\"Accueil\",\"item\":\"https:\\\/\\\/www.congres-mcv.com\\\/\"},{\"@type\":\"ListItem\",\"position\":2,\"name\":\"Posters 2025\"}]},{\"@type\":\"WebSite\",\"@id\":\"https:\\\/\\\/www.congres-mcv.com\\\/#website\",\"url\":\"https:\\\/\\\/www.congres-mcv.com\\\/\",\"name\":\"MCV 2026\",\"description\":\"Congr\u00e8s MCV - Management du Cycle de Vie\",\"publisher\":{\"@id\":\"https:\\\/\\\/www.congres-mcv.com\\\/#organization\"},\"alternateName\":\"MCV 2026\",\"potentialAction\":[{\"@type\":\"SearchAction\",\"target\":{\"@type\":\"EntryPoint\",\"urlTemplate\":\"https:\\\/\\\/www.congres-mcv.com\\\/?s={search_term_string}\"},\"query-input\":{\"@type\":\"PropertyValueSpecification\",\"valueRequired\":true,\"valueName\":\"search_term_string\"}}],\"inLanguage\":\"en-US\"},{\"@type\":\"Organization\",\"@id\":\"https:\\\/\\\/www.congres-mcv.com\\\/#organization\",\"name\":\"MCV 2026\",\"url\":\"https:\\\/\\\/www.congres-mcv.com\\\/\",\"logo\":{\"@type\":\"ImageObject\",\"inLanguage\":\"en-US\",\"@id\":\"https:\\\/\\\/www.congres-mcv.com\\\/#\\\/schema\\\/logo\\\/image\\\/\",\"url\":\"https:\\\/\\\/www.congres-mcv.com\\\/wp-content\\\/uploads\\\/2025\\\/11\\\/Logo-MCV-2026.png\",\"contentUrl\":\"https:\\\/\\\/www.congres-mcv.com\\\/wp-content\\\/uploads\\\/2025\\\/11\\\/Logo-MCV-2026.png\",\"width\":842,\"height\":595,\"caption\":\"MCV 2026\"},\"image\":{\"@id\":\"https:\\\/\\\/www.congres-mcv.com\\\/#\\\/schema\\\/logo\\\/image\\\/\"},\"sameAs\":[\"https:\\\/\\\/www.linkedin.com\\\/company\\\/mcv-conference\\\/\"]}]}<\/script>\n<!-- \/ Yoast SEO plugin. -->","yoast_head_json":{"title":"Posters 2025 | MCV Congress","robots":{"index":"index","follow":"follow","max-snippet":"max-snippet:-1","max-image-preview":"max-image-preview:large","max-video-preview":"max-video-preview:-1"},"canonical":"https:\/\/www.congres-mcv.com\/en\/posters-2\/","og_locale":"en_US","og_type":"article","og_title":"Posters 2025 | Congr\u00e8s MCV","og_url":"https:\/\/www.congres-mcv.com\/en\/posters-2\/","og_site_name":"Congr\u00e8s MCV","article_modified_time":"2025-12-01T08:50:49+00:00","og_image":[{"width":842,"height":595,"url":"https:\/\/www.congres-mcv.com\/wp-content\/uploads\/2025\/11\/Logo-MCV-2026.png","type":"image\/png"}],"twitter_card":"summary_large_image","schema":{"@context":"https:\/\/schema.org","@graph":[{"@type":"WebPage","@id":"https:\/\/www.congres-mcv.com\/posters-2025\/","url":"https:\/\/www.congres-mcv.com\/posters-2025\/","name":"Posters 2025 | MCV Congress","isPartOf":{"@id":"https:\/\/www.congres-mcv.com\/#website"},"datePublished":"2025-12-01T08:50:47+00:00","dateModified":"2025-12-01T08:50:49+00:00","breadcrumb":{"@id":"https:\/\/www.congres-mcv.com\/posters-2025\/#breadcrumb"},"inLanguage":"en-US","potentialAction":[{"@type":"ReadAction","target":["https:\/\/www.congres-mcv.com\/posters-2025\/"]}]},{"@type":"BreadcrumbList","@id":"https:\/\/www.congres-mcv.com\/posters-2025\/#breadcrumb","itemListElement":[{"@type":"ListItem","position":1,"name":"Accueil","item":"https:\/\/www.congres-mcv.com\/"},{"@type":"ListItem","position":2,"name":"Posters 2025"}]},{"@type":"WebSite","@id":"https:\/\/www.congres-mcv.com\/#website","url":"https:\/\/www.congres-mcv.com\/","name":"MCV 2026","description":"MCV Congress - Lifecycle Management","publisher":{"@id":"https:\/\/www.congres-mcv.com\/#organization"},"alternateName":"MCV 2026","potentialAction":[{"@type":"SearchAction","target":{"@type":"EntryPoint","urlTemplate":"https:\/\/www.congres-mcv.com\/?s={search_term_string}"},"query-input":{"@type":"PropertyValueSpecification","valueRequired":true,"valueName":"search_term_string"}}],"inLanguage":"en-US"},{"@type":"Organization","@id":"https:\/\/www.congres-mcv.com\/#organization","name":"MCV 2026","url":"https:\/\/www.congres-mcv.com\/","logo":{"@type":"ImageObject","inLanguage":"en-US","@id":"https:\/\/www.congres-mcv.com\/#\/schema\/logo\/image\/","url":"https:\/\/www.congres-mcv.com\/wp-content\/uploads\/2025\/11\/Logo-MCV-2026.png","contentUrl":"https:\/\/www.congres-mcv.com\/wp-content\/uploads\/2025\/11\/Logo-MCV-2026.png","width":842,"height":595,"caption":"MCV 2026"},"image":{"@id":"https:\/\/www.congres-mcv.com\/#\/schema\/logo\/image\/"},"sameAs":["https:\/\/www.linkedin.com\/company\/mcv-conference\/"]}]}},"_links":{"self":[{"href":"https:\/\/www.congres-mcv.com\/en\/wp-json\/wp\/v2\/pages\/2403","targetHints":{"allow":["GET"]}}],"collection":[{"href":"https:\/\/www.congres-mcv.com\/en\/wp-json\/wp\/v2\/pages"}],"about":[{"href":"https:\/\/www.congres-mcv.com\/en\/wp-json\/wp\/v2\/types\/page"}],"author":[{"embeddable":true,"href":"https:\/\/www.congres-mcv.com\/en\/wp-json\/wp\/v2\/users\/2"}],"replies":[{"embeddable":true,"href":"https:\/\/www.congres-mcv.com\/en\/wp-json\/wp\/v2\/comments?post=2403"}],"version-history":[{"count":7,"href":"https:\/\/www.congres-mcv.com\/en\/wp-json\/wp\/v2\/pages\/2403\/revisions"}],"predecessor-version":[{"id":2449,"href":"https:\/\/www.congres-mcv.com\/en\/wp-json\/wp\/v2\/pages\/2403\/revisions\/2449"}],"wp:attachment":[{"href":"https:\/\/www.congres-mcv.com\/en\/wp-json\/wp\/v2\/media?parent=2403"}],"curies":[{"name":"wp","href":"https:\/\/api.w.org\/{rel}","templated":true}]}}